{"id":81,"date":"2024-03-09T13:04:42","date_gmt":"2024-03-09T13:04:42","guid":{"rendered":"https:\/\/interesting-euclid.95-216-9-226.plesk.page\/?page_id=81"},"modified":"2024-03-10T12:38:48","modified_gmt":"2024-03-10T12:38:48","slug":"ueber-glasvitrinen","status":"publish","type":"page","link":"https:\/\/vitrinen-hesemann.de\/index.php\/ueber-glasvitrinen\/","title":{"rendered":"\u00dcber Glasvitrinen"},"content":{"rendered":"\t\t<div data-elementor-type=\"wp-page\" data-elementor-id=\"81\" class=\"elementor elementor-81\">\n\t\t\t\t<div class=\"elementor-element elementor-element-67fd0be9 e-flex e-con-boxed wpr-particle-no wpr-jarallax-no wpr-parallax-no wpr-sticky-section-no wpr-equal-height-no e-con e-parent\" data-id=\"67fd0be9\" data-element_type=\"container\" data-e-type=\"container\">\n\t\t\t\t\t<div class=\"e-con-inner\">\n\t\t<div class=\"elementor-element elementor-element-70cf32ae e-con-full e-flex wpr-particle-no wpr-jarallax-no wpr-parallax-no wpr-sticky-section-no wpr-equal-height-no e-con e-child\" data-id=\"70cf32ae\" data-element_type=\"container\" data-e-type=\"container\">\n\t\t\t\t<div class=\"elementor-element elementor-element-2c1cb0da elementor-widget elementor-widget-image\" data-id=\"2c1cb0da\" data-element_type=\"widget\" data-e-type=\"widget\" data-widget_type=\"image.default\">\n\t\t\t\t<div class=\"elementor-widget-container\">\n\t\t\t\t\t\t\t\t\t\t\t\t\t\t\t<img fetchpriority=\"high\" decoding=\"async\" width=\"435\" height=\"185\" src=\"https:\/\/vitrinen-hesemann.de\/wp-content\/uploads\/2024\/03\/hesemann-vitrinen-schwarz.png\" class=\"attachment-large size-large wp-image-280\" alt=\"\" srcset=\"https:\/\/vitrinen-hesemann.de\/wp-content\/uploads\/2024\/03\/hesemann-vitrinen-schwarz.png 435w, https:\/\/vitrinen-hesemann.de\/wp-content\/uploads\/2024\/03\/hesemann-vitrinen-schwarz-300x128.png 300w\" sizes=\"(max-width: 435px) 100vw, 435px\" \/>\t\t\t\t\t\t\t\t\t\t\t\t\t\t\t<\/div>\n\t\t\t\t<\/div>\n\t\t\t\t<div class=\"elementor-element elementor-element-4b063e5a wpr-pointer-none wpr-sub-menu-fx-slide wpr-sub-icon-chevron-down wpr-mobile-toggle-v2 wpr-main-menu-align-center wpr-main-menu-align--tabletcenter wpr-main-menu-align--mobileleft wpr-nav-menu-bp-mobile wpr-mobile-menu-full-width wpr-mobile-menu-item-align-center wpr-mobile-divider-yes elementor-widget elementor-widget-wpr-nav-menu\" data-id=\"4b063e5a\" data-element_type=\"widget\" data-e-type=\"widget\" data-settings=\"{&quot;menu_layout&quot;:&quot;horizontal&quot;}\" data-widget_type=\"wpr-nav-menu.default\">\n\t\t\t\t<div class=\"elementor-widget-container\">\n\t\t\t\t\t<nav class=\"wpr-nav-menu-container wpr-nav-menu-horizontal\" data-trigger=\"hover\" data-consider-header=\"\" data-scroll-speed=\"500\"><ul id=\"menu-1-4b063e5a\" class=\"wpr-nav-menu\"><li class=\"menu-item menu-item-type-post_type menu-item-object-page menu-item-home menu-item-122\"><a href=\"https:\/\/vitrinen-hesemann.de\/\" class=\"wpr-menu-item wpr-pointer-item\">Home<\/a><\/li>\n<li class=\"menu-item menu-item-type-custom menu-item-object-custom menu-item-796\"><a href=\"http:\/\/shop.hesemann.eu\" class=\"wpr-menu-item wpr-pointer-item\">Shop &#038; Mehr Infos<\/a><\/li>\n<li class=\"menu-item menu-item-type-post_type menu-item-object-page menu-item-795\"><a href=\"https:\/\/vitrinen-hesemann.de\/index.php\/referenzen\/\" class=\"wpr-menu-item wpr-pointer-item\">Referenzen<\/a><\/li>\n<li class=\"menu-item menu-item-type-custom menu-item-object-custom menu-item-872\"><a href=\"https:\/\/vitrinen-hesemann.de\/wp-content\/uploads\/2025\/05\/vitrinen_flyerA4_10_2023.pdf\" class=\"wpr-menu-item wpr-pointer-item\">Flyer<\/a><\/li>\n<li class=\"menu-item menu-item-type-post_type menu-item-object-page menu-item-has-children menu-item-157\"><a aria-haspopup=\"true\" aria-expanded=\"false\" href=\"https:\/\/vitrinen-hesemann.de\/index.php\/impressum\/\" class=\"wpr-menu-item wpr-pointer-item\">Impressum \/ Kontakt<i class=\"wpr-sub-icon fas\" aria-hidden=\"true\"><\/i><\/a>\n<ul class=\"sub-menu wpr-sub-menu\">\n\t<li class=\"menu-item menu-item-type-post_type menu-item-object-page menu-item-161\"><a href=\"https:\/\/vitrinen-hesemann.de\/index.php\/impressum\/\" class=\"wpr-sub-menu-item\">Impressum<\/a><\/li>\n\t<li class=\"menu-item menu-item-type-post_type menu-item-object-page menu-item-160\"><a href=\"https:\/\/vitrinen-hesemann.de\/index.php\/impressum\/kontaktformular\/\" class=\"wpr-sub-menu-item\">Kontaktformular<\/a><\/li>\n\t<li class=\"menu-item menu-item-type-post_type menu-item-object-page menu-item-159\"><a href=\"https:\/\/vitrinen-hesemann.de\/index.php\/impressum\/datenschutz\/\" class=\"wpr-sub-menu-item\">Datenschutz<\/a><\/li>\n\t<li class=\"menu-item menu-item-type-post_type menu-item-object-page menu-item-158\"><a href=\"https:\/\/vitrinen-hesemann.de\/index.php\/impressum\/agb\/\" class=\"wpr-sub-menu-item\">AGB<\/a><\/li>\n<\/ul>\n<\/li>\n<\/ul><\/nav><nav class=\"wpr-mobile-nav-menu-container\"><div class=\"wpr-mobile-toggle-wrap\"><div class=\"wpr-mobile-toggle\"><span class=\"wpr-mobile-toggle-line\"><\/span><span class=\"wpr-mobile-toggle-line\"><\/span><span class=\"wpr-mobile-toggle-line\"><\/span><\/div><\/div><ul id=\"mobile-menu-2-4b063e5a\" class=\"wpr-mobile-nav-menu\"><li class=\"menu-item menu-item-type-post_type menu-item-object-page menu-item-home menu-item-122\"><a href=\"https:\/\/vitrinen-hesemann.de\/\" class=\"wpr-mobile-menu-item\">Home<\/a><\/li>\n<li class=\"menu-item menu-item-type-custom menu-item-object-custom menu-item-796\"><a href=\"http:\/\/shop.hesemann.eu\" class=\"wpr-mobile-menu-item\">Shop &#038; Mehr Infos<\/a><\/li>\n<li class=\"menu-item menu-item-type-post_type menu-item-object-page menu-item-795\"><a href=\"https:\/\/vitrinen-hesemann.de\/index.php\/referenzen\/\" class=\"wpr-mobile-menu-item\">Referenzen<\/a><\/li>\n<li class=\"menu-item menu-item-type-custom menu-item-object-custom menu-item-872\"><a href=\"https:\/\/vitrinen-hesemann.de\/wp-content\/uploads\/2025\/05\/vitrinen_flyerA4_10_2023.pdf\" class=\"wpr-mobile-menu-item\">Flyer<\/a><\/li>\n<li class=\"menu-item menu-item-type-post_type menu-item-object-page menu-item-has-children menu-item-157\"><a href=\"https:\/\/vitrinen-hesemann.de\/index.php\/impressum\/\" class=\"wpr-mobile-menu-item\">Impressum \/ Kontakt<\/a>\n<ul class=\"sub-menu wpr-sub-menu\">\n\t<li class=\"menu-item menu-item-type-post_type menu-item-object-page menu-item-161\"><a href=\"https:\/\/vitrinen-hesemann.de\/index.php\/impressum\/\" class=\"wpr-mobile-sub-menu-item\">Impressum<\/a><\/li>\n\t<li class=\"menu-item menu-item-type-post_type menu-item-object-page menu-item-160\"><a href=\"https:\/\/vitrinen-hesemann.de\/index.php\/impressum\/kontaktformular\/\" class=\"wpr-mobile-sub-menu-item\">Kontaktformular<\/a><\/li>\n\t<li class=\"menu-item menu-item-type-post_type menu-item-object-page menu-item-159\"><a href=\"https:\/\/vitrinen-hesemann.de\/index.php\/impressum\/datenschutz\/\" class=\"wpr-mobile-sub-menu-item\">Datenschutz<\/a><\/li>\n\t<li class=\"menu-item menu-item-type-post_type menu-item-object-page menu-item-158\"><a href=\"https:\/\/vitrinen-hesemann.de\/index.php\/impressum\/agb\/\" class=\"wpr-mobile-sub-menu-item\">AGB<\/a><\/li>\n<\/ul>\n<\/li>\n<\/ul><\/nav>\t\t\t\t<\/div>\n\t\t\t\t<\/div>\n\t\t\t\t<\/div>\n\t\t\t\t\t<\/div>\n\t\t\t\t<\/div>\n\t\t<div class=\"elementor-element elementor-element-c570c0f e-flex e-con-boxed wpr-particle-no wpr-jarallax-no wpr-parallax-no wpr-sticky-section-no wpr-equal-height-no e-con e-parent\" data-id=\"c570c0f\" data-element_type=\"container\" data-e-type=\"container\">\n\t\t\t\t\t<div class=\"e-con-inner\">\n\t\t\t\t<div class=\"elementor-element elementor-element-b9b64cb elementor-widget elementor-widget-heading\" data-id=\"b9b64cb\" data-element_type=\"widget\" data-e-type=\"widget\" data-widget_type=\"heading.default\">\n\t\t\t\t<div class=\"elementor-widget-container\">\n\t\t\t\t\t<h2 class=\"elementor-heading-title elementor-size-default\">Vitrinen aus Glas...<\/h2>\t\t\t\t<\/div>\n\t\t\t\t<\/div>\n\t\t\t\t\t<\/div>\n\t\t\t\t<\/div>\n\t\t<div class=\"elementor-element elementor-element-1016afa e-con-full e-flex wpr-particle-no wpr-jarallax-no wpr-parallax-no wpr-sticky-section-no wpr-equal-height-no e-con e-parent\" data-id=\"1016afa\" data-element_type=\"container\" data-e-type=\"container\">\n\t\t\t\t<div class=\"elementor-element elementor-element-b86a831 elementor-widget elementor-widget-image\" data-id=\"b86a831\" data-element_type=\"widget\" data-e-type=\"widget\" data-widget_type=\"image.default\">\n\t\t\t\t<div class=\"elementor-widget-container\">\n\t\t\t\t\t\t\t\t\t\t\t\t\t\t\t<img decoding=\"async\" width=\"1024\" height=\"384\" src=\"https:\/\/vitrinen-hesemann.de\/wp-content\/uploads\/2024\/03\/slider-glasvitrine-1024x384.jpg\" class=\"attachment-large size-large wp-image-561\" alt=\"\" srcset=\"https:\/\/vitrinen-hesemann.de\/wp-content\/uploads\/2024\/03\/slider-glasvitrine-1024x384.jpg 1024w, https:\/\/vitrinen-hesemann.de\/wp-content\/uploads\/2024\/03\/slider-glasvitrine-300x113.jpg 300w, https:\/\/vitrinen-hesemann.de\/wp-content\/uploads\/2024\/03\/slider-glasvitrine-768x288.jpg 768w, https:\/\/vitrinen-hesemann.de\/wp-content\/uploads\/2024\/03\/slider-glasvitrine-1536x576.jpg 1536w, https:\/\/vitrinen-hesemann.de\/wp-content\/uploads\/2024\/03\/slider-glasvitrine.jpg 1600w\" sizes=\"(max-width: 1024px) 100vw, 1024px\" \/>\t\t\t\t\t\t\t\t\t\t\t\t\t\t\t<\/div>\n\t\t\t\t<\/div>\n\t\t\t\t<\/div>\n\t\t<div class=\"elementor-element elementor-element-ddd68ff e-flex e-con-boxed wpr-particle-no wpr-jarallax-no wpr-parallax-no wpr-sticky-section-no wpr-equal-height-no e-con e-parent\" data-id=\"ddd68ff\" data-element_type=\"container\" data-e-type=\"container\">\n\t\t\t\t\t<div class=\"e-con-inner\">\n\t\t\t\t<div class=\"elementor-element elementor-element-b9f44c8 elementor-widget elementor-widget-spacer\" data-id=\"b9f44c8\" data-element_type=\"widget\" data-e-type=\"widget\" data-widget_type=\"spacer.default\">\n\t\t\t\t<div class=\"elementor-widget-container\">\n\t\t\t\t\t\t\t<div class=\"elementor-spacer\">\n\t\t\t<div class=\"elementor-spacer-inner\"><\/div>\n\t\t<\/div>\n\t\t\t\t\t\t<\/div>\n\t\t\t\t<\/div>\n\t\t\t\t\t<\/div>\n\t\t\t\t<\/div>\n\t\t<div class=\"elementor-element elementor-element-59861ba e-flex e-con-boxed wpr-particle-no wpr-jarallax-no wpr-parallax-no wpr-sticky-section-no wpr-equal-height-no e-con e-parent\" data-id=\"59861ba\" data-element_type=\"container\" data-e-type=\"container\">\n\t\t\t\t\t<div class=\"e-con-inner\">\n\t\t<div class=\"elementor-element elementor-element-c4ffef9 e-flex e-con-boxed wpr-particle-no wpr-jarallax-no wpr-parallax-no wpr-sticky-section-no wpr-equal-height-no e-con e-child\" data-id=\"c4ffef9\" data-element_type=\"container\" data-e-type=\"container\">\n\t\t\t\t\t<div class=\"e-con-inner\">\n\t\t\t\t<div class=\"elementor-element elementor-element-211c1db elementor-widget elementor-widget-image\" data-id=\"211c1db\" data-element_type=\"widget\" data-e-type=\"widget\" data-widget_type=\"image.default\">\n\t\t\t\t<div class=\"elementor-widget-container\">\n\t\t\t\t\t\t\t\t\t\t\t\t\t\t\t<img decoding=\"async\" width=\"891\" height=\"481\" src=\"https:\/\/vitrinen-hesemann.de\/wp-content\/uploads\/2024\/03\/Bild_2024-03-10_125154037.png\" class=\"attachment-large size-large wp-image-565\" alt=\"\" srcset=\"https:\/\/vitrinen-hesemann.de\/wp-content\/uploads\/2024\/03\/Bild_2024-03-10_125154037.png 891w, https:\/\/vitrinen-hesemann.de\/wp-content\/uploads\/2024\/03\/Bild_2024-03-10_125154037-300x162.png 300w, https:\/\/vitrinen-hesemann.de\/wp-content\/uploads\/2024\/03\/Bild_2024-03-10_125154037-768x415.png 768w\" sizes=\"(max-width: 891px) 100vw, 891px\" \/>\t\t\t\t\t\t\t\t\t\t\t\t\t\t\t<\/div>\n\t\t\t\t<\/div>\n\t\t<div class=\"elementor-element elementor-element-80537b8 e-flex e-con-boxed wpr-particle-no wpr-jarallax-no wpr-parallax-no wpr-sticky-section-no wpr-equal-height-no e-con e-child\" data-id=\"80537b8\" data-element_type=\"container\" data-e-type=\"container\">\n\t\t\t\t\t<div class=\"e-con-inner\">\n\t\t\t\t<div class=\"elementor-element elementor-element-b408e8e elementor-widget elementor-widget-text-editor\" data-id=\"b408e8e\" data-element_type=\"widget\" data-e-type=\"widget\" data-widget_type=\"text-editor.default\">\n\t\t\t\t<div class=\"elementor-widget-container\">\n\t\t\t\t\t\t\t\t\t<div><div><strong><i><span class=\"fs20lh1-5 ff1\">Vitrinen sind die optimale L\u00f6sung&#8230;<\/span><\/i><\/strong><\/div><\/div><div><span class=\"fs16lh1-5 ff1\"><i>&#8230;wenn es darum geht, hochwertige und wertvolle Exponate auf ansprechende Art zu pr\u00e4sentieren. Glasvitrinen verleihen R\u00e4umen einen besonderen Flair.<br \/><\/i><\/span><i class=\"fs12lh1-5\"><span class=\"fs16lh1-5 ff1\">Die Flexibilit\u00e4t der Formgebung und der m\u00f6glichen Farb- und Materialkombination bietet einen gro\u00dfen Spielraum bei der Raumgestaltung. Effektvolle Beleuchtungsvarianten setzen die ausgestellten Produkte ins perfekte Licht.<\/span><\/i><\/div>\t\t\t\t\t\t\t\t<\/div>\n\t\t\t\t<\/div>\n\t\t\t\t\t<\/div>\n\t\t\t\t<\/div>\n\t\t\t\t\t<\/div>\n\t\t\t\t<\/div>\n\t\t\t\t<div class=\"elementor-element elementor-element-919702d elementor-widget elementor-widget-spacer\" data-id=\"919702d\" data-element_type=\"widget\" data-e-type=\"widget\" data-widget_type=\"spacer.default\">\n\t\t\t\t<div class=\"elementor-widget-container\">\n\t\t\t\t\t\t\t<div class=\"elementor-spacer\">\n\t\t\t<div class=\"elementor-spacer-inner\"><\/div>\n\t\t<\/div>\n\t\t\t\t\t\t<\/div>\n\t\t\t\t<\/div>\n\t\t<div class=\"elementor-element elementor-element-9500a4c e-flex e-con-boxed wpr-particle-no wpr-jarallax-no wpr-parallax-no wpr-sticky-section-no wpr-equal-height-no e-con e-child\" data-id=\"9500a4c\" data-element_type=\"container\" data-e-type=\"container\">\n\t\t\t\t\t<div class=\"e-con-inner\">\n\t\t<div class=\"elementor-element elementor-element-08591ec e-flex e-con-boxed wpr-particle-no wpr-jarallax-no wpr-parallax-no wpr-sticky-section-no wpr-equal-height-no e-con e-child\" data-id=\"08591ec\" data-element_type=\"container\" data-e-type=\"container\">\n\t\t\t\t\t<div class=\"e-con-inner\">\n\t\t\t\t<div class=\"elementor-element elementor-element-aa7160b elementor-widget elementor-widget-text-editor\" data-id=\"aa7160b\" data-element_type=\"widget\" data-e-type=\"widget\" data-widget_type=\"text-editor.default\">\n\t\t\t\t<div class=\"elementor-widget-container\">\n\t\t\t\t\t\t\t\t\t<div><div><strong><i><span class=\"fs20lh1-5 ff1\">Vitrinen sind die optimale L\u00f6sung&#8230;<\/span><\/i><\/strong><\/div><\/div><div><span class=\"fs16lh1-5 ff1\"><i>&#8230;wenn es darum geht, hochwertige und wertvolle Exponate auf ansprechende Art zu pr\u00e4sentieren. Glasvitrinen verleihen R\u00e4umen einen besonderen Flair.<br \/><\/i><\/span><i class=\"fs12lh1-5\"><span class=\"fs16lh1-5 ff1\">Die Flexibilit\u00e4t der Formgebung und der m\u00f6glichen Farb- und Materialkombination bietet einen gro\u00dfen Spielraum bei der Raumgestaltung. Effektvolle Beleuchtungsvarianten setzen die ausgestellten Produkte ins perfekte Licht.<\/span><\/i><\/div>\t\t\t\t\t\t\t\t<\/div>\n\t\t\t\t<\/div>\n\t\t\t\t\t<\/div>\n\t\t\t\t<\/div>\n\t\t\t\t<div class=\"elementor-element elementor-element-ef0e5f5 elementor-widget elementor-widget-image\" data-id=\"ef0e5f5\" data-element_type=\"widget\" data-e-type=\"widget\" data-widget_type=\"image.default\">\n\t\t\t\t<div class=\"elementor-widget-container\">\n\t\t\t\t\t\t\t\t\t\t\t\t\t\t\t<img loading=\"lazy\" decoding=\"async\" width=\"887\" height=\"480\" src=\"https:\/\/vitrinen-hesemann.de\/wp-content\/uploads\/2024\/03\/Bild_2024-03-10_125311734.png\" class=\"attachment-large size-large wp-image-566\" alt=\"\" srcset=\"https:\/\/vitrinen-hesemann.de\/wp-content\/uploads\/2024\/03\/Bild_2024-03-10_125311734.png 887w, https:\/\/vitrinen-hesemann.de\/wp-content\/uploads\/2024\/03\/Bild_2024-03-10_125311734-300x162.png 300w, https:\/\/vitrinen-hesemann.de\/wp-content\/uploads\/2024\/03\/Bild_2024-03-10_125311734-768x416.png 768w\" sizes=\"(max-width: 887px) 100vw, 887px\" \/>\t\t\t\t\t\t\t\t\t\t\t\t\t\t\t<\/div>\n\t\t\t\t<\/div>\n\t\t\t\t\t<\/div>\n\t\t\t\t<\/div>\n\t\t<div class=\"elementor-element elementor-element-f55e9f8 e-flex e-con-boxed wpr-particle-no wpr-jarallax-no wpr-parallax-no wpr-sticky-section-no wpr-equal-height-no e-con e-child\" data-id=\"f55e9f8\" data-element_type=\"container\" data-e-type=\"container\">\n\t\t\t\t\t<div class=\"e-con-inner\">\n\t\t\t\t<div class=\"elementor-element elementor-element-54fef7f elementor-widget__width-initial elementor-widget elementor-widget-image\" data-id=\"54fef7f\" data-element_type=\"widget\" data-e-type=\"widget\" data-widget_type=\"image.default\">\n\t\t\t\t<div class=\"elementor-widget-container\">\n\t\t\t\t\t\t\t\t\t\t\t\t<figure class=\"wp-caption\">\n\t\t\t\t\t\t\t\t\t\t<img loading=\"lazy\" decoding=\"async\" width=\"800\" height=\"800\" src=\"https:\/\/vitrinen-hesemann.de\/wp-content\/uploads\/2024\/03\/PODIUM-209-800-Glasvitrine.jpg\" class=\"attachment-large size-large wp-image-567\" alt=\"\" srcset=\"https:\/\/vitrinen-hesemann.de\/wp-content\/uploads\/2024\/03\/PODIUM-209-800-Glasvitrine.jpg 800w, https:\/\/vitrinen-hesemann.de\/wp-content\/uploads\/2024\/03\/PODIUM-209-800-Glasvitrine-300x300.jpg 300w, https:\/\/vitrinen-hesemann.de\/wp-content\/uploads\/2024\/03\/PODIUM-209-800-Glasvitrine-150x150.jpg 150w, https:\/\/vitrinen-hesemann.de\/wp-content\/uploads\/2024\/03\/PODIUM-209-800-Glasvitrine-768x768.jpg 768w, https:\/\/vitrinen-hesemann.de\/wp-content\/uploads\/2024\/03\/PODIUM-209-800-Glasvitrine-600x600.jpg 600w\" sizes=\"(max-width: 800px) 100vw, 800px\" \/>\t\t\t\t\t\t\t\t\t\t\t<figcaption class=\"widget-image-caption wp-caption-text\">Standvitrinen<\/figcaption>\n\t\t\t\t\t\t\t\t\t\t<\/figure>\n\t\t\t\t\t\t\t\t\t<\/div>\n\t\t\t\t<\/div>\n\t\t\t\t<div class=\"elementor-element elementor-element-a7f301a elementor-widget__width-initial elementor-widget elementor-widget-image\" data-id=\"a7f301a\" data-element_type=\"widget\" data-e-type=\"widget\" data-widget_type=\"image.default\">\n\t\t\t\t<div class=\"elementor-widget-container\">\n\t\t\t\t\t\t\t\t\t\t\t\t<figure class=\"wp-caption\">\n\t\t\t\t\t\t\t\t\t\t<img loading=\"lazy\" decoding=\"async\" width=\"800\" height=\"800\" src=\"https:\/\/vitrinen-hesemann.de\/wp-content\/uploads\/2024\/03\/ATRIUM.L13.jpg\" class=\"attachment-large size-large wp-image-568\" alt=\"\" srcset=\"https:\/\/vitrinen-hesemann.de\/wp-content\/uploads\/2024\/03\/ATRIUM.L13.jpg 800w, https:\/\/vitrinen-hesemann.de\/wp-content\/uploads\/2024\/03\/ATRIUM.L13-300x300.jpg 300w, https:\/\/vitrinen-hesemann.de\/wp-content\/uploads\/2024\/03\/ATRIUM.L13-150x150.jpg 150w, https:\/\/vitrinen-hesemann.de\/wp-content\/uploads\/2024\/03\/ATRIUM.L13-768x768.jpg 768w, https:\/\/vitrinen-hesemann.de\/wp-content\/uploads\/2024\/03\/ATRIUM.L13-600x600.jpg 600w\" sizes=\"(max-width: 800px) 100vw, 800px\" \/>\t\t\t\t\t\t\t\t\t\t\t<figcaption class=\"widget-image-caption wp-caption-text\">Haubenvitrinen<\/figcaption>\n\t\t\t\t\t\t\t\t\t\t<\/figure>\n\t\t\t\t\t\t\t\t\t<\/div>\n\t\t\t\t<\/div>\n\t\t\t\t<div class=\"elementor-element elementor-element-ad5a451 elementor-widget__width-initial elementor-widget elementor-widget-image\" data-id=\"ad5a451\" data-element_type=\"widget\" data-e-type=\"widget\" data-widget_type=\"image.default\">\n\t\t\t\t<div class=\"elementor-widget-container\">\n\t\t\t\t\t\t\t\t\t\t\t\t<figure class=\"wp-caption\">\n\t\t\t\t\t\t\t\t\t\t<img loading=\"lazy\" decoding=\"async\" width=\"800\" height=\"800\" src=\"https:\/\/vitrinen-hesemann.de\/wp-content\/uploads\/2024\/03\/PODIUM-262-800-Aufsatzvitrine-LED.jpg\" class=\"attachment-large size-large wp-image-569\" alt=\"\" srcset=\"https:\/\/vitrinen-hesemann.de\/wp-content\/uploads\/2024\/03\/PODIUM-262-800-Aufsatzvitrine-LED.jpg 800w, https:\/\/vitrinen-hesemann.de\/wp-content\/uploads\/2024\/03\/PODIUM-262-800-Aufsatzvitrine-LED-300x300.jpg 300w, https:\/\/vitrinen-hesemann.de\/wp-content\/uploads\/2024\/03\/PODIUM-262-800-Aufsatzvitrine-LED-150x150.jpg 150w, https:\/\/vitrinen-hesemann.de\/wp-content\/uploads\/2024\/03\/PODIUM-262-800-Aufsatzvitrine-LED-768x768.jpg 768w, https:\/\/vitrinen-hesemann.de\/wp-content\/uploads\/2024\/03\/PODIUM-262-800-Aufsatzvitrine-LED-600x600.jpg 600w\" sizes=\"(max-width: 800px) 100vw, 800px\" \/>\t\t\t\t\t\t\t\t\t\t\t<figcaption class=\"widget-image-caption wp-caption-text\">Aufsatzvitrinen<\/figcaption>\n\t\t\t\t\t\t\t\t\t\t<\/figure>\n\t\t\t\t\t\t\t\t\t<\/div>\n\t\t\t\t<\/div>\n\t\t\t\t<div class=\"elementor-element elementor-element-99d6188 elementor-widget__width-initial elementor-widget elementor-widget-image\" data-id=\"99d6188\" data-element_type=\"widget\" data-e-type=\"widget\" data-widget_type=\"image.default\">\n\t\t\t\t<div class=\"elementor-widget-container\">\n\t\t\t\t\t\t\t\t\t\t\t\t<figure class=\"wp-caption\">\n\t\t\t\t\t\t\t\t\t\t<img loading=\"lazy\" decoding=\"async\" width=\"800\" height=\"800\" src=\"https:\/\/vitrinen-hesemann.de\/wp-content\/uploads\/2024\/03\/ATRIUM-W19-1.jpg\" class=\"attachment-large size-large wp-image-570\" alt=\"\" srcset=\"https:\/\/vitrinen-hesemann.de\/wp-content\/uploads\/2024\/03\/ATRIUM-W19-1.jpg 800w, https:\/\/vitrinen-hesemann.de\/wp-content\/uploads\/2024\/03\/ATRIUM-W19-1-300x300.jpg 300w, https:\/\/vitrinen-hesemann.de\/wp-content\/uploads\/2024\/03\/ATRIUM-W19-1-150x150.jpg 150w, https:\/\/vitrinen-hesemann.de\/wp-content\/uploads\/2024\/03\/ATRIUM-W19-1-768x768.jpg 768w, https:\/\/vitrinen-hesemann.de\/wp-content\/uploads\/2024\/03\/ATRIUM-W19-1-600x600.jpg 600w\" sizes=\"(max-width: 800px) 100vw, 800px\" \/>\t\t\t\t\t\t\t\t\t\t\t<figcaption class=\"widget-image-caption wp-caption-text\">Wandvitrinen<\/figcaption>\n\t\t\t\t\t\t\t\t\t\t<\/figure>\n\t\t\t\t\t\t\t\t\t<\/div>\n\t\t\t\t<\/div>\n\t\t\t\t<div class=\"elementor-element elementor-element-d3345a8 elementor-widget__width-initial elementor-widget elementor-widget-image\" data-id=\"d3345a8\" data-element_type=\"widget\" data-e-type=\"widget\" data-widget_type=\"image.default\">\n\t\t\t\t<div class=\"elementor-widget-container\">\n\t\t\t\t\t\t\t\t\t\t\t\t<figure class=\"wp-caption\">\n\t\t\t\t\t\t\t\t\t\t<img loading=\"lazy\" decoding=\"async\" width=\"800\" height=\"800\" src=\"https:\/\/vitrinen-hesemann.de\/wp-content\/uploads\/2024\/03\/ATRIUM-T22-Bundestag-Tisch.jpg\" class=\"attachment-large size-large wp-image-571\" alt=\"\" srcset=\"https:\/\/vitrinen-hesemann.de\/wp-content\/uploads\/2024\/03\/ATRIUM-T22-Bundestag-Tisch.jpg 800w, https:\/\/vitrinen-hesemann.de\/wp-content\/uploads\/2024\/03\/ATRIUM-T22-Bundestag-Tisch-300x300.jpg 300w, https:\/\/vitrinen-hesemann.de\/wp-content\/uploads\/2024\/03\/ATRIUM-T22-Bundestag-Tisch-150x150.jpg 150w, https:\/\/vitrinen-hesemann.de\/wp-content\/uploads\/2024\/03\/ATRIUM-T22-Bundestag-Tisch-768x768.jpg 768w, https:\/\/vitrinen-hesemann.de\/wp-content\/uploads\/2024\/03\/ATRIUM-T22-Bundestag-Tisch-600x600.jpg 600w\" sizes=\"(max-width: 800px) 100vw, 800px\" \/>\t\t\t\t\t\t\t\t\t\t\t<figcaption class=\"widget-image-caption wp-caption-text\">Tischvitrinen<\/figcaption>\n\t\t\t\t\t\t\t\t\t\t<\/figure>\n\t\t\t\t\t\t\t\t\t<\/div>\n\t\t\t\t<\/div>\n\t\t\t\t\t<\/div>\n\t\t\t\t<\/div>\n\t\t<div class=\"elementor-element elementor-element-24cbed0 e-flex e-con-boxed wpr-particle-no wpr-jarallax-no wpr-parallax-no wpr-sticky-section-no wpr-equal-height-no e-con e-child\" data-id=\"24cbed0\" data-element_type=\"container\" data-e-type=\"container\">\n\t\t\t\t\t<div class=\"e-con-inner\">\n\t\t\t\t<div class=\"elementor-element elementor-element-4b94fa5 elementor-widget__width-initial elementor-widget elementor-widget-image\" data-id=\"4b94fa5\" data-element_type=\"widget\" data-e-type=\"widget\" data-widget_type=\"image.default\">\n\t\t\t\t<div class=\"elementor-widget-container\">\n\t\t\t\t\t\t\t\t\t\t\t\t<figure class=\"wp-caption\">\n\t\t\t\t\t\t\t\t\t\t<img loading=\"lazy\" decoding=\"async\" width=\"800\" height=\"800\" src=\"https:\/\/vitrinen-hesemann.de\/wp-content\/uploads\/2024\/03\/PODIUM-209-800-Glasvitrine.jpg\" class=\"attachment-large size-large wp-image-567\" alt=\"\" srcset=\"https:\/\/vitrinen-hesemann.de\/wp-content\/uploads\/2024\/03\/PODIUM-209-800-Glasvitrine.jpg 800w, https:\/\/vitrinen-hesemann.de\/wp-content\/uploads\/2024\/03\/PODIUM-209-800-Glasvitrine-300x300.jpg 300w, https:\/\/vitrinen-hesemann.de\/wp-content\/uploads\/2024\/03\/PODIUM-209-800-Glasvitrine-150x150.jpg 150w, https:\/\/vitrinen-hesemann.de\/wp-content\/uploads\/2024\/03\/PODIUM-209-800-Glasvitrine-768x768.jpg 768w, https:\/\/vitrinen-hesemann.de\/wp-content\/uploads\/2024\/03\/PODIUM-209-800-Glasvitrine-600x600.jpg 600w\" sizes=\"(max-width: 800px) 100vw, 800px\" \/>\t\t\t\t\t\t\t\t\t\t\t<figcaption class=\"widget-image-caption wp-caption-text\">Theken-\/Sockelvitrinen<\/figcaption>\n\t\t\t\t\t\t\t\t\t\t<\/figure>\n\t\t\t\t\t\t\t\t\t<\/div>\n\t\t\t\t<\/div>\n\t\t\t\t<div class=\"elementor-element elementor-element-9bd613e elementor-widget__width-initial elementor-widget elementor-widget-image\" data-id=\"9bd613e\" data-element_type=\"widget\" data-e-type=\"widget\" data-widget_type=\"image.default\">\n\t\t\t\t<div class=\"elementor-widget-container\">\n\t\t\t\t\t\t\t\t\t\t\t\t<figure class=\"wp-caption\">\n\t\t\t\t\t\t\t\t\t\t<img loading=\"lazy\" decoding=\"async\" width=\"800\" height=\"800\" src=\"https:\/\/vitrinen-hesemann.de\/wp-content\/uploads\/2024\/03\/ATRIUM.L13.jpg\" class=\"attachment-large size-large wp-image-568\" alt=\"\" srcset=\"https:\/\/vitrinen-hesemann.de\/wp-content\/uploads\/2024\/03\/ATRIUM.L13.jpg 800w, https:\/\/vitrinen-hesemann.de\/wp-content\/uploads\/2024\/03\/ATRIUM.L13-300x300.jpg 300w, https:\/\/vitrinen-hesemann.de\/wp-content\/uploads\/2024\/03\/ATRIUM.L13-150x150.jpg 150w, https:\/\/vitrinen-hesemann.de\/wp-content\/uploads\/2024\/03\/ATRIUM.L13-768x768.jpg 768w, https:\/\/vitrinen-hesemann.de\/wp-content\/uploads\/2024\/03\/ATRIUM.L13-600x600.jpg 600w\" sizes=\"(max-width: 800px) 100vw, 800px\" \/>\t\t\t\t\t\t\t\t\t\t\t<figcaption class=\"widget-image-caption wp-caption-text\">Schauk\u00e4sten (Innen)<\/figcaption>\n\t\t\t\t\t\t\t\t\t\t<\/figure>\n\t\t\t\t\t\t\t\t\t<\/div>\n\t\t\t\t<\/div>\n\t\t\t\t<div class=\"elementor-element elementor-element-401c372 elementor-widget__width-initial elementor-widget elementor-widget-image\" data-id=\"401c372\" data-element_type=\"widget\" data-e-type=\"widget\" data-widget_type=\"image.default\">\n\t\t\t\t<div class=\"elementor-widget-container\">\n\t\t\t\t\t\t\t\t\t\t\t\t<figure class=\"wp-caption\">\n\t\t\t\t\t\t\t\t\t\t<img loading=\"lazy\" decoding=\"async\" width=\"800\" height=\"800\" src=\"https:\/\/vitrinen-hesemann.de\/wp-content\/uploads\/2024\/03\/PODIUM-262-800-Aufsatzvitrine-LED.jpg\" class=\"attachment-large size-large wp-image-569\" alt=\"\" srcset=\"https:\/\/vitrinen-hesemann.de\/wp-content\/uploads\/2024\/03\/PODIUM-262-800-Aufsatzvitrine-LED.jpg 800w, https:\/\/vitrinen-hesemann.de\/wp-content\/uploads\/2024\/03\/PODIUM-262-800-Aufsatzvitrine-LED-300x300.jpg 300w, https:\/\/vitrinen-hesemann.de\/wp-content\/uploads\/2024\/03\/PODIUM-262-800-Aufsatzvitrine-LED-150x150.jpg 150w, https:\/\/vitrinen-hesemann.de\/wp-content\/uploads\/2024\/03\/PODIUM-262-800-Aufsatzvitrine-LED-768x768.jpg 768w, https:\/\/vitrinen-hesemann.de\/wp-content\/uploads\/2024\/03\/PODIUM-262-800-Aufsatzvitrine-LED-600x600.jpg 600w\" sizes=\"(max-width: 800px) 100vw, 800px\" \/>\t\t\t\t\t\t\t\t\t\t\t<figcaption class=\"widget-image-caption wp-caption-text\">Schauk\u00e4sten (Au\u00dfen)<\/figcaption>\n\t\t\t\t\t\t\t\t\t\t<\/figure>\n\t\t\t\t\t\t\t\t\t<\/div>\n\t\t\t\t<\/div>\n\t\t\t\t<div class=\"elementor-element elementor-element-6a73c56 elementor-widget__width-initial elementor-widget elementor-widget-image\" data-id=\"6a73c56\" data-element_type=\"widget\" data-e-type=\"widget\" data-widget_type=\"image.default\">\n\t\t\t\t<div class=\"elementor-widget-container\">\n\t\t\t\t\t\t\t\t\t\t\t\t<figure class=\"wp-caption\">\n\t\t\t\t\t\t\t\t\t\t<img loading=\"lazy\" decoding=\"async\" width=\"800\" height=\"800\" src=\"https:\/\/vitrinen-hesemann.de\/wp-content\/uploads\/2024\/03\/ATRIUM-W19-1.jpg\" class=\"attachment-large size-large wp-image-570\" alt=\"\" srcset=\"https:\/\/vitrinen-hesemann.de\/wp-content\/uploads\/2024\/03\/ATRIUM-W19-1.jpg 800w, https:\/\/vitrinen-hesemann.de\/wp-content\/uploads\/2024\/03\/ATRIUM-W19-1-300x300.jpg 300w, https:\/\/vitrinen-hesemann.de\/wp-content\/uploads\/2024\/03\/ATRIUM-W19-1-150x150.jpg 150w, https:\/\/vitrinen-hesemann.de\/wp-content\/uploads\/2024\/03\/ATRIUM-W19-1-768x768.jpg 768w, https:\/\/vitrinen-hesemann.de\/wp-content\/uploads\/2024\/03\/ATRIUM-W19-1-600x600.jpg 600w\" sizes=\"(max-width: 800px) 100vw, 800px\" \/>\t\t\t\t\t\t\t\t\t\t\t<figcaption class=\"widget-image-caption wp-caption-text\">Beleuchtung<\/figcaption>\n\t\t\t\t\t\t\t\t\t\t<\/figure>\n\t\t\t\t\t\t\t\t\t<\/div>\n\t\t\t\t<\/div>\n\t\t\t\t<div class=\"elementor-element elementor-element-7b79bea elementor-widget__width-initial elementor-widget elementor-widget-image\" data-id=\"7b79bea\" data-element_type=\"widget\" data-e-type=\"widget\" data-widget_type=\"image.default\">\n\t\t\t\t<div class=\"elementor-widget-container\">\n\t\t\t\t\t\t\t\t\t\t\t\t<figure class=\"wp-caption\">\n\t\t\t\t\t\t\t\t\t\t<img loading=\"lazy\" decoding=\"async\" width=\"800\" height=\"800\" src=\"https:\/\/vitrinen-hesemann.de\/wp-content\/uploads\/2024\/03\/ATRIUM-T22-Bundestag-Tisch.jpg\" class=\"attachment-large size-large wp-image-571\" alt=\"\" srcset=\"https:\/\/vitrinen-hesemann.de\/wp-content\/uploads\/2024\/03\/ATRIUM-T22-Bundestag-Tisch.jpg 800w, https:\/\/vitrinen-hesemann.de\/wp-content\/uploads\/2024\/03\/ATRIUM-T22-Bundestag-Tisch-300x300.jpg 300w, https:\/\/vitrinen-hesemann.de\/wp-content\/uploads\/2024\/03\/ATRIUM-T22-Bundestag-Tisch-150x150.jpg 150w, https:\/\/vitrinen-hesemann.de\/wp-content\/uploads\/2024\/03\/ATRIUM-T22-Bundestag-Tisch-768x768.jpg 768w, https:\/\/vitrinen-hesemann.de\/wp-content\/uploads\/2024\/03\/ATRIUM-T22-Bundestag-Tisch-600x600.jpg 600w\" sizes=\"(max-width: 800px) 100vw, 800px\" \/>\t\t\t\t\t\t\t\t\t\t\t<figcaption class=\"widget-image-caption wp-caption-text\">Husten-Niesschutz<\/figcaption>\n\t\t\t\t\t\t\t\t\t\t<\/figure>\n\t\t\t\t\t\t\t\t\t<\/div>\n\t\t\t\t<\/div>\n\t\t\t\t\t<\/div>\n\t\t\t\t<\/div>\n\t\t\t\t<div class=\"elementor-element elementor-element-299869b elementor-widget elementor-widget-spacer\" data-id=\"299869b\" data-element_type=\"widget\" data-e-type=\"widget\" data-widget_type=\"spacer.default\">\n\t\t\t\t<div class=\"elementor-widget-container\">\n\t\t\t\t\t\t\t<div class=\"elementor-spacer\">\n\t\t\t<div class=\"elementor-spacer-inner\"><\/div>\n\t\t<\/div>\n\t\t\t\t\t\t<\/div>\n\t\t\t\t<\/div>\n\t\t\t\t<div class=\"elementor-element elementor-element-c4c9d1a elementor-widget elementor-widget-text-editor\" data-id=\"c4c9d1a\" data-element_type=\"widget\" data-e-type=\"widget\" data-widget_type=\"text-editor.default\">\n\t\t\t\t<div class=\"elementor-widget-container\">\n\t\t\t\t\t\t\t\t\t<div class=\"imTACenter\"><span class=\"fs12lh1-5\"><b>Was immer Sie pr\u00e4sentieren wollen, Vitrinen Hesemann liefert Ihnen die dazu passende Vitrine!<\/b><\/span><\/div><div class=\"imTACenter\"><span class=\"fs12lh1-5\">Fragen Sie uns: Tel: +49 (0) 57 75 &#8211; 14 51 &#8211; Fax: +49 (0) 57 75 &#8211; 96 73 51 &#8211; Mobil: +49 (0)160 &#8211; 9 33 29 100\u00a0<\/span><span class=\"fs12lh1-5\" style=\"color: #3366ff;\">\u2197<a class=\"imCssLink\" style=\"color: #3366ff;\" href=\"https:\/\/www.vitrinen-hesemann.de\/kontaktformular.html\">Kontaktformular<\/a><\/span><\/div>\t\t\t\t\t\t\t\t<\/div>\n\t\t\t\t<\/div>\n\t\t\t\t<div class=\"elementor-element elementor-element-612c90f elementor-widget elementor-widget-spacer\" data-id=\"612c90f\" data-element_type=\"widget\" data-e-type=\"widget\" data-widget_type=\"spacer.default\">\n\t\t\t\t<div class=\"elementor-widget-container\">\n\t\t\t\t\t\t\t<div class=\"elementor-spacer\">\n\t\t\t<div class=\"elementor-spacer-inner\"><\/div>\n\t\t<\/div>\n\t\t\t\t\t\t<\/div>\n\t\t\t\t<\/div>\n\t\t\t\t\t<\/div>\n\t\t\t\t<\/div>\n\t\t<div class=\"elementor-element elementor-element-2daca003 e-con-full e-flex wpr-particle-no wpr-jarallax-no wpr-parallax-no wpr-sticky-section-no wpr-equal-height-no e-con e-parent\" data-id=\"2daca003\" data-element_type=\"container\" data-e-type=\"container\" data-settings=\"{&quot;background_background&quot;:&quot;classic&quot;}\">\n\t\t<div class=\"elementor-element elementor-element-8284d37 e-flex e-con-boxed wpr-particle-no wpr-jarallax-no wpr-parallax-no wpr-sticky-section-no wpr-equal-height-no e-con e-child\" data-id=\"8284d37\" data-element_type=\"container\" data-e-type=\"container\">\n\t\t\t\t\t<div class=\"e-con-inner\">\n\t\t\t\t<div class=\"elementor-element elementor-element-21498989 elementor-widget__width-initial elementor-widget elementor-widget-image\" data-id=\"21498989\" data-element_type=\"widget\" data-e-type=\"widget\" data-widget_type=\"image.default\">\n\t\t\t\t<div class=\"elementor-widget-container\">\n\t\t\t\t\t\t\t\t\t\t\t\t\t\t\t<img loading=\"lazy\" decoding=\"async\" width=\"118\" height=\"151\" src=\"https:\/\/vitrinen-hesemann.de\/wp-content\/uploads\/2024\/03\/logo_vitrinen.png\" class=\"attachment-large size-large wp-image-278\" alt=\"\" \/>\t\t\t\t\t\t\t\t\t\t\t\t\t\t\t<\/div>\n\t\t\t\t<\/div>\n\t\t\t\t<div class=\"elementor-element elementor-element-d5833ea elementor-widget elementor-widget-text-editor\" data-id=\"d5833ea\" data-element_type=\"widget\" data-e-type=\"widget\" data-widget_type=\"text-editor.default\">\n\t\t\t\t<div class=\"elementor-widget-container\">\n\t\t\t\t\t\t\t\t\t<span style=\"font-size: large;\">Galerie Ausstellung<\/span><br>\nOppenweher Str. 15<br>\n32351 Stemwede-Oppenwehe<br>\n\u00d6ffnung nach Terminabsprache\t\t\t\t\t\t\t\t<\/div>\n\t\t\t\t<\/div>\n\t\t\t\t<div class=\"elementor-element elementor-element-5df6b900 elementor-widget elementor-widget-spacer\" data-id=\"5df6b900\" data-element_type=\"widget\" data-e-type=\"widget\" data-widget_type=\"spacer.default\">\n\t\t\t\t<div class=\"elementor-widget-container\">\n\t\t\t\t\t\t\t<div class=\"elementor-spacer\">\n\t\t\t<div class=\"elementor-spacer-inner\"><\/div>\n\t\t<\/div>\n\t\t\t\t\t\t<\/div>\n\t\t\t\t<\/div>\n\t\t\t\t<div class=\"elementor-element elementor-element-2bf7ca6 elementor-widget elementor-widget-text-editor\" data-id=\"2bf7ca6\" data-element_type=\"widget\" data-e-type=\"widget\" data-widget_type=\"text-editor.default\">\n\t\t\t\t<div class=\"elementor-widget-container\">\n\t\t\t\t\t\t\t\t\t<p>\u00a9 Vitrinen-Hesemann 2023<\/p>\t\t\t\t\t\t\t\t<\/div>\n\t\t\t\t<\/div>\n\t\t\t\t<div class=\"elementor-element elementor-element-1147d4f6 elementor-widget elementor-widget-spacer\" data-id=\"1147d4f6\" data-element_type=\"widget\" data-e-type=\"widget\" data-widget_type=\"spacer.default\">\n\t\t\t\t<div class=\"elementor-widget-container\">\n\t\t\t\t\t\t\t<div class=\"elementor-spacer\">\n\t\t\t<div class=\"elementor-spacer-inner\"><\/div>\n\t\t<\/div>\n\t\t\t\t\t\t<\/div>\n\t\t\t\t<\/div>\n\t\t\t\t<div class=\"elementor-element elementor-element-2bb7e0f5 elementor-widget__width-initial elementor-widget elementor-widget-text-editor\" data-id=\"2bb7e0f5\" data-element_type=\"widget\" data-e-type=\"widget\" data-widget_type=\"text-editor.default\">\n\t\t\t\t<div class=\"elementor-widget-container\">\n\t\t\t\t\t\t\t\t\t<p><span style=\"font-size: large;\">Kontaktdaten<\/span><br \/><strong>Postanschrift:<\/strong><br \/>Reinhard Hesemann<br \/>In der Heide 24 &#8211; D-32369 Rahden<br \/><strong>Telefon:<\/strong> +49 (0) 57 75 &#8211; 14 51<br \/><strong>FAX:<\/strong> +49 (0) 57 75 &#8211; 96 73 51<br \/><strong>Mobil:<\/strong> +49 (0)160 &#8211; 9 33 29 100<br \/><strong>E-mail:<\/strong> info(at)hesemann.eu<\/p>\t\t\t\t\t\t\t\t<\/div>\n\t\t\t\t<\/div>\n\t\t\t\t<div class=\"elementor-element elementor-element-63e2984e elementor-widget__width-initial elementor-widget elementor-widget-image\" data-id=\"63e2984e\" data-element_type=\"widget\" data-e-type=\"widget\" data-widget_type=\"image.default\">\n\t\t\t\t<div class=\"elementor-widget-container\">\n\t\t\t\t\t\t\t\t\t\t\t\t\t\t\t<img loading=\"lazy\" decoding=\"async\" width=\"118\" height=\"151\" src=\"https:\/\/vitrinen-hesemann.de\/wp-content\/uploads\/2024\/03\/logo-wohnenunddesign.png\" class=\"attachment-large size-large wp-image-279\" alt=\"\" \/>\t\t\t\t\t\t\t\t\t\t\t\t\t\t\t<\/div>\n\t\t\t\t<\/div>\n\t\t\t\t\t<\/div>\n\t\t\t\t<\/div>\n\t\t\t\t<\/div>\n\t\t\t\t<\/div>\n\t\t","protected":false},"excerpt":{"rendered":"<p>Home Holzvitrinen \u00dcber Holzvitrinen Manufaktur Planung\/Entwurf Eine Vitrine entsteht RH-Haubenvitrinen RH-Haubenvitrinen-STD Schrankvitrinen Standvitrinen Sockelvitrinen Tischvitrinen Wandvitrinen Sammlervitrinen Automodellvitrinen Modellbahnvitrinen Golfballvitrinen RH-Galeriesockel Glasvitrinen \u00dcber Glasvitrinen Stand-\/Schrankvitrinen Hauben-\/Sockelvitrinen Aufsatzvitrinen Wand-\/H\u00e4ngevitrinen Tischvitrinen Theken-\/Sockelvitrinen Schauk\u00e4sten Innen Schauk\u00e4sten au\u00dfen Hustenschutz Beleuchtung Referenzen Impressum \/ Kontakt Impressum Kontaktformular Datenschutz AGB Home Holzvitrinen \u00dcber Holzvitrinen Manufaktur Planung\/Entwurf Eine Vitrine entsteht RH-Haubenvitrinen RH-Haubenvitrinen-STD Schrankvitrinen Standvitrinen Sockelvitrinen Tischvitrinen Wandvitrinen Sammlervitrinen Automodellvitrinen Modellbahnvitrinen Golfballvitrinen RH-Galeriesockel Glasvitrinen \u00dcber Glasvitrinen Stand-\/Schrankvitrinen Hauben-\/Sockelvitrinen Aufsatzvitrinen Wand-\/H\u00e4ngevitrinen Tischvitrinen Theken-\/Sockelvitrinen Schauk\u00e4sten Innen Schauk\u00e4sten au\u00dfen Hustenschutz Beleuchtung Referenzen Impressum \/ Kontakt Impressum Kontaktformular Datenschutz AGB Vitrinen aus Glas&#8230; Vitrinen sind die optimale L\u00f6sung&#8230;&#8230;wenn es darum geht, hochwertige und wertvolle Exponate auf ansprechende Art zu pr\u00e4sentieren. Glasvitrinen verleihen R\u00e4umen einen besonderen Flair.Die Flexibilit\u00e4t der Formgebung und der m\u00f6glichen Farb- und Materialkombination bietet einen gro\u00dfen Spielraum bei der Raumgestaltung. Effektvolle Beleuchtungsvarianten setzen die ausgestellten Produkte ins perfekte Licht. Vitrinen sind die optimale L\u00f6sung&#8230;&#8230;wenn es darum geht, hochwertige und wertvolle Exponate auf ansprechende Art zu pr\u00e4sentieren. Glasvitrinen verleihen R\u00e4umen einen besonderen Flair.Die Flexibilit\u00e4t der Formgebung und der m\u00f6glichen Farb- und Materialkombination bietet einen gro\u00dfen Spielraum bei der Raumgestaltung. Effektvolle Beleuchtungsvarianten setzen die ausgestellten Produkte ins perfekte Licht. Standvitrinen Haubenvitrinen Aufsatzvitrinen Wandvitrinen Tischvitrinen Theken-\/Sockelvitrinen Schauk\u00e4sten (Innen) Schauk\u00e4sten (Au\u00dfen) Beleuchtung Husten-Niesschutz Was immer Sie pr\u00e4sentieren wollen, Vitrinen Hesemann liefert Ihnen die dazu passende Vitrine!Fragen Sie uns: Tel: +49 (0) 57 75 &#8211; 14 51 &#8211; Fax: +49 (0) 57 75 &#8211; 96 73 51 &#8211; Mobil: +49 (0)160 &#8211; 9 33 29 100\u00a0\u2197Kontaktformular Galerie Ausstellung Oppenweher Str. 15 32351 Stemwede-Oppenwehe \u00d6ffnung nach Terminabsprache \u00a9 Vitrinen-Hesemann 2023 KontaktdatenPostanschrift:Reinhard HesemannIn der Heide 24 &#8211; D-32369 RahdenTelefon: +49 (0) 57 75 &#8211; 14 51FAX: +49 (0) 57 75 &#8211; 96 73 51Mobil: +49 (0)160 &#8211; 9 33 29 100E-mail: info(at)hesemann.eu<\/p>\n","protected":false},"author":1,"featured_media":0,"parent":0,"menu_order":0,"comment_status":"closed","ping_status":"closed","template":"","meta":{"ocean_post_layout":"full-screen","ocean_both_sidebars_style":"","ocean_both_sidebars_content_width":0,"ocean_both_sidebars_sidebars_width":0,"ocean_sidebar":"","ocean_second_sidebar":"","ocean_disable_margins":"enable","ocean_add_body_class":"","ocean_shortcode_before_top_bar":"","ocean_shortcode_after_top_bar":"","ocean_shortcode_before_header":"","ocean_shortcode_after_header":"","ocean_has_shortcode":"","ocean_shortcode_after_title":"","ocean_shortcode_before_footer_widgets":"","ocean_shortcode_after_footer_widgets":"","ocean_shortcode_before_footer_bottom":"","ocean_shortcode_after_footer_bottom":"","ocean_display_top_bar":"off","ocean_display_header":"off","ocean_header_style":"","ocean_center_header_left_menu":"","ocean_custom_header_template":"","ocean_custom_logo":0,"ocean_custom_retina_logo":0,"ocean_custom_logo_max_width":0,"ocean_custom_logo_tablet_max_width":0,"ocean_custom_logo_mobile_max_width":0,"ocean_custom_logo_max_height":0,"ocean_custom_logo_tablet_max_height":0,"ocean_custom_logo_mobile_max_height":0,"ocean_header_custom_menu":"","ocean_menu_typo_font_family":"","ocean_menu_typo_font_subset":"","ocean_menu_typo_font_size":0,"ocean_menu_typo_font_size_tablet":0,"ocean_menu_typo_font_size_mobile":0,"ocean_menu_typo_font_size_unit":"px","ocean_menu_typo_font_weight":"","ocean_menu_typo_font_weight_tablet":"","ocean_menu_typo_font_weight_mobile":"","ocean_menu_typo_transform":"","ocean_menu_typo_transform_tablet":"","ocean_menu_typo_transform_mobile":"","ocean_menu_typo_line_height":0,"ocean_menu_typo_line_height_tablet":0,"ocean_menu_typo_line_height_mobile":0,"ocean_menu_typo_line_height_unit":"","ocean_menu_typo_spacing":0,"ocean_menu_typo_spacing_tablet":0,"ocean_menu_typo_spacing_mobile":0,"ocean_menu_typo_spacing_unit":"","ocean_menu_link_color":"","ocean_menu_link_color_hover":"","ocean_menu_link_color_active":"","ocean_menu_link_background":"","ocean_menu_link_hover_background":"","ocean_menu_link_active_background":"","ocean_menu_social_links_bg":"","ocean_menu_social_hover_links_bg":"","ocean_menu_social_links_color":"","ocean_menu_social_hover_links_color":"","ocean_disable_title":"on","ocean_disable_heading":"default","ocean_post_title":"","ocean_post_subheading":"","ocean_post_title_style":"","ocean_post_title_background_color":"","ocean_post_title_background":0,"ocean_post_title_bg_image_position":"","ocean_post_title_bg_image_attachment":"","ocean_post_title_bg_image_repeat":"","ocean_post_title_bg_image_size":"","ocean_post_title_height":0,"ocean_post_title_bg_overlay":0.5,"ocean_post_title_bg_overlay_color":"","ocean_disable_breadcrumbs":"default","ocean_breadcrumbs_color":"","ocean_breadcrumbs_separator_color":"","ocean_breadcrumbs_links_color":"","ocean_breadcrumbs_links_hover_color":"","ocean_display_footer_widgets":"off","ocean_display_footer_bottom":"off","ocean_custom_footer_template":"","footnotes":""},"class_list":["post-81","page","type-page","status-publish","hentry","entry"],"yoast_head":"<!-- This site is optimized with the Yoast SEO plugin v27.5 - https:\/\/yoast.com\/product\/yoast-seo-wordpress\/ -->\n<title>\u00dcber Glasvitrinen - Vitrinen aus Holz -Schauvitrinen<\/title>\n<meta name=\"robots\" content=\"index, follow, max-snippet:-1, max-image-preview:large, max-video-preview:-1\" \/>\n<link rel=\"canonical\" href=\"https:\/\/vitrinen-hesemann.de\/index.php\/ueber-glasvitrinen\/\" \/>\n<meta property=\"og:locale\" content=\"de_DE\" \/>\n<meta property=\"og:type\" content=\"article\" \/>\n<meta property=\"og:title\" content=\"\u00dcber Glasvitrinen - Vitrinen aus Holz -Schauvitrinen\" \/>\n<meta property=\"og:description\" content=\"Home Holzvitrinen \u00dcber Holzvitrinen Manufaktur Planung\/Entwurf Eine Vitrine entsteht RH-Haubenvitrinen RH-Haubenvitrinen-STD Schrankvitrinen Standvitrinen Sockelvitrinen Tischvitrinen Wandvitrinen Sammlervitrinen Automodellvitrinen Modellbahnvitrinen Golfballvitrinen RH-Galeriesockel Glasvitrinen \u00dcber Glasvitrinen Stand-\/Schrankvitrinen Hauben-\/Sockelvitrinen Aufsatzvitrinen Wand-\/H\u00e4ngevitrinen Tischvitrinen Theken-\/Sockelvitrinen Schauk\u00e4sten Innen Schauk\u00e4sten au\u00dfen Hustenschutz Beleuchtung Referenzen Impressum \/ Kontakt Impressum Kontaktformular Datenschutz AGB Home Holzvitrinen \u00dcber Holzvitrinen Manufaktur Planung\/Entwurf Eine Vitrine entsteht RH-Haubenvitrinen RH-Haubenvitrinen-STD Schrankvitrinen Standvitrinen Sockelvitrinen Tischvitrinen Wandvitrinen Sammlervitrinen Automodellvitrinen Modellbahnvitrinen Golfballvitrinen RH-Galeriesockel Glasvitrinen \u00dcber Glasvitrinen Stand-\/Schrankvitrinen Hauben-\/Sockelvitrinen Aufsatzvitrinen Wand-\/H\u00e4ngevitrinen Tischvitrinen Theken-\/Sockelvitrinen Schauk\u00e4sten Innen Schauk\u00e4sten au\u00dfen Hustenschutz Beleuchtung Referenzen Impressum \/ Kontakt Impressum Kontaktformular Datenschutz AGB Vitrinen aus Glas&#8230; Vitrinen sind die optimale L\u00f6sung&#8230;&#8230;wenn es darum geht, hochwertige und wertvolle Exponate auf ansprechende Art zu pr\u00e4sentieren. Glasvitrinen verleihen R\u00e4umen einen besonderen Flair.Die Flexibilit\u00e4t der Formgebung und der m\u00f6glichen Farb- und Materialkombination bietet einen gro\u00dfen Spielraum bei der Raumgestaltung. Effektvolle Beleuchtungsvarianten setzen die ausgestellten Produkte ins perfekte Licht. Vitrinen sind die optimale L\u00f6sung&#8230;&#8230;wenn es darum geht, hochwertige und wertvolle Exponate auf ansprechende Art zu pr\u00e4sentieren. Glasvitrinen verleihen R\u00e4umen einen besonderen Flair.Die Flexibilit\u00e4t der Formgebung und der m\u00f6glichen Farb- und Materialkombination bietet einen gro\u00dfen Spielraum bei der Raumgestaltung. Effektvolle Beleuchtungsvarianten setzen die ausgestellten Produkte ins perfekte Licht. Standvitrinen Haubenvitrinen Aufsatzvitrinen Wandvitrinen Tischvitrinen Theken-\/Sockelvitrinen Schauk\u00e4sten (Innen) Schauk\u00e4sten (Au\u00dfen) Beleuchtung Husten-Niesschutz Was immer Sie pr\u00e4sentieren wollen, Vitrinen Hesemann liefert Ihnen die dazu passende Vitrine!Fragen Sie uns: Tel: +49 (0) 57 75 &#8211; 14 51 &#8211; Fax: +49 (0) 57 75 &#8211; 96 73 51 &#8211; Mobil: +49 (0)160 &#8211; 9 33 29 100\u00a0\u2197Kontaktformular Galerie Ausstellung Oppenweher Str. 15 32351 Stemwede-Oppenwehe \u00d6ffnung nach Terminabsprache \u00a9 Vitrinen-Hesemann 2023 KontaktdatenPostanschrift:Reinhard HesemannIn der Heide 24 &#8211; D-32369 RahdenTelefon: +49 (0) 57 75 &#8211; 14 51FAX: +49 (0) 57 75 &#8211; 96 73 51Mobil: +49 (0)160 &#8211; 9 33 29 100E-mail: info(at)hesemann.eu\" \/>\n<meta property=\"og:url\" content=\"https:\/\/vitrinen-hesemann.de\/index.php\/ueber-glasvitrinen\/\" \/>\n<meta property=\"og:site_name\" content=\"Vitrinen aus Holz -Schauvitrinen\" \/>\n<meta property=\"article:modified_time\" content=\"2024-03-10T12:38:48+00:00\" \/>\n<meta property=\"og:image\" content=\"https:\/\/interesting-euclid.95-216-9-226.plesk.page\/wp-content\/uploads\/2024\/03\/hesemann-vitrinen-schwarz.png\" \/>\n<meta name=\"twitter:card\" content=\"summary_large_image\" \/>\n<meta name=\"twitter:label1\" content=\"Gesch\u00e4tzte Lesezeit\" \/>\n\t<meta name=\"twitter:data1\" content=\"5\u00a0Minuten\" \/>\n<script type=\"application\/ld+json\" class=\"yoast-schema-graph\">{\"@context\":\"https:\\\/\\\/schema.org\",\"@graph\":[{\"@type\":\"WebPage\",\"@id\":\"https:\\\/\\\/vitrinen-hesemann.de\\\/index.php\\\/ueber-glasvitrinen\\\/\",\"url\":\"https:\\\/\\\/vitrinen-hesemann.de\\\/index.php\\\/ueber-glasvitrinen\\\/\",\"name\":\"\u00dcber Glasvitrinen - Vitrinen aus Holz -Schauvitrinen\",\"isPartOf\":{\"@id\":\"https:\\\/\\\/vitrinen-hesemann.de\\\/#website\"},\"primaryImageOfPage\":{\"@id\":\"https:\\\/\\\/vitrinen-hesemann.de\\\/index.php\\\/ueber-glasvitrinen\\\/#primaryimage\"},\"image\":{\"@id\":\"https:\\\/\\\/vitrinen-hesemann.de\\\/index.php\\\/ueber-glasvitrinen\\\/#primaryimage\"},\"thumbnailUrl\":\"https:\\\/\\\/interesting-euclid.95-216-9-226.plesk.page\\\/wp-content\\\/uploads\\\/2024\\\/03\\\/hesemann-vitrinen-schwarz.png\",\"datePublished\":\"2024-03-09T13:04:42+00:00\",\"dateModified\":\"2024-03-10T12:38:48+00:00\",\"breadcrumb\":{\"@id\":\"https:\\\/\\\/vitrinen-hesemann.de\\\/index.php\\\/ueber-glasvitrinen\\\/#breadcrumb\"},\"inLanguage\":\"de\",\"potentialAction\":[{\"@type\":\"ReadAction\",\"target\":[\"https:\\\/\\\/vitrinen-hesemann.de\\\/index.php\\\/ueber-glasvitrinen\\\/\"]}]},{\"@type\":\"ImageObject\",\"inLanguage\":\"de\",\"@id\":\"https:\\\/\\\/vitrinen-hesemann.de\\\/index.php\\\/ueber-glasvitrinen\\\/#primaryimage\",\"url\":\"https:\\\/\\\/interesting-euclid.95-216-9-226.plesk.page\\\/wp-content\\\/uploads\\\/2024\\\/03\\\/hesemann-vitrinen-schwarz.png\",\"contentUrl\":\"https:\\\/\\\/interesting-euclid.95-216-9-226.plesk.page\\\/wp-content\\\/uploads\\\/2024\\\/03\\\/hesemann-vitrinen-schwarz.png\"},{\"@type\":\"BreadcrumbList\",\"@id\":\"https:\\\/\\\/vitrinen-hesemann.de\\\/index.php\\\/ueber-glasvitrinen\\\/#breadcrumb\",\"itemListElement\":[{\"@type\":\"ListItem\",\"position\":1,\"name\":\"Startseite\",\"item\":\"https:\\\/\\\/vitrinen-hesemann.de\\\/\"},{\"@type\":\"ListItem\",\"position\":2,\"name\":\"\u00dcber Glasvitrinen\"}]},{\"@type\":\"WebSite\",\"@id\":\"https:\\\/\\\/vitrinen-hesemann.de\\\/#website\",\"url\":\"https:\\\/\\\/vitrinen-hesemann.de\\\/\",\"name\":\"Vitrinen aus Holz -Schauvitrinen\",\"description\":\"\",\"potentialAction\":[{\"@type\":\"SearchAction\",\"target\":{\"@type\":\"EntryPoint\",\"urlTemplate\":\"https:\\\/\\\/vitrinen-hesemann.de\\\/?s={search_term_string}\"},\"query-input\":{\"@type\":\"PropertyValueSpecification\",\"valueRequired\":true,\"valueName\":\"search_term_string\"}}],\"inLanguage\":\"de\"}]}<\/script>\n<!-- \/ Yoast SEO plugin. -->","yoast_head_json":{"title":"\u00dcber Glasvitrinen - Vitrinen aus Holz -Schauvitrinen","robots":{"index":"index","follow":"follow","max-snippet":"max-snippet:-1","max-image-preview":"max-image-preview:large","max-video-preview":"max-video-preview:-1"},"canonical":"https:\/\/vitrinen-hesemann.de\/index.php\/ueber-glasvitrinen\/","og_locale":"de_DE","og_type":"article","og_title":"\u00dcber Glasvitrinen - Vitrinen aus Holz -Schauvitrinen","og_description":"Home Holzvitrinen \u00dcber Holzvitrinen Manufaktur Planung\/Entwurf Eine Vitrine entsteht RH-Haubenvitrinen RH-Haubenvitrinen-STD Schrankvitrinen Standvitrinen Sockelvitrinen Tischvitrinen Wandvitrinen Sammlervitrinen Automodellvitrinen Modellbahnvitrinen Golfballvitrinen RH-Galeriesockel Glasvitrinen \u00dcber Glasvitrinen Stand-\/Schrankvitrinen Hauben-\/Sockelvitrinen Aufsatzvitrinen Wand-\/H\u00e4ngevitrinen Tischvitrinen Theken-\/Sockelvitrinen Schauk\u00e4sten Innen Schauk\u00e4sten au\u00dfen Hustenschutz Beleuchtung Referenzen Impressum \/ Kontakt Impressum Kontaktformular Datenschutz AGB Home Holzvitrinen \u00dcber Holzvitrinen Manufaktur Planung\/Entwurf Eine Vitrine entsteht RH-Haubenvitrinen RH-Haubenvitrinen-STD Schrankvitrinen Standvitrinen Sockelvitrinen Tischvitrinen Wandvitrinen Sammlervitrinen Automodellvitrinen Modellbahnvitrinen Golfballvitrinen RH-Galeriesockel Glasvitrinen \u00dcber Glasvitrinen Stand-\/Schrankvitrinen Hauben-\/Sockelvitrinen Aufsatzvitrinen Wand-\/H\u00e4ngevitrinen Tischvitrinen Theken-\/Sockelvitrinen Schauk\u00e4sten Innen Schauk\u00e4sten au\u00dfen Hustenschutz Beleuchtung Referenzen Impressum \/ Kontakt Impressum Kontaktformular Datenschutz AGB Vitrinen aus Glas&#8230; Vitrinen sind die optimale L\u00f6sung&#8230;&#8230;wenn es darum geht, hochwertige und wertvolle Exponate auf ansprechende Art zu pr\u00e4sentieren. Glasvitrinen verleihen R\u00e4umen einen besonderen Flair.Die Flexibilit\u00e4t der Formgebung und der m\u00f6glichen Farb- und Materialkombination bietet einen gro\u00dfen Spielraum bei der Raumgestaltung. Effektvolle Beleuchtungsvarianten setzen die ausgestellten Produkte ins perfekte Licht. Vitrinen sind die optimale L\u00f6sung&#8230;&#8230;wenn es darum geht, hochwertige und wertvolle Exponate auf ansprechende Art zu pr\u00e4sentieren. Glasvitrinen verleihen R\u00e4umen einen besonderen Flair.Die Flexibilit\u00e4t der Formgebung und der m\u00f6glichen Farb- und Materialkombination bietet einen gro\u00dfen Spielraum bei der Raumgestaltung. Effektvolle Beleuchtungsvarianten setzen die ausgestellten Produkte ins perfekte Licht. Standvitrinen Haubenvitrinen Aufsatzvitrinen Wandvitrinen Tischvitrinen Theken-\/Sockelvitrinen Schauk\u00e4sten (Innen) Schauk\u00e4sten (Au\u00dfen) Beleuchtung Husten-Niesschutz Was immer Sie pr\u00e4sentieren wollen, Vitrinen Hesemann liefert Ihnen die dazu passende Vitrine!Fragen Sie uns: Tel: +49 (0) 57 75 &#8211; 14 51 &#8211; Fax: +49 (0) 57 75 &#8211; 96 73 51 &#8211; Mobil: +49 (0)160 &#8211; 9 33 29 100\u00a0\u2197Kontaktformular Galerie Ausstellung Oppenweher Str. 15 32351 Stemwede-Oppenwehe \u00d6ffnung nach Terminabsprache \u00a9 Vitrinen-Hesemann 2023 KontaktdatenPostanschrift:Reinhard HesemannIn der Heide 24 &#8211; D-32369 RahdenTelefon: +49 (0) 57 75 &#8211; 14 51FAX: +49 (0) 57 75 &#8211; 96 73 51Mobil: +49 (0)160 &#8211; 9 33 29 100E-mail: info(at)hesemann.eu","og_url":"https:\/\/vitrinen-hesemann.de\/index.php\/ueber-glasvitrinen\/","og_site_name":"Vitrinen aus Holz -Schauvitrinen","article_modified_time":"2024-03-10T12:38:48+00:00","og_image":[{"url":"https:\/\/interesting-euclid.95-216-9-226.plesk.page\/wp-content\/uploads\/2024\/03\/hesemann-vitrinen-schwarz.png","type":"","width":"","height":""}],"twitter_card":"summary_large_image","twitter_misc":{"Gesch\u00e4tzte Lesezeit":"5\u00a0Minuten"},"schema":{"@context":"https:\/\/schema.org","@graph":[{"@type":"WebPage","@id":"https:\/\/vitrinen-hesemann.de\/index.php\/ueber-glasvitrinen\/","url":"https:\/\/vitrinen-hesemann.de\/index.php\/ueber-glasvitrinen\/","name":"\u00dcber Glasvitrinen - Vitrinen aus Holz -Schauvitrinen","isPartOf":{"@id":"https:\/\/vitrinen-hesemann.de\/#website"},"primaryImageOfPage":{"@id":"https:\/\/vitrinen-hesemann.de\/index.php\/ueber-glasvitrinen\/#primaryimage"},"image":{"@id":"https:\/\/vitrinen-hesemann.de\/index.php\/ueber-glasvitrinen\/#primaryimage"},"thumbnailUrl":"https:\/\/interesting-euclid.95-216-9-226.plesk.page\/wp-content\/uploads\/2024\/03\/hesemann-vitrinen-schwarz.png","datePublished":"2024-03-09T13:04:42+00:00","dateModified":"2024-03-10T12:38:48+00:00","breadcrumb":{"@id":"https:\/\/vitrinen-hesemann.de\/index.php\/ueber-glasvitrinen\/#breadcrumb"},"inLanguage":"de","potentialAction":[{"@type":"ReadAction","target":["https:\/\/vitrinen-hesemann.de\/index.php\/ueber-glasvitrinen\/"]}]},{"@type":"ImageObject","inLanguage":"de","@id":"https:\/\/vitrinen-hesemann.de\/index.php\/ueber-glasvitrinen\/#primaryimage","url":"https:\/\/interesting-euclid.95-216-9-226.plesk.page\/wp-content\/uploads\/2024\/03\/hesemann-vitrinen-schwarz.png","contentUrl":"https:\/\/interesting-euclid.95-216-9-226.plesk.page\/wp-content\/uploads\/2024\/03\/hesemann-vitrinen-schwarz.png"},{"@type":"BreadcrumbList","@id":"https:\/\/vitrinen-hesemann.de\/index.php\/ueber-glasvitrinen\/#breadcrumb","itemListElement":[{"@type":"ListItem","position":1,"name":"Startseite","item":"https:\/\/vitrinen-hesemann.de\/"},{"@type":"ListItem","position":2,"name":"\u00dcber Glasvitrinen"}]},{"@type":"WebSite","@id":"https:\/\/vitrinen-hesemann.de\/#website","url":"https:\/\/vitrinen-hesemann.de\/","name":"Vitrinen aus Holz -Schauvitrinen","description":"","potentialAction":[{"@type":"SearchAction","target":{"@type":"EntryPoint","urlTemplate":"https:\/\/vitrinen-hesemann.de\/?s={search_term_string}"},"query-input":{"@type":"PropertyValueSpecification","valueRequired":true,"valueName":"search_term_string"}}],"inLanguage":"de"}]}},"_links":{"self":[{"href":"https:\/\/vitrinen-hesemann.de\/index.php\/wp-json\/wp\/v2\/pages\/81","targetHints":{"allow":["GET"]}}],"collection":[{"href":"https:\/\/vitrinen-hesemann.de\/index.php\/wp-json\/wp\/v2\/pages"}],"about":[{"href":"https:\/\/vitrinen-hesemann.de\/index.php\/wp-json\/wp\/v2\/types\/page"}],"author":[{"embeddable":true,"href":"https:\/\/vitrinen-hesemann.de\/index.php\/wp-json\/wp\/v2\/users\/1"}],"replies":[{"embeddable":true,"href":"https:\/\/vitrinen-hesemann.de\/index.php\/wp-json\/wp\/v2\/comments?post=81"}],"version-history":[{"count":20,"href":"https:\/\/vitrinen-hesemann.de\/index.php\/wp-json\/wp\/v2\/pages\/81\/revisions"}],"predecessor-version":[{"id":619,"href":"https:\/\/vitrinen-hesemann.de\/index.php\/wp-json\/wp\/v2\/pages\/81\/revisions\/619"}],"wp:attachment":[{"href":"https:\/\/vitrinen-hesemann.de\/index.php\/wp-json\/wp\/v2\/media?parent=81"}],"curies":[{"name":"wp","href":"https:\/\/api.w.org\/{rel}","templated":true}]}}