{"id":237,"date":"2024-03-09T14:10:22","date_gmt":"2024-03-09T14:10:22","guid":{"rendered":"https:\/\/interesting-euclid.95-216-9-226.plesk.page\/?page_id=237"},"modified":"2024-03-23T16:34:48","modified_gmt":"2024-03-23T16:34:48","slug":"eine-vitrine-entsteht","status":"publish","type":"page","link":"https:\/\/vitrinen-hesemann.de\/index.php\/manufaktur\/eine-vitrine-entsteht\/","title":{"rendered":"Eine Vitrine entsteht"},"content":{"rendered":"\t\t<div data-elementor-type=\"wp-page\" data-elementor-id=\"237\" class=\"elementor elementor-237\">\n\t\t\t\t<div class=\"elementor-element elementor-element-680cacc7 e-flex e-con-boxed wpr-particle-no wpr-jarallax-no wpr-parallax-no wpr-sticky-section-no wpr-equal-height-no e-con e-parent\" data-id=\"680cacc7\" data-element_type=\"container\" data-e-type=\"container\">\n\t\t\t\t\t<div class=\"e-con-inner\">\n\t\t<div class=\"elementor-element elementor-element-134760de e-con-full e-flex wpr-particle-no wpr-jarallax-no wpr-parallax-no wpr-sticky-section-no wpr-equal-height-no e-con e-child\" data-id=\"134760de\" data-element_type=\"container\" data-e-type=\"container\">\n\t\t\t\t<div class=\"elementor-element elementor-element-6bb9e60f elementor-widget elementor-widget-image\" data-id=\"6bb9e60f\" data-element_type=\"widget\" data-e-type=\"widget\" data-widget_type=\"image.default\">\n\t\t\t\t<div class=\"elementor-widget-container\">\n\t\t\t\t\t\t\t\t\t\t\t\t\t\t\t<img fetchpriority=\"high\" decoding=\"async\" width=\"435\" height=\"185\" src=\"https:\/\/vitrinen-hesemann.de\/wp-content\/uploads\/2024\/03\/hesemann-vitrinen-schwarz.png\" class=\"attachment-large size-large wp-image-280\" alt=\"\" srcset=\"https:\/\/vitrinen-hesemann.de\/wp-content\/uploads\/2024\/03\/hesemann-vitrinen-schwarz.png 435w, https:\/\/vitrinen-hesemann.de\/wp-content\/uploads\/2024\/03\/hesemann-vitrinen-schwarz-300x128.png 300w\" sizes=\"(max-width: 435px) 100vw, 435px\" \/>\t\t\t\t\t\t\t\t\t\t\t\t\t\t\t<\/div>\n\t\t\t\t<\/div>\n\t\t\t\t<div class=\"elementor-element elementor-element-4f751686 wpr-pointer-none wpr-sub-menu-fx-slide wpr-sub-icon-chevron-down wpr-mobile-toggle-v2 wpr-main-menu-align-center wpr-main-menu-align--tabletcenter wpr-main-menu-align--mobileleft wpr-nav-menu-bp-mobile wpr-mobile-menu-full-width wpr-mobile-menu-item-align-center wpr-mobile-divider-yes elementor-widget elementor-widget-wpr-nav-menu\" data-id=\"4f751686\" data-element_type=\"widget\" data-e-type=\"widget\" data-settings=\"{&quot;menu_layout&quot;:&quot;horizontal&quot;}\" data-widget_type=\"wpr-nav-menu.default\">\n\t\t\t\t<div class=\"elementor-widget-container\">\n\t\t\t\t\t<nav class=\"wpr-nav-menu-container wpr-nav-menu-horizontal\" data-trigger=\"hover\" data-consider-header=\"\" data-scroll-speed=\"500\"><ul id=\"menu-1-4f751686\" class=\"wpr-nav-menu\"><li class=\"menu-item menu-item-type-post_type menu-item-object-page menu-item-home menu-item-122\"><a href=\"https:\/\/vitrinen-hesemann.de\/\" class=\"wpr-menu-item wpr-pointer-item\">Home<\/a><\/li>\n<li class=\"menu-item menu-item-type-custom menu-item-object-custom menu-item-796\"><a href=\"http:\/\/shop.hesemann.eu\" class=\"wpr-menu-item wpr-pointer-item\">Shop &#038; Mehr Infos<\/a><\/li>\n<li class=\"menu-item menu-item-type-post_type menu-item-object-page menu-item-795\"><a href=\"https:\/\/vitrinen-hesemann.de\/index.php\/referenzen\/\" class=\"wpr-menu-item wpr-pointer-item\">Referenzen<\/a><\/li>\n<li class=\"menu-item menu-item-type-custom menu-item-object-custom menu-item-872\"><a href=\"https:\/\/vitrinen-hesemann.de\/wp-content\/uploads\/2025\/05\/vitrinen_flyerA4_10_2023.pdf\" class=\"wpr-menu-item wpr-pointer-item\">Flyer<\/a><\/li>\n<li class=\"menu-item menu-item-type-post_type menu-item-object-page menu-item-has-children menu-item-157\"><a aria-haspopup=\"true\" aria-expanded=\"false\" href=\"https:\/\/vitrinen-hesemann.de\/index.php\/impressum\/\" class=\"wpr-menu-item wpr-pointer-item\">Impressum \/ Kontakt<i class=\"wpr-sub-icon fas\" aria-hidden=\"true\"><\/i><\/a>\n<ul class=\"sub-menu wpr-sub-menu\">\n\t<li class=\"menu-item menu-item-type-post_type menu-item-object-page menu-item-161\"><a href=\"https:\/\/vitrinen-hesemann.de\/index.php\/impressum\/\" class=\"wpr-sub-menu-item\">Impressum<\/a><\/li>\n\t<li class=\"menu-item menu-item-type-post_type menu-item-object-page menu-item-160\"><a href=\"https:\/\/vitrinen-hesemann.de\/index.php\/impressum\/kontaktformular\/\" class=\"wpr-sub-menu-item\">Kontaktformular<\/a><\/li>\n\t<li class=\"menu-item menu-item-type-post_type menu-item-object-page menu-item-159\"><a href=\"https:\/\/vitrinen-hesemann.de\/index.php\/impressum\/datenschutz\/\" class=\"wpr-sub-menu-item\">Datenschutz<\/a><\/li>\n\t<li class=\"menu-item menu-item-type-post_type menu-item-object-page menu-item-158\"><a href=\"https:\/\/vitrinen-hesemann.de\/index.php\/impressum\/agb\/\" class=\"wpr-sub-menu-item\">AGB<\/a><\/li>\n<\/ul>\n<\/li>\n<\/ul><\/nav><nav class=\"wpr-mobile-nav-menu-container\"><div class=\"wpr-mobile-toggle-wrap\"><div class=\"wpr-mobile-toggle\"><span class=\"wpr-mobile-toggle-line\"><\/span><span class=\"wpr-mobile-toggle-line\"><\/span><span class=\"wpr-mobile-toggle-line\"><\/span><\/div><\/div><ul id=\"mobile-menu-2-4f751686\" class=\"wpr-mobile-nav-menu\"><li class=\"menu-item menu-item-type-post_type menu-item-object-page menu-item-home menu-item-122\"><a href=\"https:\/\/vitrinen-hesemann.de\/\" class=\"wpr-mobile-menu-item\">Home<\/a><\/li>\n<li class=\"menu-item menu-item-type-custom menu-item-object-custom menu-item-796\"><a href=\"http:\/\/shop.hesemann.eu\" class=\"wpr-mobile-menu-item\">Shop &#038; Mehr Infos<\/a><\/li>\n<li class=\"menu-item menu-item-type-post_type menu-item-object-page menu-item-795\"><a href=\"https:\/\/vitrinen-hesemann.de\/index.php\/referenzen\/\" class=\"wpr-mobile-menu-item\">Referenzen<\/a><\/li>\n<li class=\"menu-item menu-item-type-custom menu-item-object-custom menu-item-872\"><a href=\"https:\/\/vitrinen-hesemann.de\/wp-content\/uploads\/2025\/05\/vitrinen_flyerA4_10_2023.pdf\" class=\"wpr-mobile-menu-item\">Flyer<\/a><\/li>\n<li class=\"menu-item menu-item-type-post_type menu-item-object-page menu-item-has-children menu-item-157\"><a href=\"https:\/\/vitrinen-hesemann.de\/index.php\/impressum\/\" class=\"wpr-mobile-menu-item\">Impressum \/ Kontakt<\/a>\n<ul class=\"sub-menu wpr-sub-menu\">\n\t<li class=\"menu-item menu-item-type-post_type menu-item-object-page menu-item-161\"><a href=\"https:\/\/vitrinen-hesemann.de\/index.php\/impressum\/\" class=\"wpr-mobile-sub-menu-item\">Impressum<\/a><\/li>\n\t<li class=\"menu-item menu-item-type-post_type menu-item-object-page menu-item-160\"><a href=\"https:\/\/vitrinen-hesemann.de\/index.php\/impressum\/kontaktformular\/\" class=\"wpr-mobile-sub-menu-item\">Kontaktformular<\/a><\/li>\n\t<li class=\"menu-item menu-item-type-post_type menu-item-object-page menu-item-159\"><a href=\"https:\/\/vitrinen-hesemann.de\/index.php\/impressum\/datenschutz\/\" class=\"wpr-mobile-sub-menu-item\">Datenschutz<\/a><\/li>\n\t<li class=\"menu-item menu-item-type-post_type menu-item-object-page menu-item-158\"><a href=\"https:\/\/vitrinen-hesemann.de\/index.php\/impressum\/agb\/\" class=\"wpr-mobile-sub-menu-item\">AGB<\/a><\/li>\n<\/ul>\n<\/li>\n<\/ul><\/nav>\t\t\t\t<\/div>\n\t\t\t\t<\/div>\n\t\t\t\t<\/div>\n\t\t\t\t\t<\/div>\n\t\t\t\t<\/div>\n\t\t<div class=\"elementor-element elementor-element-cfa88da e-flex e-con-boxed wpr-particle-no wpr-jarallax-no wpr-parallax-no wpr-sticky-section-no wpr-equal-height-no e-con e-parent\" data-id=\"cfa88da\" data-element_type=\"container\" data-e-type=\"container\">\n\t\t\t\t\t<div class=\"e-con-inner\">\n\t\t\t\t<div class=\"elementor-element elementor-element-23dd726 elementor-widget elementor-widget-heading\" data-id=\"23dd726\" data-element_type=\"widget\" data-e-type=\"widget\" data-widget_type=\"heading.default\">\n\t\t\t\t<div class=\"elementor-widget-container\">\n\t\t\t\t\t<h2 class=\"elementor-heading-title elementor-size-default\">Eine Vitrine entsteht...<\/h2>\t\t\t\t<\/div>\n\t\t\t\t<\/div>\n\t\t\t\t<div class=\"elementor-element elementor-element-97ed234 elementor-widget elementor-widget-text-editor\" data-id=\"97ed234\" data-element_type=\"widget\" data-e-type=\"widget\" data-widget_type=\"text-editor.default\">\n\t\t\t\t<div class=\"elementor-widget-container\">\n\t\t\t\t\t\t\t\t\t<div id=\"imCellStyleBorders_2\"><i><span class=\"cf1\">Als Meisterbetrieb sind wir traditionellem Handwerk verpflichtet, damit bieten wir Ihnen die Gew\u00e4hr einer hochwertigen Qualit\u00e4t unserer Vitrinen. Unsere Edelholzvitrinen werden nicht industriell in Massenfertigung, sondern als Unikate von Hand gefertigt. <\/span><span class=\"cf1\">An dieser Stelle zeigen wir Ihnen einige Detailaufnahmen, die w\u00e4hrend der Arbeitsphasen entstanden sind.<\/span><\/i><\/div>\t\t\t\t\t\t\t\t<\/div>\n\t\t\t\t<\/div>\n\t\t\t\t\t<\/div>\n\t\t\t\t<\/div>\n\t\t<div class=\"elementor-element elementor-element-5c6220e e-flex e-con-boxed wpr-particle-no wpr-jarallax-no wpr-parallax-no wpr-sticky-section-no wpr-equal-height-no e-con e-parent\" data-id=\"5c6220e\" data-element_type=\"container\" data-e-type=\"container\">\n\t\t\t\t\t<div class=\"e-con-inner\">\n\t\t<div class=\"elementor-element elementor-element-08681f9 e-flex e-con-boxed wpr-particle-no wpr-jarallax-no wpr-parallax-no wpr-sticky-section-no wpr-equal-height-no e-con e-child\" data-id=\"08681f9\" data-element_type=\"container\" data-e-type=\"container\">\n\t\t\t\t\t<div class=\"e-con-inner\">\n\t\t<div class=\"elementor-element elementor-element-23f5f2c e-flex e-con-boxed wpr-particle-no wpr-jarallax-no wpr-parallax-no wpr-sticky-section-no wpr-equal-height-no e-con e-child\" data-id=\"23f5f2c\" data-element_type=\"container\" data-e-type=\"container\">\n\t\t\t\t\t<div class=\"e-con-inner\">\n\t\t\t\t<div class=\"elementor-element elementor-element-8259c85 elementor-widget elementor-widget-image\" data-id=\"8259c85\" data-element_type=\"widget\" data-e-type=\"widget\" data-widget_type=\"image.default\">\n\t\t\t\t<div class=\"elementor-widget-container\">\n\t\t\t\t\t\t\t\t\t\t\t\t\t\t\t\t<a href=\"https:\/\/interesting-euclid.95-216-9-226.plesk.page\/wp-content\/uploads\/2024\/03\/schrankvitrine-riga_unterschrank_detail_sb.jpg\" data-elementor-open-lightbox=\"yes\" data-e-action-hash=\"#elementor-action%3Aaction%3Dlightbox%26settings%3DeyJpZCI6NTk3LCJ1cmwiOiJodHRwczpcL1wvdml0cmluZW4taGVzZW1hbm4uZGVcL3dwLWNvbnRlbnRcL3VwbG9hZHNcLzIwMjRcLzAzXC9zY2hyYW5rdml0cmluZS1yaWdhX3VudGVyc2NocmFua19kZXRhaWxfc2IuanBnIn0%3D\">\n\t\t\t\t\t\t\t<img decoding=\"async\" width=\"687\" height=\"600\" src=\"https:\/\/vitrinen-hesemann.de\/wp-content\/uploads\/2024\/03\/schrankvitrine-riga_unterschrank_detail_sb.jpg\" class=\"attachment-large size-large wp-image-597\" alt=\"\" srcset=\"https:\/\/vitrinen-hesemann.de\/wp-content\/uploads\/2024\/03\/schrankvitrine-riga_unterschrank_detail_sb.jpg 687w, https:\/\/vitrinen-hesemann.de\/wp-content\/uploads\/2024\/03\/schrankvitrine-riga_unterschrank_detail_sb-300x262.jpg 300w\" sizes=\"(max-width: 687px) 100vw, 687px\" \/>\t\t\t\t\t\t\t\t<\/a>\n\t\t\t\t\t\t\t\t\t\t\t\t\t\t\t<\/div>\n\t\t\t\t<\/div>\n\t\t\t\t<div class=\"elementor-element elementor-element-53f099b elementor-widget elementor-widget-image\" data-id=\"53f099b\" data-element_type=\"widget\" data-e-type=\"widget\" data-widget_type=\"image.default\">\n\t\t\t\t<div class=\"elementor-widget-container\">\n\t\t\t\t\t\t\t\t\t\t\t\t\t\t\t\t<a href=\"https:\/\/interesting-euclid.95-216-9-226.plesk.page\/wp-content\/uploads\/2024\/03\/schrankvitrine-riga_unterschrank_detail_boden_sb.jpg\" data-elementor-open-lightbox=\"yes\" data-e-action-hash=\"#elementor-action%3Aaction%3Dlightbox%26settings%3DeyJpZCI6NTk4LCJ1cmwiOiJodHRwczpcL1wvdml0cmluZW4taGVzZW1hbm4uZGVcL3dwLWNvbnRlbnRcL3VwbG9hZHNcLzIwMjRcLzAzXC9zY2hyYW5rdml0cmluZS1yaWdhX3VudGVyc2NocmFua19kZXRhaWxfYm9kZW5fc2IuanBnIn0%3D\">\n\t\t\t\t\t\t\t<img decoding=\"async\" width=\"702\" height=\"600\" src=\"https:\/\/vitrinen-hesemann.de\/wp-content\/uploads\/2024\/03\/schrankvitrine-riga_unterschrank_detail_boden_sb.jpg\" class=\"attachment-large size-large wp-image-598\" alt=\"\" srcset=\"https:\/\/vitrinen-hesemann.de\/wp-content\/uploads\/2024\/03\/schrankvitrine-riga_unterschrank_detail_boden_sb.jpg 702w, https:\/\/vitrinen-hesemann.de\/wp-content\/uploads\/2024\/03\/schrankvitrine-riga_unterschrank_detail_boden_sb-300x256.jpg 300w\" sizes=\"(max-width: 702px) 100vw, 702px\" \/>\t\t\t\t\t\t\t\t<\/a>\n\t\t\t\t\t\t\t\t\t\t\t\t\t\t\t<\/div>\n\t\t\t\t<\/div>\n\t\t\t\t\t<\/div>\n\t\t\t\t<\/div>\n\t\t<div class=\"elementor-element elementor-element-6e7dfe7 e-flex e-con-boxed wpr-particle-no wpr-jarallax-no wpr-parallax-no wpr-sticky-section-no wpr-equal-height-no e-con e-child\" data-id=\"6e7dfe7\" data-element_type=\"container\" data-e-type=\"container\">\n\t\t\t\t\t<div class=\"e-con-inner\">\n\t\t\t\t<div class=\"elementor-element elementor-element-e9c81c2 elementor-widget elementor-widget-image\" data-id=\"e9c81c2\" data-element_type=\"widget\" data-e-type=\"widget\" data-widget_type=\"image.default\">\n\t\t\t\t<div class=\"elementor-widget-container\">\n\t\t\t\t\t\t\t\t\t\t\t\t\t\t\t\t<a href=\"https:\/\/interesting-euclid.95-216-9-226.plesk.page\/wp-content\/uploads\/2024\/03\/rahmen_detail_sb.jpg\" data-elementor-open-lightbox=\"yes\" data-e-action-hash=\"#elementor-action%3Aaction%3Dlightbox%26settings%3DeyJpZCI6NjAyLCJ1cmwiOiJodHRwczpcL1wvdml0cmluZW4taGVzZW1hbm4uZGVcL3dwLWNvbnRlbnRcL3VwbG9hZHNcLzIwMjRcLzAzXC9yYWhtZW5fZGV0YWlsX3NiLmpwZyJ9\">\n\t\t\t\t\t\t\t<img loading=\"lazy\" decoding=\"async\" width=\"765\" height=\"574\" src=\"https:\/\/vitrinen-hesemann.de\/wp-content\/uploads\/2024\/03\/rahmen_detail_sb.jpg\" class=\"attachment-large size-large wp-image-602\" alt=\"\" srcset=\"https:\/\/vitrinen-hesemann.de\/wp-content\/uploads\/2024\/03\/rahmen_detail_sb.jpg 765w, https:\/\/vitrinen-hesemann.de\/wp-content\/uploads\/2024\/03\/rahmen_detail_sb-300x225.jpg 300w\" sizes=\"(max-width: 765px) 100vw, 765px\" \/>\t\t\t\t\t\t\t\t<\/a>\n\t\t\t\t\t\t\t\t\t\t\t\t\t\t\t<\/div>\n\t\t\t\t<\/div>\n\t\t\t\t<div class=\"elementor-element elementor-element-af59a21 elementor-widget elementor-widget-image\" data-id=\"af59a21\" data-element_type=\"widget\" data-e-type=\"widget\" data-widget_type=\"image.default\">\n\t\t\t\t<div class=\"elementor-widget-container\">\n\t\t\t\t\t\t\t\t\t\t\t\t\t\t\t\t<a href=\"https:\/\/interesting-euclid.95-216-9-226.plesk.page\/wp-content\/uploads\/2024\/03\/schrankvitrine-riga_unterschrank_schloss_sb.jpg\" data-elementor-open-lightbox=\"yes\" data-e-action-hash=\"#elementor-action%3Aaction%3Dlightbox%26settings%3DeyJpZCI6NjAzLCJ1cmwiOiJodHRwczpcL1wvdml0cmluZW4taGVzZW1hbm4uZGVcL3dwLWNvbnRlbnRcL3VwbG9hZHNcLzIwMjRcLzAzXC9zY2hyYW5rdml0cmluZS1yaWdhX3VudGVyc2NocmFua19zY2hsb3NzX3NiLmpwZyJ9\">\n\t\t\t\t\t\t\t<img loading=\"lazy\" decoding=\"async\" width=\"737\" height=\"501\" src=\"https:\/\/vitrinen-hesemann.de\/wp-content\/uploads\/2024\/03\/schrankvitrine-riga_unterschrank_schloss_sb.jpg\" class=\"attachment-large size-large wp-image-603\" alt=\"\" srcset=\"https:\/\/vitrinen-hesemann.de\/wp-content\/uploads\/2024\/03\/schrankvitrine-riga_unterschrank_schloss_sb.jpg 737w, https:\/\/vitrinen-hesemann.de\/wp-content\/uploads\/2024\/03\/schrankvitrine-riga_unterschrank_schloss_sb-300x204.jpg 300w\" sizes=\"(max-width: 737px) 100vw, 737px\" \/>\t\t\t\t\t\t\t\t<\/a>\n\t\t\t\t\t\t\t\t\t\t\t\t\t\t\t<\/div>\n\t\t\t\t<\/div>\n\t\t\t\t<div class=\"elementor-element elementor-element-1ff3eae elementor-widget elementor-widget-image\" data-id=\"1ff3eae\" data-element_type=\"widget\" data-e-type=\"widget\" data-widget_type=\"image.default\">\n\t\t\t\t<div class=\"elementor-widget-container\">\n\t\t\t\t\t\t\t\t\t\t\t\t\t\t\t\t<a href=\"https:\/\/interesting-euclid.95-216-9-226.plesk.page\/wp-content\/uploads\/2024\/03\/schrankvitrine-riga_seiten_mittelrahmen_sb.jpg\" data-elementor-open-lightbox=\"yes\" data-e-action-hash=\"#elementor-action%3Aaction%3Dlightbox%26settings%3DeyJpZCI6NjA0LCJ1cmwiOiJodHRwczpcL1wvdml0cmluZW4taGVzZW1hbm4uZGVcL3dwLWNvbnRlbnRcL3VwbG9hZHNcLzIwMjRcLzAzXC9zY2hyYW5rdml0cmluZS1yaWdhX3NlaXRlbl9taXR0ZWxyYWhtZW5fc2IuanBnIn0%3D\">\n\t\t\t\t\t\t\t<img loading=\"lazy\" decoding=\"async\" width=\"385\" height=\"600\" src=\"https:\/\/vitrinen-hesemann.de\/wp-content\/uploads\/2024\/03\/schrankvitrine-riga_seiten_mittelrahmen_sb.jpg\" class=\"attachment-large size-large wp-image-604\" alt=\"\" srcset=\"https:\/\/vitrinen-hesemann.de\/wp-content\/uploads\/2024\/03\/schrankvitrine-riga_seiten_mittelrahmen_sb.jpg 385w, https:\/\/vitrinen-hesemann.de\/wp-content\/uploads\/2024\/03\/schrankvitrine-riga_seiten_mittelrahmen_sb-193x300.jpg 193w\" sizes=\"(max-width: 385px) 100vw, 385px\" \/>\t\t\t\t\t\t\t\t<\/a>\n\t\t\t\t\t\t\t\t\t\t\t\t\t\t\t<\/div>\n\t\t\t\t<\/div>\n\t\t\t\t\t<\/div>\n\t\t\t\t<\/div>\n\t\t<div class=\"elementor-element elementor-element-6641ce4 e-flex e-con-boxed wpr-particle-no wpr-jarallax-no wpr-parallax-no wpr-sticky-section-no wpr-equal-height-no e-con e-child\" data-id=\"6641ce4\" data-element_type=\"container\" data-e-type=\"container\">\n\t\t\t\t\t<div class=\"e-con-inner\">\n\t\t\t\t<div class=\"elementor-element elementor-element-bb98ef2 elementor-widget elementor-widget-image\" data-id=\"bb98ef2\" data-element_type=\"widget\" data-e-type=\"widget\" data-widget_type=\"image.default\">\n\t\t\t\t<div class=\"elementor-widget-container\">\n\t\t\t\t\t\t\t\t\t\t\t\t\t\t\t\t<a href=\"https:\/\/interesting-euclid.95-216-9-226.plesk.page\/wp-content\/uploads\/2024\/03\/vitrine_modell_riga_detail-1_sb.jpg\" data-elementor-open-lightbox=\"yes\" data-e-action-hash=\"#elementor-action%3Aaction%3Dlightbox%26settings%3DeyJpZCI6NjA1LCJ1cmwiOiJodHRwczpcL1wvdml0cmluZW4taGVzZW1hbm4uZGVcL3dwLWNvbnRlbnRcL3VwbG9hZHNcLzIwMjRcLzAzXC92aXRyaW5lX21vZGVsbF9yaWdhX2RldGFpbC0xX3NiLmpwZyJ9\">\n\t\t\t\t\t\t\t<img loading=\"lazy\" decoding=\"async\" width=\"765\" height=\"574\" src=\"https:\/\/vitrinen-hesemann.de\/wp-content\/uploads\/2024\/03\/vitrine_modell_riga_detail-1_sb.jpg\" class=\"attachment-large size-large wp-image-605\" alt=\"\" srcset=\"https:\/\/vitrinen-hesemann.de\/wp-content\/uploads\/2024\/03\/vitrine_modell_riga_detail-1_sb.jpg 765w, https:\/\/vitrinen-hesemann.de\/wp-content\/uploads\/2024\/03\/vitrine_modell_riga_detail-1_sb-300x225.jpg 300w\" sizes=\"(max-width: 765px) 100vw, 765px\" \/>\t\t\t\t\t\t\t\t<\/a>\n\t\t\t\t\t\t\t\t\t\t\t\t\t\t\t<\/div>\n\t\t\t\t<\/div>\n\t\t\t\t<div class=\"elementor-element elementor-element-24bf282 elementor-widget elementor-widget-image\" data-id=\"24bf282\" data-element_type=\"widget\" data-e-type=\"widget\" data-widget_type=\"image.default\">\n\t\t\t\t<div class=\"elementor-widget-container\">\n\t\t\t\t\t\t\t\t\t\t\t\t\t\t\t\t<a href=\"https:\/\/interesting-euclid.95-216-9-226.plesk.page\/wp-content\/uploads\/2024\/03\/vitrine_modell_riga_mittelrahmen-verleimen_sb.jpg\" data-elementor-open-lightbox=\"yes\" data-e-action-hash=\"#elementor-action%3Aaction%3Dlightbox%26settings%3DeyJpZCI6NjA2LCJ1cmwiOiJodHRwczpcL1wvdml0cmluZW4taGVzZW1hbm4uZGVcL3dwLWNvbnRlbnRcL3VwbG9hZHNcLzIwMjRcLzAzXC92aXRyaW5lX21vZGVsbF9yaWdhX21pdHRlbHJhaG1lbi12ZXJsZWltZW5fc2IuanBnIn0%3D\">\n\t\t\t\t\t\t\t<img loading=\"lazy\" decoding=\"async\" width=\"420\" height=\"600\" src=\"https:\/\/vitrinen-hesemann.de\/wp-content\/uploads\/2024\/03\/vitrine_modell_riga_mittelrahmen-verleimen_sb.jpg\" class=\"attachment-large size-large wp-image-606\" alt=\"\" srcset=\"https:\/\/vitrinen-hesemann.de\/wp-content\/uploads\/2024\/03\/vitrine_modell_riga_mittelrahmen-verleimen_sb.jpg 420w, https:\/\/vitrinen-hesemann.de\/wp-content\/uploads\/2024\/03\/vitrine_modell_riga_mittelrahmen-verleimen_sb-210x300.jpg 210w\" sizes=\"(max-width: 420px) 100vw, 420px\" \/>\t\t\t\t\t\t\t\t<\/a>\n\t\t\t\t\t\t\t\t\t\t\t\t\t\t\t<\/div>\n\t\t\t\t<\/div>\n\t\t\t\t<div class=\"elementor-element elementor-element-a00f497 elementor-widget elementor-widget-image\" data-id=\"a00f497\" data-element_type=\"widget\" data-e-type=\"widget\" data-widget_type=\"image.default\">\n\t\t\t\t<div class=\"elementor-widget-container\">\n\t\t\t\t\t\t\t\t\t\t\t\t\t\t\t\t<a href=\"https:\/\/interesting-euclid.95-216-9-226.plesk.page\/wp-content\/uploads\/2024\/03\/schrankvitrine-riga_unterschrank_sb.jpg\" data-elementor-open-lightbox=\"yes\" data-e-action-hash=\"#elementor-action%3Aaction%3Dlightbox%26settings%3DeyJpZCI6NjA3LCJ1cmwiOiJodHRwczpcL1wvdml0cmluZW4taGVzZW1hbm4uZGVcL3dwLWNvbnRlbnRcL3VwbG9hZHNcLzIwMjRcLzAzXC9zY2hyYW5rdml0cmluZS1yaWdhX3VudGVyc2NocmFua19zYi5qcGcifQ%3D%3D\">\n\t\t\t\t\t\t\t<img loading=\"lazy\" decoding=\"async\" width=\"643\" height=\"500\" src=\"https:\/\/vitrinen-hesemann.de\/wp-content\/uploads\/2024\/03\/schrankvitrine-riga_unterschrank_sb.jpg\" class=\"attachment-large size-large wp-image-607\" alt=\"\" srcset=\"https:\/\/vitrinen-hesemann.de\/wp-content\/uploads\/2024\/03\/schrankvitrine-riga_unterschrank_sb.jpg 643w, https:\/\/vitrinen-hesemann.de\/wp-content\/uploads\/2024\/03\/schrankvitrine-riga_unterschrank_sb-300x233.jpg 300w\" sizes=\"(max-width: 643px) 100vw, 643px\" \/>\t\t\t\t\t\t\t\t<\/a>\n\t\t\t\t\t\t\t\t\t\t\t\t\t\t\t<\/div>\n\t\t\t\t<\/div>\n\t\t\t\t\t<\/div>\n\t\t\t\t<\/div>\n\t\t\t\t\t<\/div>\n\t\t\t\t<\/div>\n\t\t<div class=\"elementor-element elementor-element-69341f0 e-flex e-con-boxed wpr-particle-no wpr-jarallax-no wpr-parallax-no wpr-sticky-section-no wpr-equal-height-no e-con e-child\" data-id=\"69341f0\" data-element_type=\"container\" data-e-type=\"container\">\n\t\t\t\t\t<div class=\"e-con-inner\">\n\t\t\t\t<div class=\"elementor-element elementor-element-bf9d456 elementor-widget elementor-widget-wpr-before-after\" data-id=\"bf9d456\" data-element_type=\"widget\" data-e-type=\"widget\" data-widget_type=\"wpr-before-after.default\">\n\t\t\t\t<div class=\"elementor-widget-container\">\n\t\t\t\t\t<div class=\"wpr-ba-image-container wpr-ba-horizontal wpr-ba-labels-default\" data-position=\"50\" data-trigger=\"drag\"><div class=\"wpr-ba-image-1\"><img decoding=\"async\" src=\"https:\/\/vitrinen-hesemann.de\/wp-content\/uploads\/2024\/03\/schrankvitrine-entwurf_2lig9yqe.jpg\"><\/div><div class=\"wpr-ba-image-2\"><img decoding=\"async\" src=\"https:\/\/vitrinen-hesemann.de\/wp-content\/uploads\/2024\/03\/schrankvitrine-600_l781ly07.jpg\"><\/div><div class=\"wpr-ba-divider\"><div class=\"wpr-ba-divider-icons\"><i class=\"fa fa-angle-left\"><\/i><i class=\"fa fa-angle-right\"><\/i><\/div><\/div><div class=\"wpr-ba-label wpr-ba-label-1\"><div>Entwurf<\/div><\/div><div class=\"wpr-ba-label wpr-ba-label-2\"><div>Fertige Vitrine<\/div><\/div><\/div>\t\t\t\t<\/div>\n\t\t\t\t<\/div>\n\t\t\t\t<div class=\"elementor-element elementor-element-7a97fee elementor-widget elementor-widget-text-editor\" data-id=\"7a97fee\" data-element_type=\"widget\" data-e-type=\"widget\" data-widget_type=\"text-editor.default\">\n\t\t\t\t<div class=\"elementor-widget-container\">\n\t\t\t\t\t\t\t\t\t<div class=\"imTACenter\"><span class=\"fs14lh1-5 cf1 ff1\"><b>Entwurf und fertige Vitrine<\/b><\/span><\/div><div class=\"imTACenter\"><span class=\"fs14lh1-5 ff1\"><span class=\"cf1\">Schrankvitrine, gebaut nach Kundenvorgabe als Unikat,<\/span><br \/><\/span><\/div><div class=\"imTACenter\"><span class=\"fs14lh1-5 cf1 ff1\">auf Grundlage unseres Vitrinenmodells RIGA.<\/span><\/div><div class=\"imTACenter\"><span class=\"fs14lh1-5 cf1 ff1\">Holz: Esche vollmassiv.<\/span><\/div>\t\t\t\t\t\t\t\t<\/div>\n\t\t\t\t<\/div>\n\t\t\t\t\t<\/div>\n\t\t\t\t<\/div>\n\t\t\t\t\t<\/div>\n\t\t\t\t<\/div>\n\t\t<div class=\"elementor-element elementor-element-5db8846 e-flex e-con-boxed wpr-particle-no wpr-jarallax-no wpr-parallax-no wpr-sticky-section-no wpr-equal-height-no e-con e-parent\" data-id=\"5db8846\" data-element_type=\"container\" data-e-type=\"container\">\n\t\t\t\t\t<div class=\"e-con-inner\">\n\t\t\t\t<div class=\"elementor-element elementor-element-c9ad3fb elementor-widget elementor-widget-spacer\" data-id=\"c9ad3fb\" data-element_type=\"widget\" data-e-type=\"widget\" data-widget_type=\"spacer.default\">\n\t\t\t\t<div class=\"elementor-widget-container\">\n\t\t\t\t\t\t\t<div class=\"elementor-spacer\">\n\t\t\t<div class=\"elementor-spacer-inner\"><\/div>\n\t\t<\/div>\n\t\t\t\t\t\t<\/div>\n\t\t\t\t<\/div>\n\t\t\t\t\t<\/div>\n\t\t\t\t<\/div>\n\t\t<div class=\"elementor-element elementor-element-147f502c e-con-full e-flex wpr-particle-no wpr-jarallax-no wpr-parallax-no wpr-sticky-section-no wpr-equal-height-no e-con e-parent\" data-id=\"147f502c\" data-element_type=\"container\" data-e-type=\"container\" data-settings=\"{&quot;background_background&quot;:&quot;classic&quot;}\">\n\t\t<div class=\"elementor-element elementor-element-f618a97 e-flex e-con-boxed wpr-particle-no wpr-jarallax-no wpr-parallax-no wpr-sticky-section-no wpr-equal-height-no e-con e-child\" data-id=\"f618a97\" data-element_type=\"container\" data-e-type=\"container\">\n\t\t\t\t\t<div class=\"e-con-inner\">\n\t\t\t\t<div class=\"elementor-element elementor-element-564f7d07 elementor-widget__width-initial elementor-widget elementor-widget-image\" data-id=\"564f7d07\" data-element_type=\"widget\" data-e-type=\"widget\" data-widget_type=\"image.default\">\n\t\t\t\t<div class=\"elementor-widget-container\">\n\t\t\t\t\t\t\t\t\t\t\t\t\t\t\t<img loading=\"lazy\" decoding=\"async\" width=\"118\" height=\"151\" src=\"https:\/\/vitrinen-hesemann.de\/wp-content\/uploads\/2024\/03\/logo_vitrinen.png\" class=\"attachment-large size-large wp-image-278\" alt=\"\" \/>\t\t\t\t\t\t\t\t\t\t\t\t\t\t\t<\/div>\n\t\t\t\t<\/div>\n\t\t\t\t<div class=\"elementor-element elementor-element-6303979e elementor-widget elementor-widget-text-editor\" data-id=\"6303979e\" data-element_type=\"widget\" data-e-type=\"widget\" data-widget_type=\"text-editor.default\">\n\t\t\t\t<div class=\"elementor-widget-container\">\n\t\t\t\t\t\t\t\t\t<span style=\"font-size: large;\">Galerie Ausstellung<\/span><br>\nOppenweher Str. 15<br>\n32351 Stemwede-Oppenwehe<br>\n\u00d6ffnung nach Terminabsprache\t\t\t\t\t\t\t\t<\/div>\n\t\t\t\t<\/div>\n\t\t\t\t<div class=\"elementor-element elementor-element-64106a00 elementor-widget elementor-widget-spacer\" data-id=\"64106a00\" data-element_type=\"widget\" data-e-type=\"widget\" data-widget_type=\"spacer.default\">\n\t\t\t\t<div class=\"elementor-widget-container\">\n\t\t\t\t\t\t\t<div class=\"elementor-spacer\">\n\t\t\t<div class=\"elementor-spacer-inner\"><\/div>\n\t\t<\/div>\n\t\t\t\t\t\t<\/div>\n\t\t\t\t<\/div>\n\t\t\t\t<div class=\"elementor-element elementor-element-4f5e4096 elementor-widget elementor-widget-text-editor\" data-id=\"4f5e4096\" data-element_type=\"widget\" data-e-type=\"widget\" data-widget_type=\"text-editor.default\">\n\t\t\t\t<div class=\"elementor-widget-container\">\n\t\t\t\t\t\t\t\t\t<p>\u00a9 Vitrinen-Hesemann 2023<\/p>\t\t\t\t\t\t\t\t<\/div>\n\t\t\t\t<\/div>\n\t\t\t\t<div class=\"elementor-element elementor-element-37aae578 elementor-widget elementor-widget-spacer\" data-id=\"37aae578\" data-element_type=\"widget\" data-e-type=\"widget\" data-widget_type=\"spacer.default\">\n\t\t\t\t<div class=\"elementor-widget-container\">\n\t\t\t\t\t\t\t<div class=\"elementor-spacer\">\n\t\t\t<div class=\"elementor-spacer-inner\"><\/div>\n\t\t<\/div>\n\t\t\t\t\t\t<\/div>\n\t\t\t\t<\/div>\n\t\t\t\t<div class=\"elementor-element elementor-element-658a077e elementor-widget__width-initial elementor-widget elementor-widget-text-editor\" data-id=\"658a077e\" data-element_type=\"widget\" data-e-type=\"widget\" data-widget_type=\"text-editor.default\">\n\t\t\t\t<div class=\"elementor-widget-container\">\n\t\t\t\t\t\t\t\t\t<p><span style=\"font-size: large;\">Kontaktdaten<\/span><br \/><strong>Postanschrift:<\/strong><br \/>Reinhard Hesemann<br \/>In der Heide 24 &#8211; D-32369 Rahden<br \/><strong>Telefon:<\/strong> +49 (0) 57 75 &#8211; 14 51<br \/><strong>FAX:<\/strong> +49 (0) 57 75 &#8211; 96 73 51<br \/><strong>Mobil:<\/strong> +49 (0)160 &#8211; 9 33 29 100<br \/><strong>E-mail:<\/strong> info(at)hesemann.eu<\/p>\t\t\t\t\t\t\t\t<\/div>\n\t\t\t\t<\/div>\n\t\t\t\t<div class=\"elementor-element elementor-element-947915a elementor-widget__width-initial elementor-widget elementor-widget-image\" data-id=\"947915a\" data-element_type=\"widget\" data-e-type=\"widget\" data-widget_type=\"image.default\">\n\t\t\t\t<div class=\"elementor-widget-container\">\n\t\t\t\t\t\t\t\t\t\t\t\t\t\t\t<img loading=\"lazy\" decoding=\"async\" width=\"118\" height=\"151\" src=\"https:\/\/vitrinen-hesemann.de\/wp-content\/uploads\/2024\/03\/logo-wohnenunddesign.png\" class=\"attachment-large size-large wp-image-279\" alt=\"\" \/>\t\t\t\t\t\t\t\t\t\t\t\t\t\t\t<\/div>\n\t\t\t\t<\/div>\n\t\t\t\t\t<\/div>\n\t\t\t\t<\/div>\n\t\t\t\t<\/div>\n\t\t\t\t<\/div>\n\t\t","protected":false},"excerpt":{"rendered":"<p>Home Holzvitrinen \u00dcber Holzvitrinen Manufaktur Planung\/Entwurf Eine Vitrine entsteht RH-Haubenvitrinen RH-Haubenvitrinen-STD Schrankvitrinen Standvitrinen Sockelvitrinen Tischvitrinen Wandvitrinen Sammlervitrinen Automodellvitrinen Modellbahnvitrinen Golfballvitrinen RH-Galeriesockel Glasvitrinen \u00dcber Glasvitrinen Stand-\/Schrankvitrinen Hauben-\/Sockelvitrinen Aufsatzvitrinen Wand-\/H\u00e4ngevitrinen Tischvitrinen Theken-\/Sockelvitrinen Schauk\u00e4sten Innen Schauk\u00e4sten au\u00dfen Hustenschutz Beleuchtung Referenzen Impressum \/ Kontakt Impressum Kontaktformular Datenschutz AGB Home Holzvitrinen \u00dcber Holzvitrinen Manufaktur Planung\/Entwurf Eine Vitrine entsteht RH-Haubenvitrinen RH-Haubenvitrinen-STD Schrankvitrinen Standvitrinen Sockelvitrinen Tischvitrinen Wandvitrinen Sammlervitrinen Automodellvitrinen Modellbahnvitrinen Golfballvitrinen RH-Galeriesockel Glasvitrinen \u00dcber Glasvitrinen Stand-\/Schrankvitrinen Hauben-\/Sockelvitrinen Aufsatzvitrinen Wand-\/H\u00e4ngevitrinen Tischvitrinen Theken-\/Sockelvitrinen Schauk\u00e4sten Innen Schauk\u00e4sten au\u00dfen Hustenschutz Beleuchtung Referenzen Impressum \/ Kontakt Impressum Kontaktformular Datenschutz AGB Eine Vitrine entsteht&#8230; Als Meisterbetrieb sind wir traditionellem Handwerk verpflichtet, damit bieten wir Ihnen die Gew\u00e4hr einer hochwertigen Qualit\u00e4t unserer Vitrinen. Unsere Edelholzvitrinen werden nicht industriell in Massenfertigung, sondern als Unikate von Hand gefertigt. An dieser Stelle zeigen wir Ihnen einige Detailaufnahmen, die w\u00e4hrend der Arbeitsphasen entstanden sind. EntwurfFertige Vitrine Entwurf und fertige VitrineSchrankvitrine, gebaut nach Kundenvorgabe als Unikat,auf Grundlage unseres Vitrinenmodells RIGA.Holz: Esche vollmassiv. Galerie Ausstellung Oppenweher Str. 15 32351 Stemwede-Oppenwehe \u00d6ffnung nach Terminabsprache \u00a9 Vitrinen-Hesemann 2023 KontaktdatenPostanschrift:Reinhard HesemannIn der Heide 24 &#8211; D-32369 RahdenTelefon: +49 (0) 57 75 &#8211; 14 51FAX: +49 (0) 57 75 &#8211; 96 73 51Mobil: +49 (0)160 &#8211; 9 33 29 100E-mail: info(at)hesemann.eu<\/p>\n","protected":false},"author":1,"featured_media":0,"parent":233,"menu_order":0,"comment_status":"closed","ping_status":"closed","template":"elementor_header_footer","meta":{"ocean_post_layout":"full-screen","ocean_both_sidebars_style":"","ocean_both_sidebars_content_width":0,"ocean_both_sidebars_sidebars_width":0,"ocean_sidebar":"","ocean_second_sidebar":"","ocean_disable_margins":"enable","ocean_add_body_class":"","ocean_shortcode_before_top_bar":"","ocean_shortcode_after_top_bar":"","ocean_shortcode_before_header":"","ocean_shortcode_after_header":"","ocean_has_shortcode":"","ocean_shortcode_after_title":"","ocean_shortcode_before_footer_widgets":"","ocean_shortcode_after_footer_widgets":"","ocean_shortcode_before_footer_bottom":"","ocean_shortcode_after_footer_bottom":"","ocean_display_top_bar":"off","ocean_display_header":"off","ocean_header_style":"","ocean_center_header_left_menu":"","ocean_custom_header_template":"","ocean_custom_logo":0,"ocean_custom_retina_logo":0,"ocean_custom_logo_max_width":0,"ocean_custom_logo_tablet_max_width":0,"ocean_custom_logo_mobile_max_width":0,"ocean_custom_logo_max_height":0,"ocean_custom_logo_tablet_max_height":0,"ocean_custom_logo_mobile_max_height":0,"ocean_header_custom_menu":"","ocean_menu_typo_font_family":"","ocean_menu_typo_font_subset":"","ocean_menu_typo_font_size":0,"ocean_menu_typo_font_size_tablet":0,"ocean_menu_typo_font_size_mobile":0,"ocean_menu_typo_font_size_unit":"px","ocean_menu_typo_font_weight":"","ocean_menu_typo_font_weight_tablet":"","ocean_menu_typo_font_weight_mobile":"","ocean_menu_typo_transform":"","ocean_menu_typo_transform_tablet":"","ocean_menu_typo_transform_mobile":"","ocean_menu_typo_line_height":0,"ocean_menu_typo_line_height_tablet":0,"ocean_menu_typo_line_height_mobile":0,"ocean_menu_typo_line_height_unit":"","ocean_menu_typo_spacing":0,"ocean_menu_typo_spacing_tablet":0,"ocean_menu_typo_spacing_mobile":0,"ocean_menu_typo_spacing_unit":"","ocean_menu_link_color":"","ocean_menu_link_color_hover":"","ocean_menu_link_color_active":"","ocean_menu_link_background":"","ocean_menu_link_hover_background":"","ocean_menu_link_active_background":"","ocean_menu_social_links_bg":"","ocean_menu_social_hover_links_bg":"","ocean_menu_social_links_color":"","ocean_menu_social_hover_links_color":"","ocean_disable_title":"on","ocean_disable_heading":"default","ocean_post_title":"","ocean_post_subheading":"","ocean_post_title_style":"","ocean_post_title_background_color":"","ocean_post_title_background":0,"ocean_post_title_bg_image_position":"","ocean_post_title_bg_image_attachment":"","ocean_post_title_bg_image_repeat":"","ocean_post_title_bg_image_size":"","ocean_post_title_height":0,"ocean_post_title_bg_overlay":0.5,"ocean_post_title_bg_overlay_color":"","ocean_disable_breadcrumbs":"default","ocean_breadcrumbs_color":"","ocean_breadcrumbs_separator_color":"","ocean_breadcrumbs_links_color":"","ocean_breadcrumbs_links_hover_color":"","ocean_display_footer_widgets":"off","ocean_display_footer_bottom":"off","ocean_custom_footer_template":"","footnotes":""},"class_list":["post-237","page","type-page","status-publish","hentry","entry"],"yoast_head":"<!-- This site is optimized with the Yoast SEO plugin v27.5 - https:\/\/yoast.com\/product\/yoast-seo-wordpress\/ -->\n<title>Eine Vitrine entsteht - Vitrinen aus Holz -Schauvitrinen<\/title>\n<meta name=\"robots\" content=\"index, follow, max-snippet:-1, max-image-preview:large, max-video-preview:-1\" \/>\n<link rel=\"canonical\" href=\"https:\/\/vitrinen-hesemann.de\/index.php\/manufaktur\/eine-vitrine-entsteht\/\" \/>\n<meta property=\"og:locale\" content=\"de_DE\" \/>\n<meta property=\"og:type\" content=\"article\" \/>\n<meta property=\"og:title\" content=\"Eine Vitrine entsteht - Vitrinen aus Holz -Schauvitrinen\" \/>\n<meta property=\"og:description\" content=\"Home Holzvitrinen \u00dcber Holzvitrinen Manufaktur Planung\/Entwurf Eine Vitrine entsteht RH-Haubenvitrinen RH-Haubenvitrinen-STD Schrankvitrinen Standvitrinen Sockelvitrinen Tischvitrinen Wandvitrinen Sammlervitrinen Automodellvitrinen Modellbahnvitrinen Golfballvitrinen RH-Galeriesockel Glasvitrinen \u00dcber Glasvitrinen Stand-\/Schrankvitrinen Hauben-\/Sockelvitrinen Aufsatzvitrinen Wand-\/H\u00e4ngevitrinen Tischvitrinen Theken-\/Sockelvitrinen Schauk\u00e4sten Innen Schauk\u00e4sten au\u00dfen Hustenschutz Beleuchtung Referenzen Impressum \/ Kontakt Impressum Kontaktformular Datenschutz AGB Home Holzvitrinen \u00dcber Holzvitrinen Manufaktur Planung\/Entwurf Eine Vitrine entsteht RH-Haubenvitrinen RH-Haubenvitrinen-STD Schrankvitrinen Standvitrinen Sockelvitrinen Tischvitrinen Wandvitrinen Sammlervitrinen Automodellvitrinen Modellbahnvitrinen Golfballvitrinen RH-Galeriesockel Glasvitrinen \u00dcber Glasvitrinen Stand-\/Schrankvitrinen Hauben-\/Sockelvitrinen Aufsatzvitrinen Wand-\/H\u00e4ngevitrinen Tischvitrinen Theken-\/Sockelvitrinen Schauk\u00e4sten Innen Schauk\u00e4sten au\u00dfen Hustenschutz Beleuchtung Referenzen Impressum \/ Kontakt Impressum Kontaktformular Datenschutz AGB Eine Vitrine entsteht&#8230; Als Meisterbetrieb sind wir traditionellem Handwerk verpflichtet, damit bieten wir Ihnen die Gew\u00e4hr einer hochwertigen Qualit\u00e4t unserer Vitrinen. Unsere Edelholzvitrinen werden nicht industriell in Massenfertigung, sondern als Unikate von Hand gefertigt. An dieser Stelle zeigen wir Ihnen einige Detailaufnahmen, die w\u00e4hrend der Arbeitsphasen entstanden sind. EntwurfFertige Vitrine Entwurf und fertige VitrineSchrankvitrine, gebaut nach Kundenvorgabe als Unikat,auf Grundlage unseres Vitrinenmodells RIGA.Holz: Esche vollmassiv. Galerie Ausstellung Oppenweher Str. 15 32351 Stemwede-Oppenwehe \u00d6ffnung nach Terminabsprache \u00a9 Vitrinen-Hesemann 2023 KontaktdatenPostanschrift:Reinhard HesemannIn der Heide 24 &#8211; D-32369 RahdenTelefon: +49 (0) 57 75 &#8211; 14 51FAX: +49 (0) 57 75 &#8211; 96 73 51Mobil: +49 (0)160 &#8211; 9 33 29 100E-mail: info(at)hesemann.eu\" \/>\n<meta property=\"og:url\" content=\"https:\/\/vitrinen-hesemann.de\/index.php\/manufaktur\/eine-vitrine-entsteht\/\" \/>\n<meta property=\"og:site_name\" content=\"Vitrinen aus Holz -Schauvitrinen\" \/>\n<meta property=\"article:modified_time\" content=\"2024-03-23T16:34:48+00:00\" \/>\n<meta property=\"og:image\" content=\"https:\/\/interesting-euclid.95-216-9-226.plesk.page\/wp-content\/uploads\/2024\/03\/hesemann-vitrinen-schwarz.png\" \/>\n<meta name=\"twitter:card\" content=\"summary_large_image\" \/>\n<meta name=\"twitter:label1\" content=\"Gesch\u00e4tzte Lesezeit\" \/>\n\t<meta name=\"twitter:data1\" content=\"4\u00a0Minuten\" \/>\n<script type=\"application\/ld+json\" class=\"yoast-schema-graph\">{\"@context\":\"https:\\\/\\\/schema.org\",\"@graph\":[{\"@type\":\"WebPage\",\"@id\":\"https:\\\/\\\/vitrinen-hesemann.de\\\/index.php\\\/manufaktur\\\/eine-vitrine-entsteht\\\/\",\"url\":\"https:\\\/\\\/vitrinen-hesemann.de\\\/index.php\\\/manufaktur\\\/eine-vitrine-entsteht\\\/\",\"name\":\"Eine Vitrine entsteht - Vitrinen aus Holz -Schauvitrinen\",\"isPartOf\":{\"@id\":\"https:\\\/\\\/vitrinen-hesemann.de\\\/#website\"},\"primaryImageOfPage\":{\"@id\":\"https:\\\/\\\/vitrinen-hesemann.de\\\/index.php\\\/manufaktur\\\/eine-vitrine-entsteht\\\/#primaryimage\"},\"image\":{\"@id\":\"https:\\\/\\\/vitrinen-hesemann.de\\\/index.php\\\/manufaktur\\\/eine-vitrine-entsteht\\\/#primaryimage\"},\"thumbnailUrl\":\"https:\\\/\\\/interesting-euclid.95-216-9-226.plesk.page\\\/wp-content\\\/uploads\\\/2024\\\/03\\\/hesemann-vitrinen-schwarz.png\",\"datePublished\":\"2024-03-09T14:10:22+00:00\",\"dateModified\":\"2024-03-23T16:34:48+00:00\",\"breadcrumb\":{\"@id\":\"https:\\\/\\\/vitrinen-hesemann.de\\\/index.php\\\/manufaktur\\\/eine-vitrine-entsteht\\\/#breadcrumb\"},\"inLanguage\":\"de\",\"potentialAction\":[{\"@type\":\"ReadAction\",\"target\":[\"https:\\\/\\\/vitrinen-hesemann.de\\\/index.php\\\/manufaktur\\\/eine-vitrine-entsteht\\\/\"]}]},{\"@type\":\"ImageObject\",\"inLanguage\":\"de\",\"@id\":\"https:\\\/\\\/vitrinen-hesemann.de\\\/index.php\\\/manufaktur\\\/eine-vitrine-entsteht\\\/#primaryimage\",\"url\":\"https:\\\/\\\/interesting-euclid.95-216-9-226.plesk.page\\\/wp-content\\\/uploads\\\/2024\\\/03\\\/hesemann-vitrinen-schwarz.png\",\"contentUrl\":\"https:\\\/\\\/interesting-euclid.95-216-9-226.plesk.page\\\/wp-content\\\/uploads\\\/2024\\\/03\\\/hesemann-vitrinen-schwarz.png\"},{\"@type\":\"BreadcrumbList\",\"@id\":\"https:\\\/\\\/vitrinen-hesemann.de\\\/index.php\\\/manufaktur\\\/eine-vitrine-entsteht\\\/#breadcrumb\",\"itemListElement\":[{\"@type\":\"ListItem\",\"position\":1,\"name\":\"Startseite\",\"item\":\"https:\\\/\\\/vitrinen-hesemann.de\\\/\"},{\"@type\":\"ListItem\",\"position\":2,\"name\":\"Manufaktur\",\"item\":\"https:\\\/\\\/vitrinen-hesemann.de\\\/index.php\\\/manufaktur\\\/\"},{\"@type\":\"ListItem\",\"position\":3,\"name\":\"Eine Vitrine entsteht\"}]},{\"@type\":\"WebSite\",\"@id\":\"https:\\\/\\\/vitrinen-hesemann.de\\\/#website\",\"url\":\"https:\\\/\\\/vitrinen-hesemann.de\\\/\",\"name\":\"Vitrinen aus Holz -Schauvitrinen\",\"description\":\"\",\"potentialAction\":[{\"@type\":\"SearchAction\",\"target\":{\"@type\":\"EntryPoint\",\"urlTemplate\":\"https:\\\/\\\/vitrinen-hesemann.de\\\/?s={search_term_string}\"},\"query-input\":{\"@type\":\"PropertyValueSpecification\",\"valueRequired\":true,\"valueName\":\"search_term_string\"}}],\"inLanguage\":\"de\"}]}<\/script>\n<!-- \/ Yoast SEO plugin. -->","yoast_head_json":{"title":"Eine Vitrine entsteht - Vitrinen aus Holz -Schauvitrinen","robots":{"index":"index","follow":"follow","max-snippet":"max-snippet:-1","max-image-preview":"max-image-preview:large","max-video-preview":"max-video-preview:-1"},"canonical":"https:\/\/vitrinen-hesemann.de\/index.php\/manufaktur\/eine-vitrine-entsteht\/","og_locale":"de_DE","og_type":"article","og_title":"Eine Vitrine entsteht - Vitrinen aus Holz -Schauvitrinen","og_description":"Home Holzvitrinen \u00dcber Holzvitrinen Manufaktur Planung\/Entwurf Eine Vitrine entsteht RH-Haubenvitrinen RH-Haubenvitrinen-STD Schrankvitrinen Standvitrinen Sockelvitrinen Tischvitrinen Wandvitrinen Sammlervitrinen Automodellvitrinen Modellbahnvitrinen Golfballvitrinen RH-Galeriesockel Glasvitrinen \u00dcber Glasvitrinen Stand-\/Schrankvitrinen Hauben-\/Sockelvitrinen Aufsatzvitrinen Wand-\/H\u00e4ngevitrinen Tischvitrinen Theken-\/Sockelvitrinen Schauk\u00e4sten Innen Schauk\u00e4sten au\u00dfen Hustenschutz Beleuchtung Referenzen Impressum \/ Kontakt Impressum Kontaktformular Datenschutz AGB Home Holzvitrinen \u00dcber Holzvitrinen Manufaktur Planung\/Entwurf Eine Vitrine entsteht RH-Haubenvitrinen RH-Haubenvitrinen-STD Schrankvitrinen Standvitrinen Sockelvitrinen Tischvitrinen Wandvitrinen Sammlervitrinen Automodellvitrinen Modellbahnvitrinen Golfballvitrinen RH-Galeriesockel Glasvitrinen \u00dcber Glasvitrinen Stand-\/Schrankvitrinen Hauben-\/Sockelvitrinen Aufsatzvitrinen Wand-\/H\u00e4ngevitrinen Tischvitrinen Theken-\/Sockelvitrinen Schauk\u00e4sten Innen Schauk\u00e4sten au\u00dfen Hustenschutz Beleuchtung Referenzen Impressum \/ Kontakt Impressum Kontaktformular Datenschutz AGB Eine Vitrine entsteht&#8230; Als Meisterbetrieb sind wir traditionellem Handwerk verpflichtet, damit bieten wir Ihnen die Gew\u00e4hr einer hochwertigen Qualit\u00e4t unserer Vitrinen. Unsere Edelholzvitrinen werden nicht industriell in Massenfertigung, sondern als Unikate von Hand gefertigt. An dieser Stelle zeigen wir Ihnen einige Detailaufnahmen, die w\u00e4hrend der Arbeitsphasen entstanden sind. EntwurfFertige Vitrine Entwurf und fertige VitrineSchrankvitrine, gebaut nach Kundenvorgabe als Unikat,auf Grundlage unseres Vitrinenmodells RIGA.Holz: Esche vollmassiv. Galerie Ausstellung Oppenweher Str. 15 32351 Stemwede-Oppenwehe \u00d6ffnung nach Terminabsprache \u00a9 Vitrinen-Hesemann 2023 KontaktdatenPostanschrift:Reinhard HesemannIn der Heide 24 &#8211; D-32369 RahdenTelefon: +49 (0) 57 75 &#8211; 14 51FAX: +49 (0) 57 75 &#8211; 96 73 51Mobil: +49 (0)160 &#8211; 9 33 29 100E-mail: info(at)hesemann.eu","og_url":"https:\/\/vitrinen-hesemann.de\/index.php\/manufaktur\/eine-vitrine-entsteht\/","og_site_name":"Vitrinen aus Holz -Schauvitrinen","article_modified_time":"2024-03-23T16:34:48+00:00","og_image":[{"url":"https:\/\/interesting-euclid.95-216-9-226.plesk.page\/wp-content\/uploads\/2024\/03\/hesemann-vitrinen-schwarz.png","type":"","width":"","height":""}],"twitter_card":"summary_large_image","twitter_misc":{"Gesch\u00e4tzte Lesezeit":"4\u00a0Minuten"},"schema":{"@context":"https:\/\/schema.org","@graph":[{"@type":"WebPage","@id":"https:\/\/vitrinen-hesemann.de\/index.php\/manufaktur\/eine-vitrine-entsteht\/","url":"https:\/\/vitrinen-hesemann.de\/index.php\/manufaktur\/eine-vitrine-entsteht\/","name":"Eine Vitrine entsteht - Vitrinen aus Holz -Schauvitrinen","isPartOf":{"@id":"https:\/\/vitrinen-hesemann.de\/#website"},"primaryImageOfPage":{"@id":"https:\/\/vitrinen-hesemann.de\/index.php\/manufaktur\/eine-vitrine-entsteht\/#primaryimage"},"image":{"@id":"https:\/\/vitrinen-hesemann.de\/index.php\/manufaktur\/eine-vitrine-entsteht\/#primaryimage"},"thumbnailUrl":"https:\/\/interesting-euclid.95-216-9-226.plesk.page\/wp-content\/uploads\/2024\/03\/hesemann-vitrinen-schwarz.png","datePublished":"2024-03-09T14:10:22+00:00","dateModified":"2024-03-23T16:34:48+00:00","breadcrumb":{"@id":"https:\/\/vitrinen-hesemann.de\/index.php\/manufaktur\/eine-vitrine-entsteht\/#breadcrumb"},"inLanguage":"de","potentialAction":[{"@type":"ReadAction","target":["https:\/\/vitrinen-hesemann.de\/index.php\/manufaktur\/eine-vitrine-entsteht\/"]}]},{"@type":"ImageObject","inLanguage":"de","@id":"https:\/\/vitrinen-hesemann.de\/index.php\/manufaktur\/eine-vitrine-entsteht\/#primaryimage","url":"https:\/\/interesting-euclid.95-216-9-226.plesk.page\/wp-content\/uploads\/2024\/03\/hesemann-vitrinen-schwarz.png","contentUrl":"https:\/\/interesting-euclid.95-216-9-226.plesk.page\/wp-content\/uploads\/2024\/03\/hesemann-vitrinen-schwarz.png"},{"@type":"BreadcrumbList","@id":"https:\/\/vitrinen-hesemann.de\/index.php\/manufaktur\/eine-vitrine-entsteht\/#breadcrumb","itemListElement":[{"@type":"ListItem","position":1,"name":"Startseite","item":"https:\/\/vitrinen-hesemann.de\/"},{"@type":"ListItem","position":2,"name":"Manufaktur","item":"https:\/\/vitrinen-hesemann.de\/index.php\/manufaktur\/"},{"@type":"ListItem","position":3,"name":"Eine Vitrine entsteht"}]},{"@type":"WebSite","@id":"https:\/\/vitrinen-hesemann.de\/#website","url":"https:\/\/vitrinen-hesemann.de\/","name":"Vitrinen aus Holz -Schauvitrinen","description":"","potentialAction":[{"@type":"SearchAction","target":{"@type":"EntryPoint","urlTemplate":"https:\/\/vitrinen-hesemann.de\/?s={search_term_string}"},"query-input":{"@type":"PropertyValueSpecification","valueRequired":true,"valueName":"search_term_string"}}],"inLanguage":"de"}]}},"_links":{"self":[{"href":"https:\/\/vitrinen-hesemann.de\/index.php\/wp-json\/wp\/v2\/pages\/237","targetHints":{"allow":["GET"]}}],"collection":[{"href":"https:\/\/vitrinen-hesemann.de\/index.php\/wp-json\/wp\/v2\/pages"}],"about":[{"href":"https:\/\/vitrinen-hesemann.de\/index.php\/wp-json\/wp\/v2\/types\/page"}],"author":[{"embeddable":true,"href":"https:\/\/vitrinen-hesemann.de\/index.php\/wp-json\/wp\/v2\/users\/1"}],"replies":[{"embeddable":true,"href":"https:\/\/vitrinen-hesemann.de\/index.php\/wp-json\/wp\/v2\/comments?post=237"}],"version-history":[{"count":29,"href":"https:\/\/vitrinen-hesemann.de\/index.php\/wp-json\/wp\/v2\/pages\/237\/revisions"}],"predecessor-version":[{"id":794,"href":"https:\/\/vitrinen-hesemann.de\/index.php\/wp-json\/wp\/v2\/pages\/237\/revisions\/794"}],"up":[{"embeddable":true,"href":"https:\/\/vitrinen-hesemann.de\/index.php\/wp-json\/wp\/v2\/pages\/233"}],"wp:attachment":[{"href":"https:\/\/vitrinen-hesemann.de\/index.php\/wp-json\/wp\/v2\/media?parent=237"}],"curies":[{"name":"wp","href":"https:\/\/api.w.org\/{rel}","templated":true}]}}