{"id":235,"date":"2024-03-09T14:09:46","date_gmt":"2024-03-09T14:09:46","guid":{"rendered":"https:\/\/interesting-euclid.95-216-9-226.plesk.page\/?page_id=235"},"modified":"2024-03-23T16:28:28","modified_gmt":"2024-03-23T16:28:28","slug":"planung-entwurf","status":"publish","type":"page","link":"https:\/\/vitrinen-hesemann.de\/index.php\/manufaktur\/planung-entwurf\/","title":{"rendered":"Planung\/Entwurf"},"content":{"rendered":"\t\t<div data-elementor-type=\"wp-page\" data-elementor-id=\"235\" class=\"elementor elementor-235\">\n\t\t\t\t<div class=\"elementor-element elementor-element-2bfb307e e-flex e-con-boxed wpr-particle-no wpr-jarallax-no wpr-parallax-no wpr-sticky-section-no wpr-equal-height-no e-con e-parent\" data-id=\"2bfb307e\" data-element_type=\"container\" data-e-type=\"container\">\n\t\t\t\t\t<div class=\"e-con-inner\">\n\t\t<div class=\"elementor-element elementor-element-110f75d2 e-con-full e-flex wpr-particle-no wpr-jarallax-no wpr-parallax-no wpr-sticky-section-no wpr-equal-height-no e-con e-child\" data-id=\"110f75d2\" data-element_type=\"container\" data-e-type=\"container\">\n\t\t\t\t<div class=\"elementor-element elementor-element-2c5596a5 elementor-widget elementor-widget-image\" data-id=\"2c5596a5\" data-element_type=\"widget\" data-e-type=\"widget\" data-widget_type=\"image.default\">\n\t\t\t\t<div class=\"elementor-widget-container\">\n\t\t\t\t\t\t\t\t\t\t\t\t\t\t\t<img fetchpriority=\"high\" decoding=\"async\" width=\"435\" height=\"185\" src=\"https:\/\/vitrinen-hesemann.de\/wp-content\/uploads\/2024\/03\/hesemann-vitrinen-schwarz.png\" class=\"attachment-large size-large wp-image-280\" alt=\"\" srcset=\"https:\/\/vitrinen-hesemann.de\/wp-content\/uploads\/2024\/03\/hesemann-vitrinen-schwarz.png 435w, https:\/\/vitrinen-hesemann.de\/wp-content\/uploads\/2024\/03\/hesemann-vitrinen-schwarz-300x128.png 300w\" sizes=\"(max-width: 435px) 100vw, 435px\" \/>\t\t\t\t\t\t\t\t\t\t\t\t\t\t\t<\/div>\n\t\t\t\t<\/div>\n\t\t\t\t<div class=\"elementor-element elementor-element-2fa7d9ac wpr-pointer-none wpr-sub-menu-fx-slide wpr-sub-icon-chevron-down wpr-mobile-toggle-v2 wpr-main-menu-align-center wpr-main-menu-align--tabletcenter wpr-main-menu-align--mobileleft wpr-nav-menu-bp-mobile wpr-mobile-menu-full-width wpr-mobile-menu-item-align-center wpr-mobile-divider-yes elementor-widget elementor-widget-wpr-nav-menu\" data-id=\"2fa7d9ac\" data-element_type=\"widget\" data-e-type=\"widget\" data-settings=\"{&quot;menu_layout&quot;:&quot;horizontal&quot;}\" data-widget_type=\"wpr-nav-menu.default\">\n\t\t\t\t<div class=\"elementor-widget-container\">\n\t\t\t\t\t<nav class=\"wpr-nav-menu-container wpr-nav-menu-horizontal\" data-trigger=\"hover\" data-consider-header=\"\" data-scroll-speed=\"500\"><ul id=\"menu-1-2fa7d9ac\" class=\"wpr-nav-menu\"><li class=\"menu-item menu-item-type-post_type menu-item-object-page menu-item-home menu-item-122\"><a href=\"https:\/\/vitrinen-hesemann.de\/\" class=\"wpr-menu-item wpr-pointer-item\">Home<\/a><\/li>\n<li class=\"menu-item menu-item-type-custom menu-item-object-custom menu-item-796\"><a href=\"http:\/\/shop.hesemann.eu\" class=\"wpr-menu-item wpr-pointer-item\">Shop &#038; Mehr Infos<\/a><\/li>\n<li class=\"menu-item menu-item-type-post_type menu-item-object-page menu-item-795\"><a href=\"https:\/\/vitrinen-hesemann.de\/index.php\/referenzen\/\" class=\"wpr-menu-item wpr-pointer-item\">Referenzen<\/a><\/li>\n<li class=\"menu-item menu-item-type-custom menu-item-object-custom menu-item-872\"><a href=\"https:\/\/vitrinen-hesemann.de\/wp-content\/uploads\/2025\/05\/vitrinen_flyerA4_10_2023.pdf\" class=\"wpr-menu-item wpr-pointer-item\">Flyer<\/a><\/li>\n<li class=\"menu-item menu-item-type-post_type menu-item-object-page menu-item-has-children menu-item-157\"><a aria-haspopup=\"true\" aria-expanded=\"false\" href=\"https:\/\/vitrinen-hesemann.de\/index.php\/impressum\/\" class=\"wpr-menu-item wpr-pointer-item\">Impressum \/ Kontakt<i class=\"wpr-sub-icon fas\" aria-hidden=\"true\"><\/i><\/a>\n<ul class=\"sub-menu wpr-sub-menu\">\n\t<li class=\"menu-item menu-item-type-post_type menu-item-object-page menu-item-161\"><a href=\"https:\/\/vitrinen-hesemann.de\/index.php\/impressum\/\" class=\"wpr-sub-menu-item\">Impressum<\/a><\/li>\n\t<li class=\"menu-item menu-item-type-post_type menu-item-object-page menu-item-160\"><a href=\"https:\/\/vitrinen-hesemann.de\/index.php\/impressum\/kontaktformular\/\" class=\"wpr-sub-menu-item\">Kontaktformular<\/a><\/li>\n\t<li class=\"menu-item menu-item-type-post_type menu-item-object-page menu-item-159\"><a href=\"https:\/\/vitrinen-hesemann.de\/index.php\/impressum\/datenschutz\/\" class=\"wpr-sub-menu-item\">Datenschutz<\/a><\/li>\n\t<li class=\"menu-item menu-item-type-post_type menu-item-object-page menu-item-158\"><a href=\"https:\/\/vitrinen-hesemann.de\/index.php\/impressum\/agb\/\" class=\"wpr-sub-menu-item\">AGB<\/a><\/li>\n<\/ul>\n<\/li>\n<\/ul><\/nav><nav class=\"wpr-mobile-nav-menu-container\"><div class=\"wpr-mobile-toggle-wrap\"><div class=\"wpr-mobile-toggle\"><span class=\"wpr-mobile-toggle-line\"><\/span><span class=\"wpr-mobile-toggle-line\"><\/span><span class=\"wpr-mobile-toggle-line\"><\/span><\/div><\/div><ul id=\"mobile-menu-2-2fa7d9ac\" class=\"wpr-mobile-nav-menu\"><li class=\"menu-item menu-item-type-post_type menu-item-object-page menu-item-home menu-item-122\"><a href=\"https:\/\/vitrinen-hesemann.de\/\" class=\"wpr-mobile-menu-item\">Home<\/a><\/li>\n<li class=\"menu-item menu-item-type-custom menu-item-object-custom menu-item-796\"><a href=\"http:\/\/shop.hesemann.eu\" class=\"wpr-mobile-menu-item\">Shop &#038; Mehr Infos<\/a><\/li>\n<li class=\"menu-item menu-item-type-post_type menu-item-object-page menu-item-795\"><a href=\"https:\/\/vitrinen-hesemann.de\/index.php\/referenzen\/\" class=\"wpr-mobile-menu-item\">Referenzen<\/a><\/li>\n<li class=\"menu-item menu-item-type-custom menu-item-object-custom menu-item-872\"><a href=\"https:\/\/vitrinen-hesemann.de\/wp-content\/uploads\/2025\/05\/vitrinen_flyerA4_10_2023.pdf\" class=\"wpr-mobile-menu-item\">Flyer<\/a><\/li>\n<li class=\"menu-item menu-item-type-post_type menu-item-object-page menu-item-has-children menu-item-157\"><a href=\"https:\/\/vitrinen-hesemann.de\/index.php\/impressum\/\" class=\"wpr-mobile-menu-item\">Impressum \/ Kontakt<\/a>\n<ul class=\"sub-menu wpr-sub-menu\">\n\t<li class=\"menu-item menu-item-type-post_type menu-item-object-page menu-item-161\"><a href=\"https:\/\/vitrinen-hesemann.de\/index.php\/impressum\/\" class=\"wpr-mobile-sub-menu-item\">Impressum<\/a><\/li>\n\t<li class=\"menu-item menu-item-type-post_type menu-item-object-page menu-item-160\"><a href=\"https:\/\/vitrinen-hesemann.de\/index.php\/impressum\/kontaktformular\/\" class=\"wpr-mobile-sub-menu-item\">Kontaktformular<\/a><\/li>\n\t<li class=\"menu-item menu-item-type-post_type menu-item-object-page menu-item-159\"><a href=\"https:\/\/vitrinen-hesemann.de\/index.php\/impressum\/datenschutz\/\" class=\"wpr-mobile-sub-menu-item\">Datenschutz<\/a><\/li>\n\t<li class=\"menu-item menu-item-type-post_type menu-item-object-page menu-item-158\"><a href=\"https:\/\/vitrinen-hesemann.de\/index.php\/impressum\/agb\/\" class=\"wpr-mobile-sub-menu-item\">AGB<\/a><\/li>\n<\/ul>\n<\/li>\n<\/ul><\/nav>\t\t\t\t<\/div>\n\t\t\t\t<\/div>\n\t\t\t\t<\/div>\n\t\t\t\t\t<\/div>\n\t\t\t\t<\/div>\n\t\t<div class=\"elementor-element elementor-element-6307e46 e-flex e-con-boxed wpr-particle-no wpr-jarallax-no wpr-parallax-no wpr-sticky-section-no wpr-equal-height-no e-con e-parent\" data-id=\"6307e46\" data-element_type=\"container\" data-e-type=\"container\">\n\t\t\t\t\t<div class=\"e-con-inner\">\n\t\t\t\t<div class=\"elementor-element elementor-element-ac9c491 elementor-widget elementor-widget-heading\" data-id=\"ac9c491\" data-element_type=\"widget\" data-e-type=\"widget\" data-widget_type=\"heading.default\">\n\t\t\t\t<div class=\"elementor-widget-container\">\n\t\t\t\t\t<h2 class=\"elementor-heading-title elementor-size-default\">Entw\u00fcrfe, Ideen, Skizzen und mehr....<\/h2>\t\t\t\t<\/div>\n\t\t\t\t<\/div>\n\t\t\t\t\t<\/div>\n\t\t\t\t<\/div>\n\t\t<div class=\"elementor-element elementor-element-b9b9be0 e-flex e-con-boxed wpr-particle-no wpr-jarallax-no wpr-parallax-no wpr-sticky-section-no wpr-equal-height-no e-con e-parent\" data-id=\"b9b9be0\" data-element_type=\"container\" data-e-type=\"container\" data-settings=\"{&quot;background_background&quot;:&quot;classic&quot;}\">\n\t\t\t\t\t<div class=\"e-con-inner\">\n\t\t\t\t<div class=\"elementor-element elementor-element-ecd1dd7 elementor-widget elementor-widget-heading\" data-id=\"ecd1dd7\" data-element_type=\"widget\" data-e-type=\"widget\" data-widget_type=\"heading.default\">\n\t\t\t\t<div class=\"elementor-widget-container\">\n\t\t\t\t\t<h2 class=\"elementor-heading-title elementor-size-default\">Planung und Entwurf<\/h2>\t\t\t\t<\/div>\n\t\t\t\t<\/div>\n\t\t\t\t\t<\/div>\n\t\t\t\t<\/div>\n\t\t<div class=\"elementor-element elementor-element-40334d9 e-flex e-con-boxed wpr-particle-no wpr-jarallax-no wpr-parallax-no wpr-sticky-section-no wpr-equal-height-no e-con e-parent\" data-id=\"40334d9\" data-element_type=\"container\" data-e-type=\"container\">\n\t\t\t\t\t<div class=\"e-con-inner\">\n\t\t<div class=\"elementor-element elementor-element-e9f684f e-flex e-con-boxed wpr-particle-no wpr-jarallax-no wpr-parallax-no wpr-sticky-section-no wpr-equal-height-no e-con e-child\" data-id=\"e9f684f\" data-element_type=\"container\" data-e-type=\"container\">\n\t\t\t\t\t<div class=\"e-con-inner\">\n\t\t\t\t<div class=\"elementor-element elementor-element-3bd6f16 elementor-widget elementor-widget-image\" data-id=\"3bd6f16\" data-element_type=\"widget\" data-e-type=\"widget\" data-widget_type=\"image.default\">\n\t\t\t\t<div class=\"elementor-widget-container\">\n\t\t\t\t\t\t\t\t\t\t\t\t\t\t\t<img decoding=\"async\" width=\"573\" height=\"423\" src=\"https:\/\/vitrinen-hesemann.de\/wp-content\/uploads\/2024\/03\/planung-entwurf.jpg\" class=\"attachment-large size-large wp-image-640\" alt=\"\" srcset=\"https:\/\/vitrinen-hesemann.de\/wp-content\/uploads\/2024\/03\/planung-entwurf.jpg 573w, https:\/\/vitrinen-hesemann.de\/wp-content\/uploads\/2024\/03\/planung-entwurf-300x221.jpg 300w\" sizes=\"(max-width: 573px) 100vw, 573px\" \/>\t\t\t\t\t\t\t\t\t\t\t\t\t\t\t<\/div>\n\t\t\t\t<\/div>\n\t\t\t\t<div class=\"elementor-element elementor-element-a65ccc3 elementor-widget elementor-widget-text-editor\" data-id=\"a65ccc3\" data-element_type=\"widget\" data-e-type=\"widget\" data-widget_type=\"text-editor.default\">\n\t\t\t\t<div class=\"elementor-widget-container\">\n\t\t\t\t\t\t\t\t\t<div id=\"imCell_6\" class=\"animable fadeInRight animated\"><div id=\"imTextObject_31_06\"><div id=\"imTextObject_31_06_tab0\" class=\"text-tab-content grid-prop current-tab \" data-index=\"0\"><div class=\"text-inner\"><div class=\"imTACenter\"><div class=\"imTALeft\"><i class=\"fs12lh1-5\"><span class=\"fs18lh1-5 cf1 ff1\">An dieser Stelle m\u00f6chten wir Ihnen einige Ideen und Entwurfsskizzen vorstellen,<\/span><span class=\"fs18lh1-5 cf1 ff1\">\u00a0<\/span><\/i><div><i class=\"fs12lh1-5\"><span class=\"fs18lh1-5 cf1 ff1\">die im Rahmen von Kundenauftr\u00e4gen entstanden sind.<\/span><\/i><\/div><\/div><\/div><\/div><\/div><\/div><\/div>\t\t\t\t\t\t\t\t<\/div>\n\t\t\t\t<\/div>\n\t\t\t\t\t<\/div>\n\t\t\t\t<\/div>\n\t\t\t\t\t<\/div>\n\t\t\t\t<\/div>\n\t\t<div class=\"elementor-element elementor-element-6937365 e-flex e-con-boxed wpr-particle-no wpr-jarallax-no wpr-parallax-no wpr-sticky-section-no wpr-equal-height-no e-con e-parent\" data-id=\"6937365\" data-element_type=\"container\" data-e-type=\"container\" data-settings=\"{&quot;background_background&quot;:&quot;classic&quot;}\">\n\t\t\t\t\t<div class=\"e-con-inner\">\n\t\t\t\t<div class=\"elementor-element elementor-element-1fa0ec9 elementor-widget elementor-widget-spacer\" data-id=\"1fa0ec9\" data-element_type=\"widget\" data-e-type=\"widget\" data-widget_type=\"spacer.default\">\n\t\t\t\t<div class=\"elementor-widget-container\">\n\t\t\t\t\t\t\t<div class=\"elementor-spacer\">\n\t\t\t<div class=\"elementor-spacer-inner\"><\/div>\n\t\t<\/div>\n\t\t\t\t\t\t<\/div>\n\t\t\t\t<\/div>\n\t\t<div class=\"elementor-element elementor-element-9845c22 e-flex e-con-boxed wpr-particle-no wpr-jarallax-no wpr-parallax-no wpr-sticky-section-no wpr-equal-height-no e-con e-child\" data-id=\"9845c22\" data-element_type=\"container\" data-e-type=\"container\" data-settings=\"{&quot;background_background&quot;:&quot;classic&quot;}\">\n\t\t\t\t\t<div class=\"e-con-inner\">\n\t\t<div class=\"elementor-element elementor-element-4f6b503 e-flex e-con-boxed wpr-particle-no wpr-jarallax-no wpr-parallax-no wpr-sticky-section-no wpr-equal-height-no e-con e-child\" data-id=\"4f6b503\" data-element_type=\"container\" data-e-type=\"container\">\n\t\t\t\t\t<div class=\"e-con-inner\">\n\t\t\t\t<div class=\"elementor-element elementor-element-a5181a2 elementor-widget elementor-widget-image\" data-id=\"a5181a2\" data-element_type=\"widget\" data-e-type=\"widget\" data-widget_type=\"image.default\">\n\t\t\t\t<div class=\"elementor-widget-container\">\n\t\t\t\t\t\t\t\t\t\t\t\t\t\t\t<img decoding=\"async\" width=\"800\" height=\"554\" src=\"https:\/\/vitrinen-hesemann.de\/wp-content\/uploads\/2024\/03\/3a-cimbria-ausstellung-buesum_sb-1.jpg\" class=\"attachment-large size-large wp-image-644\" alt=\"\" srcset=\"https:\/\/vitrinen-hesemann.de\/wp-content\/uploads\/2024\/03\/3a-cimbria-ausstellung-buesum_sb-1.jpg 800w, https:\/\/vitrinen-hesemann.de\/wp-content\/uploads\/2024\/03\/3a-cimbria-ausstellung-buesum_sb-1-300x208.jpg 300w, https:\/\/vitrinen-hesemann.de\/wp-content\/uploads\/2024\/03\/3a-cimbria-ausstellung-buesum_sb-1-768x532.jpg 768w\" sizes=\"(max-width: 800px) 100vw, 800px\" \/>\t\t\t\t\t\t\t\t\t\t\t\t\t\t\t<\/div>\n\t\t\t\t<\/div>\n\t\t\t\t<div class=\"elementor-element elementor-element-1bcdbc1 elementor-widget elementor-widget-image\" data-id=\"1bcdbc1\" data-element_type=\"widget\" data-e-type=\"widget\" data-widget_type=\"image.default\">\n\t\t\t\t<div class=\"elementor-widget-container\">\n\t\t\t\t\t\t\t\t\t\t\t\t\t\t\t<img loading=\"lazy\" decoding=\"async\" width=\"782\" height=\"560\" src=\"https:\/\/vitrinen-hesemann.de\/wp-content\/uploads\/2024\/03\/jv1d2_sb.jpg\" class=\"attachment-large size-large wp-image-645\" alt=\"\" srcset=\"https:\/\/vitrinen-hesemann.de\/wp-content\/uploads\/2024\/03\/jv1d2_sb.jpg 782w, https:\/\/vitrinen-hesemann.de\/wp-content\/uploads\/2024\/03\/jv1d2_sb-300x215.jpg 300w, https:\/\/vitrinen-hesemann.de\/wp-content\/uploads\/2024\/03\/jv1d2_sb-768x550.jpg 768w\" sizes=\"(max-width: 782px) 100vw, 782px\" \/>\t\t\t\t\t\t\t\t\t\t\t\t\t\t\t<\/div>\n\t\t\t\t<\/div>\n\t\t\t\t<div class=\"elementor-element elementor-element-887961a elementor-widget elementor-widget-image\" data-id=\"887961a\" data-element_type=\"widget\" data-e-type=\"widget\" data-widget_type=\"image.default\">\n\t\t\t\t<div class=\"elementor-widget-container\">\n\t\t\t\t\t\t\t\t\t\t\t\t\t\t\t<img loading=\"lazy\" decoding=\"async\" width=\"800\" height=\"552\" src=\"https:\/\/vitrinen-hesemann.de\/wp-content\/uploads\/2024\/03\/entwurf_puppenvitrine_sb.jpg\" class=\"attachment-large size-large wp-image-646\" alt=\"\" srcset=\"https:\/\/vitrinen-hesemann.de\/wp-content\/uploads\/2024\/03\/entwurf_puppenvitrine_sb.jpg 800w, https:\/\/vitrinen-hesemann.de\/wp-content\/uploads\/2024\/03\/entwurf_puppenvitrine_sb-300x207.jpg 300w, https:\/\/vitrinen-hesemann.de\/wp-content\/uploads\/2024\/03\/entwurf_puppenvitrine_sb-768x530.jpg 768w\" sizes=\"(max-width: 800px) 100vw, 800px\" \/>\t\t\t\t\t\t\t\t\t\t\t\t\t\t\t<\/div>\n\t\t\t\t<\/div>\n\t\t\t\t\t<\/div>\n\t\t\t\t<\/div>\n\t\t<div class=\"elementor-element elementor-element-f042d4f e-flex e-con-boxed wpr-particle-no wpr-jarallax-no wpr-parallax-no wpr-sticky-section-no wpr-equal-height-no e-con e-child\" data-id=\"f042d4f\" data-element_type=\"container\" data-e-type=\"container\">\n\t\t\t\t\t<div class=\"e-con-inner\">\n\t\t\t\t<div class=\"elementor-element elementor-element-a928b63 elementor-widget elementor-widget-image\" data-id=\"a928b63\" data-element_type=\"widget\" data-e-type=\"widget\" data-widget_type=\"image.default\">\n\t\t\t\t<div class=\"elementor-widget-container\">\n\t\t\t\t\t\t\t\t\t\t\t\t\t\t\t<img loading=\"lazy\" decoding=\"async\" width=\"783\" height=\"567\" src=\"https:\/\/vitrinen-hesemann.de\/wp-content\/uploads\/2024\/03\/haubenvitrine_9a_sb.jpg\" class=\"attachment-large size-large wp-image-647\" alt=\"\" srcset=\"https:\/\/vitrinen-hesemann.de\/wp-content\/uploads\/2024\/03\/haubenvitrine_9a_sb.jpg 783w, https:\/\/vitrinen-hesemann.de\/wp-content\/uploads\/2024\/03\/haubenvitrine_9a_sb-300x217.jpg 300w, https:\/\/vitrinen-hesemann.de\/wp-content\/uploads\/2024\/03\/haubenvitrine_9a_sb-768x556.jpg 768w\" sizes=\"(max-width: 783px) 100vw, 783px\" \/>\t\t\t\t\t\t\t\t\t\t\t\t\t\t\t<\/div>\n\t\t\t\t<\/div>\n\t\t\t\t<div class=\"elementor-element elementor-element-cfaa3cd elementor-widget elementor-widget-image\" data-id=\"cfaa3cd\" data-element_type=\"widget\" data-e-type=\"widget\" data-widget_type=\"image.default\">\n\t\t\t\t<div class=\"elementor-widget-container\">\n\t\t\t\t\t\t\t\t\t\t\t\t\t\t\t<img loading=\"lazy\" decoding=\"async\" width=\"466\" height=\"600\" src=\"https:\/\/vitrinen-hesemann.de\/wp-content\/uploads\/2024\/03\/haubenvitrine-100s82_sb.jpg\" class=\"attachment-large size-large wp-image-648\" alt=\"\" srcset=\"https:\/\/vitrinen-hesemann.de\/wp-content\/uploads\/2024\/03\/haubenvitrine-100s82_sb.jpg 466w, https:\/\/vitrinen-hesemann.de\/wp-content\/uploads\/2024\/03\/haubenvitrine-100s82_sb-233x300.jpg 233w\" sizes=\"(max-width: 466px) 100vw, 466px\" \/>\t\t\t\t\t\t\t\t\t\t\t\t\t\t\t<\/div>\n\t\t\t\t<\/div>\n\t\t\t\t<div class=\"elementor-element elementor-element-bdc755c elementor-widget elementor-widget-image\" data-id=\"bdc755c\" data-element_type=\"widget\" data-e-type=\"widget\" data-widget_type=\"image.default\">\n\t\t\t\t<div class=\"elementor-widget-container\">\n\t\t\t\t\t\t\t\t\t\t\t\t\t\t\t<img loading=\"lazy\" decoding=\"async\" width=\"800\" height=\"514\" src=\"https:\/\/vitrinen-hesemann.de\/wp-content\/uploads\/2024\/03\/jv10a_sb.jpg\" class=\"attachment-large size-large wp-image-649\" alt=\"\" srcset=\"https:\/\/vitrinen-hesemann.de\/wp-content\/uploads\/2024\/03\/jv10a_sb.jpg 800w, https:\/\/vitrinen-hesemann.de\/wp-content\/uploads\/2024\/03\/jv10a_sb-300x193.jpg 300w, https:\/\/vitrinen-hesemann.de\/wp-content\/uploads\/2024\/03\/jv10a_sb-768x493.jpg 768w\" sizes=\"(max-width: 800px) 100vw, 800px\" \/>\t\t\t\t\t\t\t\t\t\t\t\t\t\t\t<\/div>\n\t\t\t\t<\/div>\n\t\t\t\t<div class=\"elementor-element elementor-element-6f2048f elementor-widget elementor-widget-image\" data-id=\"6f2048f\" data-element_type=\"widget\" data-e-type=\"widget\" data-widget_type=\"image.default\">\n\t\t\t\t<div class=\"elementor-widget-container\">\n\t\t\t\t\t\t\t\t\t\t\t\t\t\t\t<img loading=\"lazy\" decoding=\"async\" width=\"532\" height=\"583\" src=\"https:\/\/vitrinen-hesemann.de\/wp-content\/uploads\/2024\/03\/haubenvitrine-mit-fachboeden_sb.jpg\" class=\"attachment-large size-large wp-image-650\" alt=\"\" srcset=\"https:\/\/vitrinen-hesemann.de\/wp-content\/uploads\/2024\/03\/haubenvitrine-mit-fachboeden_sb.jpg 532w, https:\/\/vitrinen-hesemann.de\/wp-content\/uploads\/2024\/03\/haubenvitrine-mit-fachboeden_sb-274x300.jpg 274w\" sizes=\"(max-width: 532px) 100vw, 532px\" \/>\t\t\t\t\t\t\t\t\t\t\t\t\t\t\t<\/div>\n\t\t\t\t<\/div>\n\t\t\t\t\t<\/div>\n\t\t\t\t<\/div>\n\t\t<div class=\"elementor-element elementor-element-b3c2356 e-flex e-con-boxed wpr-particle-no wpr-jarallax-no wpr-parallax-no wpr-sticky-section-no wpr-equal-height-no e-con e-child\" data-id=\"b3c2356\" data-element_type=\"container\" data-e-type=\"container\">\n\t\t\t\t\t<div class=\"e-con-inner\">\n\t\t\t\t<div class=\"elementor-element elementor-element-81f9992 elementor-widget elementor-widget-image\" data-id=\"81f9992\" data-element_type=\"widget\" data-e-type=\"widget\" data-widget_type=\"image.default\">\n\t\t\t\t<div class=\"elementor-widget-container\">\n\t\t\t\t\t\t\t\t\t\t\t\t\t\t\t<img loading=\"lazy\" decoding=\"async\" width=\"1024\" height=\"750\" src=\"https:\/\/vitrinen-hesemann.de\/wp-content\/uploads\/2024\/03\/rh-haubenvitrine-riva_sb-1024x750.jpg\" class=\"attachment-large size-large wp-image-651\" alt=\"\" srcset=\"https:\/\/vitrinen-hesemann.de\/wp-content\/uploads\/2024\/03\/rh-haubenvitrine-riva_sb-1024x750.jpg 1024w, https:\/\/vitrinen-hesemann.de\/wp-content\/uploads\/2024\/03\/rh-haubenvitrine-riva_sb-300x220.jpg 300w, https:\/\/vitrinen-hesemann.de\/wp-content\/uploads\/2024\/03\/rh-haubenvitrine-riva_sb-768x563.jpg 768w, https:\/\/vitrinen-hesemann.de\/wp-content\/uploads\/2024\/03\/rh-haubenvitrine-riva_sb.jpg 1092w\" sizes=\"(max-width: 1024px) 100vw, 1024px\" \/>\t\t\t\t\t\t\t\t\t\t\t\t\t\t\t<\/div>\n\t\t\t\t<\/div>\n\t\t\t\t<div class=\"elementor-element elementor-element-6ea864b elementor-widget elementor-widget-image\" data-id=\"6ea864b\" data-element_type=\"widget\" data-e-type=\"widget\" data-widget_type=\"image.default\">\n\t\t\t\t<div class=\"elementor-widget-container\">\n\t\t\t\t\t\t\t\t\t\t\t\t\t\t\t<img loading=\"lazy\" decoding=\"async\" width=\"784\" height=\"800\" src=\"https:\/\/vitrinen-hesemann.de\/wp-content\/uploads\/2024\/03\/rh-haubenvitrine-led-beleuchtung_sb.jpg\" class=\"attachment-large size-large wp-image-652\" alt=\"\" srcset=\"https:\/\/vitrinen-hesemann.de\/wp-content\/uploads\/2024\/03\/rh-haubenvitrine-led-beleuchtung_sb.jpg 784w, https:\/\/vitrinen-hesemann.de\/wp-content\/uploads\/2024\/03\/rh-haubenvitrine-led-beleuchtung_sb-294x300.jpg 294w, https:\/\/vitrinen-hesemann.de\/wp-content\/uploads\/2024\/03\/rh-haubenvitrine-led-beleuchtung_sb-768x784.jpg 768w\" sizes=\"(max-width: 784px) 100vw, 784px\" \/>\t\t\t\t\t\t\t\t\t\t\t\t\t\t\t<\/div>\n\t\t\t\t<\/div>\n\t\t\t\t<div class=\"elementor-element elementor-element-33ffc5b elementor-widget elementor-widget-image\" data-id=\"33ffc5b\" data-element_type=\"widget\" data-e-type=\"widget\" data-widget_type=\"image.default\">\n\t\t\t\t<div class=\"elementor-widget-container\">\n\t\t\t\t\t\t\t\t\t\t\t\t\t\t\t<img loading=\"lazy\" decoding=\"async\" width=\"672\" height=\"800\" src=\"https:\/\/vitrinen-hesemann.de\/wp-content\/uploads\/2024\/03\/rh-haubenvitrine-140_sb.jpg\" class=\"attachment-large size-large wp-image-653\" alt=\"\" srcset=\"https:\/\/vitrinen-hesemann.de\/wp-content\/uploads\/2024\/03\/rh-haubenvitrine-140_sb.jpg 672w, https:\/\/vitrinen-hesemann.de\/wp-content\/uploads\/2024\/03\/rh-haubenvitrine-140_sb-252x300.jpg 252w\" sizes=\"(max-width: 672px) 100vw, 672px\" \/>\t\t\t\t\t\t\t\t\t\t\t\t\t\t\t<\/div>\n\t\t\t\t<\/div>\n\t\t\t\t<div class=\"elementor-element elementor-element-17cec09 elementor-widget elementor-widget-image\" data-id=\"17cec09\" data-element_type=\"widget\" data-e-type=\"widget\" data-widget_type=\"image.default\">\n\t\t\t\t<div class=\"elementor-widget-container\">\n\t\t\t\t\t\t\t\t\t\t\t\t\t\t\t<img loading=\"lazy\" decoding=\"async\" width=\"1024\" height=\"537\" src=\"https:\/\/vitrinen-hesemann.de\/wp-content\/uploads\/2024\/03\/rh-designvitrinen_sb-1024x537.jpg\" class=\"attachment-large size-large wp-image-654\" alt=\"\" srcset=\"https:\/\/vitrinen-hesemann.de\/wp-content\/uploads\/2024\/03\/rh-designvitrinen_sb-1024x537.jpg 1024w, https:\/\/vitrinen-hesemann.de\/wp-content\/uploads\/2024\/03\/rh-designvitrinen_sb-300x157.jpg 300w, https:\/\/vitrinen-hesemann.de\/wp-content\/uploads\/2024\/03\/rh-designvitrinen_sb-768x402.jpg 768w, https:\/\/vitrinen-hesemann.de\/wp-content\/uploads\/2024\/03\/rh-designvitrinen_sb.jpg 1124w\" sizes=\"(max-width: 1024px) 100vw, 1024px\" \/>\t\t\t\t\t\t\t\t\t\t\t\t\t\t\t<\/div>\n\t\t\t\t<\/div>\n\t\t\t\t\t<\/div>\n\t\t\t\t<\/div>\n\t\t<div class=\"elementor-element elementor-element-d473e59 e-flex e-con-boxed wpr-particle-no wpr-jarallax-no wpr-parallax-no wpr-sticky-section-no wpr-equal-height-no e-con e-child\" data-id=\"d473e59\" data-element_type=\"container\" data-e-type=\"container\">\n\t\t\t\t\t<div class=\"e-con-inner\">\n\t\t\t\t<div class=\"elementor-element elementor-element-f50264e elementor-widget elementor-widget-image\" data-id=\"f50264e\" data-element_type=\"widget\" data-e-type=\"widget\" data-widget_type=\"image.default\">\n\t\t\t\t<div class=\"elementor-widget-container\">\n\t\t\t\t\t\t\t\t\t\t\t\t\t\t\t<img loading=\"lazy\" decoding=\"async\" width=\"800\" height=\"514\" src=\"https:\/\/vitrinen-hesemann.de\/wp-content\/uploads\/2024\/03\/jv10a_sb-1.jpg\" class=\"attachment-large size-large wp-image-655\" alt=\"\" srcset=\"https:\/\/vitrinen-hesemann.de\/wp-content\/uploads\/2024\/03\/jv10a_sb-1.jpg 800w, https:\/\/vitrinen-hesemann.de\/wp-content\/uploads\/2024\/03\/jv10a_sb-1-300x193.jpg 300w, https:\/\/vitrinen-hesemann.de\/wp-content\/uploads\/2024\/03\/jv10a_sb-1-768x493.jpg 768w\" sizes=\"(max-width: 800px) 100vw, 800px\" \/>\t\t\t\t\t\t\t\t\t\t\t\t\t\t\t<\/div>\n\t\t\t\t<\/div>\n\t\t\t\t<div class=\"elementor-element elementor-element-66b1f75 elementor-widget elementor-widget-image\" data-id=\"66b1f75\" data-element_type=\"widget\" data-e-type=\"widget\" data-widget_type=\"image.default\">\n\t\t\t\t<div class=\"elementor-widget-container\">\n\t\t\t\t\t\t\t\t\t\t\t\t\t\t\t<img loading=\"lazy\" decoding=\"async\" width=\"800\" height=\"474\" src=\"https:\/\/vitrinen-hesemann.de\/wp-content\/uploads\/2024\/03\/jv10_sb.jpg\" class=\"attachment-large size-large wp-image-656\" alt=\"\" srcset=\"https:\/\/vitrinen-hesemann.de\/wp-content\/uploads\/2024\/03\/jv10_sb.jpg 800w, https:\/\/vitrinen-hesemann.de\/wp-content\/uploads\/2024\/03\/jv10_sb-300x178.jpg 300w, https:\/\/vitrinen-hesemann.de\/wp-content\/uploads\/2024\/03\/jv10_sb-768x455.jpg 768w\" sizes=\"(max-width: 800px) 100vw, 800px\" \/>\t\t\t\t\t\t\t\t\t\t\t\t\t\t\t<\/div>\n\t\t\t\t<\/div>\n\t\t\t\t<div class=\"elementor-element elementor-element-cae1332 elementor-widget elementor-widget-image\" data-id=\"cae1332\" data-element_type=\"widget\" data-e-type=\"widget\" data-widget_type=\"image.default\">\n\t\t\t\t<div class=\"elementor-widget-container\">\n\t\t\t\t\t\t\t\t\t\t\t\t\t\t\t<img loading=\"lazy\" decoding=\"async\" width=\"759\" height=\"601\" src=\"https:\/\/vitrinen-hesemann.de\/wp-content\/uploads\/2024\/03\/rh-sammlerschrank_sb.jpg\" class=\"attachment-large size-large wp-image-657\" alt=\"\" srcset=\"https:\/\/vitrinen-hesemann.de\/wp-content\/uploads\/2024\/03\/rh-sammlerschrank_sb.jpg 759w, https:\/\/vitrinen-hesemann.de\/wp-content\/uploads\/2024\/03\/rh-sammlerschrank_sb-300x238.jpg 300w\" sizes=\"(max-width: 759px) 100vw, 759px\" \/>\t\t\t\t\t\t\t\t\t\t\t\t\t\t\t<\/div>\n\t\t\t\t<\/div>\n\t\t\t\t\t<\/div>\n\t\t\t\t<\/div>\n\t\t<div class=\"elementor-element elementor-element-88634cc e-flex e-con-boxed wpr-particle-no wpr-jarallax-no wpr-parallax-no wpr-sticky-section-no wpr-equal-height-no e-con e-child\" data-id=\"88634cc\" data-element_type=\"container\" data-e-type=\"container\">\n\t\t\t\t\t<div class=\"e-con-inner\">\n\t\t\t\t<div class=\"elementor-element elementor-element-29db980 elementor-widget elementor-widget-image\" data-id=\"29db980\" data-element_type=\"widget\" data-e-type=\"widget\" data-widget_type=\"image.default\">\n\t\t\t\t<div class=\"elementor-widget-container\">\n\t\t\t\t\t\t\t\t\t\t\t\t\t\t\t<img loading=\"lazy\" decoding=\"async\" width=\"992\" height=\"751\" src=\"https:\/\/vitrinen-hesemann.de\/wp-content\/uploads\/2024\/03\/rh-sammlervitrinen-ahorn-saeule_sb.jpg\" class=\"attachment-large size-large wp-image-658\" alt=\"\" srcset=\"https:\/\/vitrinen-hesemann.de\/wp-content\/uploads\/2024\/03\/rh-sammlervitrinen-ahorn-saeule_sb.jpg 992w, https:\/\/vitrinen-hesemann.de\/wp-content\/uploads\/2024\/03\/rh-sammlervitrinen-ahorn-saeule_sb-300x227.jpg 300w, https:\/\/vitrinen-hesemann.de\/wp-content\/uploads\/2024\/03\/rh-sammlervitrinen-ahorn-saeule_sb-768x581.jpg 768w\" sizes=\"(max-width: 992px) 100vw, 992px\" \/>\t\t\t\t\t\t\t\t\t\t\t\t\t\t\t<\/div>\n\t\t\t\t<\/div>\n\t\t\t\t<div class=\"elementor-element elementor-element-c95508d elementor-widget elementor-widget-image\" data-id=\"c95508d\" data-element_type=\"widget\" data-e-type=\"widget\" data-widget_type=\"image.default\">\n\t\t\t\t<div class=\"elementor-widget-container\">\n\t\t\t\t\t\t\t\t\t\t\t\t\t\t\t<img loading=\"lazy\" decoding=\"async\" width=\"725\" height=\"800\" src=\"https:\/\/vitrinen-hesemann.de\/wp-content\/uploads\/2024\/03\/rh-sammlervitrinen-nussbaum_sb.jpg\" class=\"attachment-large size-large wp-image-659\" alt=\"\" srcset=\"https:\/\/vitrinen-hesemann.de\/wp-content\/uploads\/2024\/03\/rh-sammlervitrinen-nussbaum_sb.jpg 725w, https:\/\/vitrinen-hesemann.de\/wp-content\/uploads\/2024\/03\/rh-sammlervitrinen-nussbaum_sb-272x300.jpg 272w\" sizes=\"(max-width: 725px) 100vw, 725px\" \/>\t\t\t\t\t\t\t\t\t\t\t\t\t\t\t<\/div>\n\t\t\t\t<\/div>\n\t\t\t\t<div class=\"elementor-element elementor-element-d2e1f6a elementor-widget elementor-widget-image\" data-id=\"d2e1f6a\" data-element_type=\"widget\" data-e-type=\"widget\" data-widget_type=\"image.default\">\n\t\t\t\t<div class=\"elementor-widget-container\">\n\t\t\t\t\t\t\t\t\t\t\t\t\t\t\t<img loading=\"lazy\" decoding=\"async\" width=\"646\" height=\"739\" src=\"https:\/\/vitrinen-hesemann.de\/wp-content\/uploads\/2024\/03\/rh-sammlervitrine-schubladen_sb.jpg\" class=\"attachment-large size-large wp-image-660\" alt=\"\" srcset=\"https:\/\/vitrinen-hesemann.de\/wp-content\/uploads\/2024\/03\/rh-sammlervitrine-schubladen_sb.jpg 646w, https:\/\/vitrinen-hesemann.de\/wp-content\/uploads\/2024\/03\/rh-sammlervitrine-schubladen_sb-262x300.jpg 262w\" sizes=\"(max-width: 646px) 100vw, 646px\" \/>\t\t\t\t\t\t\t\t\t\t\t\t\t\t\t<\/div>\n\t\t\t\t<\/div>\n\t\t\t\t<div class=\"elementor-element elementor-element-31a3d7a elementor-widget elementor-widget-image\" data-id=\"31a3d7a\" data-element_type=\"widget\" data-e-type=\"widget\" data-widget_type=\"image.default\">\n\t\t\t\t<div class=\"elementor-widget-container\">\n\t\t\t\t\t\t\t\t\t\t\t\t\t\t\t<img loading=\"lazy\" decoding=\"async\" width=\"937\" height=\"679\" src=\"https:\/\/vitrinen-hesemann.de\/wp-content\/uploads\/2024\/03\/rh-sammlervitrine-varianten_sb.jpg\" class=\"attachment-large size-large wp-image-661\" alt=\"\" srcset=\"https:\/\/vitrinen-hesemann.de\/wp-content\/uploads\/2024\/03\/rh-sammlervitrine-varianten_sb.jpg 937w, https:\/\/vitrinen-hesemann.de\/wp-content\/uploads\/2024\/03\/rh-sammlervitrine-varianten_sb-300x217.jpg 300w, https:\/\/vitrinen-hesemann.de\/wp-content\/uploads\/2024\/03\/rh-sammlervitrine-varianten_sb-768x557.jpg 768w\" sizes=\"(max-width: 937px) 100vw, 937px\" \/>\t\t\t\t\t\t\t\t\t\t\t\t\t\t\t<\/div>\n\t\t\t\t<\/div>\n\t\t\t\t\t<\/div>\n\t\t\t\t<\/div>\n\t\t<div class=\"elementor-element elementor-element-c3db6c6 e-flex e-con-boxed wpr-particle-no wpr-jarallax-no wpr-parallax-no wpr-sticky-section-no wpr-equal-height-no e-con e-child\" data-id=\"c3db6c6\" data-element_type=\"container\" data-e-type=\"container\">\n\t\t\t\t\t<div class=\"e-con-inner\">\n\t\t\t\t<div class=\"elementor-element elementor-element-eb94228 elementor-widget__width-initial elementor-widget elementor-widget-image\" data-id=\"eb94228\" data-element_type=\"widget\" data-e-type=\"widget\" data-widget_type=\"image.default\">\n\t\t\t\t<div class=\"elementor-widget-container\">\n\t\t\t\t\t\t\t\t\t\t\t\t\t\t\t<img loading=\"lazy\" decoding=\"async\" width=\"651\" height=\"600\" src=\"https:\/\/vitrinen-hesemann.de\/wp-content\/uploads\/2024\/03\/skizze-3_sb.jpg\" class=\"attachment-large size-large wp-image-662\" alt=\"\" srcset=\"https:\/\/vitrinen-hesemann.de\/wp-content\/uploads\/2024\/03\/skizze-3_sb.jpg 651w, https:\/\/vitrinen-hesemann.de\/wp-content\/uploads\/2024\/03\/skizze-3_sb-300x276.jpg 300w\" sizes=\"(max-width: 651px) 100vw, 651px\" \/>\t\t\t\t\t\t\t\t\t\t\t\t\t\t\t<\/div>\n\t\t\t\t<\/div>\n\t\t\t\t<div class=\"elementor-element elementor-element-37295a3 elementor-widget__width-initial elementor-widget elementor-widget-image\" data-id=\"37295a3\" data-element_type=\"widget\" data-e-type=\"widget\" data-widget_type=\"image.default\">\n\t\t\t\t<div class=\"elementor-widget-container\">\n\t\t\t\t\t\t\t\t\t\t\t\t\t\t\t<img loading=\"lazy\" decoding=\"async\" width=\"709\" height=\"800\" src=\"https:\/\/vitrinen-hesemann.de\/wp-content\/uploads\/2024\/03\/rh-vitrine-modellvitrine_sb.jpg\" class=\"attachment-large size-large wp-image-663\" alt=\"\" srcset=\"https:\/\/vitrinen-hesemann.de\/wp-content\/uploads\/2024\/03\/rh-vitrine-modellvitrine_sb.jpg 709w, https:\/\/vitrinen-hesemann.de\/wp-content\/uploads\/2024\/03\/rh-vitrine-modellvitrine_sb-266x300.jpg 266w\" sizes=\"(max-width: 709px) 100vw, 709px\" \/>\t\t\t\t\t\t\t\t\t\t\t\t\t\t\t<\/div>\n\t\t\t\t<\/div>\n\t\t\t\t<div class=\"elementor-element elementor-element-031e70c elementor-widget__width-initial elementor-widget elementor-widget-image\" data-id=\"031e70c\" data-element_type=\"widget\" data-e-type=\"widget\" data-widget_type=\"image.default\">\n\t\t\t\t<div class=\"elementor-widget-container\">\n\t\t\t\t\t\t\t\t\t\t\t\t\t\t\t<img loading=\"lazy\" decoding=\"async\" width=\"625\" height=\"800\" src=\"https:\/\/vitrinen-hesemann.de\/wp-content\/uploads\/2024\/03\/rh-wandvitrine-ganzglas-modell-b3_sb.jpg\" class=\"attachment-large size-large wp-image-664\" alt=\"\" srcset=\"https:\/\/vitrinen-hesemann.de\/wp-content\/uploads\/2024\/03\/rh-wandvitrine-ganzglas-modell-b3_sb.jpg 625w, https:\/\/vitrinen-hesemann.de\/wp-content\/uploads\/2024\/03\/rh-wandvitrine-ganzglas-modell-b3_sb-234x300.jpg 234w\" sizes=\"(max-width: 625px) 100vw, 625px\" \/>\t\t\t\t\t\t\t\t\t\t\t\t\t\t\t<\/div>\n\t\t\t\t<\/div>\n\t\t\t\t\t<\/div>\n\t\t\t\t<\/div>\n\t\t<div class=\"elementor-element elementor-element-914fa99 e-flex e-con-boxed wpr-particle-no wpr-jarallax-no wpr-parallax-no wpr-sticky-section-no wpr-equal-height-no e-con e-child\" data-id=\"914fa99\" data-element_type=\"container\" data-e-type=\"container\">\n\t\t\t\t\t<div class=\"e-con-inner\">\n\t\t\t\t<div class=\"elementor-element elementor-element-e2e6431 elementor-widget elementor-widget-image\" data-id=\"e2e6431\" data-element_type=\"widget\" data-e-type=\"widget\" data-widget_type=\"image.default\">\n\t\t\t\t<div class=\"elementor-widget-container\">\n\t\t\t\t\t\t\t\t\t\t\t\t\t\t\t<img loading=\"lazy\" decoding=\"async\" width=\"1024\" height=\"433\" src=\"https:\/\/vitrinen-hesemann.de\/wp-content\/uploads\/2024\/03\/vitrine-sammler-2_sb-1024x433.jpg\" class=\"attachment-large size-large wp-image-665\" alt=\"\" srcset=\"https:\/\/vitrinen-hesemann.de\/wp-content\/uploads\/2024\/03\/vitrine-sammler-2_sb-1024x433.jpg 1024w, https:\/\/vitrinen-hesemann.de\/wp-content\/uploads\/2024\/03\/vitrine-sammler-2_sb-300x127.jpg 300w, https:\/\/vitrinen-hesemann.de\/wp-content\/uploads\/2024\/03\/vitrine-sammler-2_sb-768x324.jpg 768w, https:\/\/vitrinen-hesemann.de\/wp-content\/uploads\/2024\/03\/vitrine-sammler-2_sb.jpg 1200w\" sizes=\"(max-width: 1024px) 100vw, 1024px\" \/>\t\t\t\t\t\t\t\t\t\t\t\t\t\t\t<\/div>\n\t\t\t\t<\/div>\n\t\t\t\t<div class=\"elementor-element elementor-element-c8dca93 elementor-widget elementor-widget-image\" data-id=\"c8dca93\" data-element_type=\"widget\" data-e-type=\"widget\" data-widget_type=\"image.default\">\n\t\t\t\t<div class=\"elementor-widget-container\">\n\t\t\t\t\t\t\t\t\t\t\t\t\t\t\t<img loading=\"lazy\" decoding=\"async\" width=\"1000\" height=\"492\" src=\"https:\/\/vitrinen-hesemann.de\/wp-content\/uploads\/2024\/03\/rh-tischvitrine-nussbaum_sb.jpg\" class=\"attachment-large size-large wp-image-666\" alt=\"\" srcset=\"https:\/\/vitrinen-hesemann.de\/wp-content\/uploads\/2024\/03\/rh-tischvitrine-nussbaum_sb.jpg 1000w, https:\/\/vitrinen-hesemann.de\/wp-content\/uploads\/2024\/03\/rh-tischvitrine-nussbaum_sb-300x148.jpg 300w, https:\/\/vitrinen-hesemann.de\/wp-content\/uploads\/2024\/03\/rh-tischvitrine-nussbaum_sb-768x378.jpg 768w\" sizes=\"(max-width: 1000px) 100vw, 1000px\" \/>\t\t\t\t\t\t\t\t\t\t\t\t\t\t\t<\/div>\n\t\t\t\t<\/div>\n\t\t\t\t\t<\/div>\n\t\t\t\t<\/div>\n\t\t<div class=\"elementor-element elementor-element-80d7b20 e-flex e-con-boxed wpr-particle-no wpr-jarallax-no wpr-parallax-no wpr-sticky-section-no wpr-equal-height-no e-con e-child\" data-id=\"80d7b20\" data-element_type=\"container\" data-e-type=\"container\">\n\t\t\t\t\t<div class=\"e-con-inner\">\n\t\t\t\t<div class=\"elementor-element elementor-element-6f83d80 elementor-widget elementor-widget-image\" data-id=\"6f83d80\" data-element_type=\"widget\" data-e-type=\"widget\" data-widget_type=\"image.default\">\n\t\t\t\t<div class=\"elementor-widget-container\">\n\t\t\t\t\t\t\t\t\t\t\t\t\t\t\t<img loading=\"lazy\" decoding=\"async\" width=\"847\" height=\"784\" src=\"https:\/\/vitrinen-hesemann.de\/wp-content\/uploads\/2024\/03\/vitrine-buecher-3e1_sb.jpg\" class=\"attachment-large size-large wp-image-667\" alt=\"\" srcset=\"https:\/\/vitrinen-hesemann.de\/wp-content\/uploads\/2024\/03\/vitrine-buecher-3e1_sb.jpg 847w, https:\/\/vitrinen-hesemann.de\/wp-content\/uploads\/2024\/03\/vitrine-buecher-3e1_sb-300x278.jpg 300w, https:\/\/vitrinen-hesemann.de\/wp-content\/uploads\/2024\/03\/vitrine-buecher-3e1_sb-768x711.jpg 768w\" sizes=\"(max-width: 847px) 100vw, 847px\" \/>\t\t\t\t\t\t\t\t\t\t\t\t\t\t\t<\/div>\n\t\t\t\t<\/div>\n\t\t\t\t<div class=\"elementor-element elementor-element-2545bf9 elementor-widget elementor-widget-image\" data-id=\"2545bf9\" data-element_type=\"widget\" data-e-type=\"widget\" data-widget_type=\"image.default\">\n\t\t\t\t<div class=\"elementor-widget-container\">\n\t\t\t\t\t\t\t\t\t\t\t\t\t\t\t<img loading=\"lazy\" decoding=\"async\" width=\"685\" height=\"700\" src=\"https:\/\/vitrinen-hesemann.de\/wp-content\/uploads\/2024\/03\/vitrine-buecher-3d_sb.jpg\" class=\"attachment-large size-large wp-image-668\" alt=\"\" srcset=\"https:\/\/vitrinen-hesemann.de\/wp-content\/uploads\/2024\/03\/vitrine-buecher-3d_sb.jpg 685w, https:\/\/vitrinen-hesemann.de\/wp-content\/uploads\/2024\/03\/vitrine-buecher-3d_sb-294x300.jpg 294w\" sizes=\"(max-width: 685px) 100vw, 685px\" \/>\t\t\t\t\t\t\t\t\t\t\t\t\t\t\t<\/div>\n\t\t\t\t<\/div>\n\t\t\t\t<div class=\"elementor-element elementor-element-c373251 elementor-widget elementor-widget-image\" data-id=\"c373251\" data-element_type=\"widget\" data-e-type=\"widget\" data-widget_type=\"image.default\">\n\t\t\t\t<div class=\"elementor-widget-container\">\n\t\t\t\t\t\t\t\t\t\t\t\t\t\t\t<img loading=\"lazy\" decoding=\"async\" width=\"784\" height=\"719\" src=\"https:\/\/vitrinen-hesemann.de\/wp-content\/uploads\/2024\/03\/vitrine-eisenbahn-100d3c_sb.jpg\" class=\"attachment-large size-large wp-image-669\" alt=\"\" srcset=\"https:\/\/vitrinen-hesemann.de\/wp-content\/uploads\/2024\/03\/vitrine-eisenbahn-100d3c_sb.jpg 784w, https:\/\/vitrinen-hesemann.de\/wp-content\/uploads\/2024\/03\/vitrine-eisenbahn-100d3c_sb-300x275.jpg 300w, https:\/\/vitrinen-hesemann.de\/wp-content\/uploads\/2024\/03\/vitrine-eisenbahn-100d3c_sb-768x704.jpg 768w\" sizes=\"(max-width: 784px) 100vw, 784px\" \/>\t\t\t\t\t\t\t\t\t\t\t\t\t\t\t<\/div>\n\t\t\t\t<\/div>\n\t\t\t\t<div class=\"elementor-element elementor-element-1f8f23f elementor-widget elementor-widget-image\" data-id=\"1f8f23f\" data-element_type=\"widget\" data-e-type=\"widget\" data-widget_type=\"image.default\">\n\t\t\t\t<div class=\"elementor-widget-container\">\n\t\t\t\t\t\t\t\t\t\t\t\t\t\t\t<img loading=\"lazy\" decoding=\"async\" width=\"768\" height=\"704\" src=\"https:\/\/vitrinen-hesemann.de\/wp-content\/uploads\/2024\/03\/vitrine-eisenbahn-100d3b_sb.jpg\" class=\"attachment-large size-large wp-image-670\" alt=\"\" srcset=\"https:\/\/vitrinen-hesemann.de\/wp-content\/uploads\/2024\/03\/vitrine-eisenbahn-100d3b_sb.jpg 768w, https:\/\/vitrinen-hesemann.de\/wp-content\/uploads\/2024\/03\/vitrine-eisenbahn-100d3b_sb-300x275.jpg 300w\" sizes=\"(max-width: 768px) 100vw, 768px\" \/>\t\t\t\t\t\t\t\t\t\t\t\t\t\t\t<\/div>\n\t\t\t\t<\/div>\n\t\t\t\t\t<\/div>\n\t\t\t\t<\/div>\n\t\t\t\t\t<\/div>\n\t\t\t\t<\/div>\n\t\t\t\t<div class=\"elementor-element elementor-element-7a70072 elementor-widget elementor-widget-spacer\" data-id=\"7a70072\" data-element_type=\"widget\" data-e-type=\"widget\" data-widget_type=\"spacer.default\">\n\t\t\t\t<div class=\"elementor-widget-container\">\n\t\t\t\t\t\t\t<div class=\"elementor-spacer\">\n\t\t\t<div class=\"elementor-spacer-inner\"><\/div>\n\t\t<\/div>\n\t\t\t\t\t\t<\/div>\n\t\t\t\t<\/div>\n\t\t\t\t\t<\/div>\n\t\t\t\t<\/div>\n\t\t<div class=\"elementor-element elementor-element-7f261e5d e-con-full e-flex wpr-particle-no wpr-jarallax-no wpr-parallax-no wpr-sticky-section-no wpr-equal-height-no e-con e-parent\" data-id=\"7f261e5d\" data-element_type=\"container\" data-e-type=\"container\" data-settings=\"{&quot;background_background&quot;:&quot;classic&quot;}\">\n\t\t<div class=\"elementor-element elementor-element-84a8cbf e-flex e-con-boxed wpr-particle-no wpr-jarallax-no wpr-parallax-no wpr-sticky-section-no wpr-equal-height-no e-con e-child\" data-id=\"84a8cbf\" data-element_type=\"container\" data-e-type=\"container\">\n\t\t\t\t\t<div class=\"e-con-inner\">\n\t\t\t\t<div class=\"elementor-element elementor-element-6e384979 elementor-widget__width-initial elementor-widget elementor-widget-image\" data-id=\"6e384979\" data-element_type=\"widget\" data-e-type=\"widget\" data-widget_type=\"image.default\">\n\t\t\t\t<div class=\"elementor-widget-container\">\n\t\t\t\t\t\t\t\t\t\t\t\t\t\t\t<img loading=\"lazy\" decoding=\"async\" width=\"118\" height=\"151\" src=\"https:\/\/vitrinen-hesemann.de\/wp-content\/uploads\/2024\/03\/logo_vitrinen.png\" class=\"attachment-large size-large wp-image-278\" alt=\"\" \/>\t\t\t\t\t\t\t\t\t\t\t\t\t\t\t<\/div>\n\t\t\t\t<\/div>\n\t\t\t\t<div class=\"elementor-element elementor-element-17d0b710 elementor-widget elementor-widget-text-editor\" data-id=\"17d0b710\" data-element_type=\"widget\" data-e-type=\"widget\" data-widget_type=\"text-editor.default\">\n\t\t\t\t<div class=\"elementor-widget-container\">\n\t\t\t\t\t\t\t\t\t<span style=\"font-size: large;\">Galerie Ausstellung<\/span><br>\nOppenweher Str. 15<br>\n32351 Stemwede-Oppenwehe<br>\n\u00d6ffnung nach Terminabsprache\t\t\t\t\t\t\t\t<\/div>\n\t\t\t\t<\/div>\n\t\t\t\t<div class=\"elementor-element elementor-element-3fd0a1e8 elementor-widget elementor-widget-spacer\" data-id=\"3fd0a1e8\" data-element_type=\"widget\" data-e-type=\"widget\" data-widget_type=\"spacer.default\">\n\t\t\t\t<div class=\"elementor-widget-container\">\n\t\t\t\t\t\t\t<div class=\"elementor-spacer\">\n\t\t\t<div class=\"elementor-spacer-inner\"><\/div>\n\t\t<\/div>\n\t\t\t\t\t\t<\/div>\n\t\t\t\t<\/div>\n\t\t\t\t<div class=\"elementor-element elementor-element-6478e13b elementor-widget elementor-widget-text-editor\" data-id=\"6478e13b\" data-element_type=\"widget\" data-e-type=\"widget\" data-widget_type=\"text-editor.default\">\n\t\t\t\t<div class=\"elementor-widget-container\">\n\t\t\t\t\t\t\t\t\t<p>\u00a9 Vitrinen-Hesemann 2023<\/p>\t\t\t\t\t\t\t\t<\/div>\n\t\t\t\t<\/div>\n\t\t\t\t<div class=\"elementor-element elementor-element-4c18bd0e elementor-widget elementor-widget-spacer\" data-id=\"4c18bd0e\" data-element_type=\"widget\" data-e-type=\"widget\" data-widget_type=\"spacer.default\">\n\t\t\t\t<div class=\"elementor-widget-container\">\n\t\t\t\t\t\t\t<div class=\"elementor-spacer\">\n\t\t\t<div class=\"elementor-spacer-inner\"><\/div>\n\t\t<\/div>\n\t\t\t\t\t\t<\/div>\n\t\t\t\t<\/div>\n\t\t\t\t<div class=\"elementor-element elementor-element-561705f6 elementor-widget__width-initial elementor-widget elementor-widget-text-editor\" data-id=\"561705f6\" data-element_type=\"widget\" data-e-type=\"widget\" data-widget_type=\"text-editor.default\">\n\t\t\t\t<div class=\"elementor-widget-container\">\n\t\t\t\t\t\t\t\t\t<p><span style=\"font-size: large;\">Kontaktdaten<\/span><br \/><strong>Postanschrift:<\/strong><br \/>Reinhard Hesemann<br \/>In der Heide 24 &#8211; D-32369 Rahden<br \/><strong>Telefon:<\/strong> +49 (0) 57 75 &#8211; 14 51<br \/><strong>FAX:<\/strong> +49 (0) 57 75 &#8211; 96 73 51<br \/><strong>Mobil:<\/strong> +49 (0)160 &#8211; 9 33 29 100<br \/><strong>E-mail:<\/strong> info(at)hesemann.eu<\/p>\t\t\t\t\t\t\t\t<\/div>\n\t\t\t\t<\/div>\n\t\t\t\t<div class=\"elementor-element elementor-element-18084881 elementor-widget__width-initial elementor-widget elementor-widget-image\" data-id=\"18084881\" data-element_type=\"widget\" data-e-type=\"widget\" data-widget_type=\"image.default\">\n\t\t\t\t<div class=\"elementor-widget-container\">\n\t\t\t\t\t\t\t\t\t\t\t\t\t\t\t<img loading=\"lazy\" decoding=\"async\" width=\"118\" height=\"151\" src=\"https:\/\/vitrinen-hesemann.de\/wp-content\/uploads\/2024\/03\/logo-wohnenunddesign.png\" class=\"attachment-large size-large wp-image-279\" alt=\"\" \/>\t\t\t\t\t\t\t\t\t\t\t\t\t\t\t<\/div>\n\t\t\t\t<\/div>\n\t\t\t\t\t<\/div>\n\t\t\t\t<\/div>\n\t\t\t\t<\/div>\n\t\t\t\t<\/div>\n\t\t","protected":false},"excerpt":{"rendered":"<p>Home Holzvitrinen \u00dcber Holzvitrinen Manufaktur Planung\/Entwurf Eine Vitrine entsteht RH-Haubenvitrinen RH-Haubenvitrinen-STD Schrankvitrinen Standvitrinen Sockelvitrinen Tischvitrinen Wandvitrinen Sammlervitrinen Automodellvitrinen Modellbahnvitrinen Golfballvitrinen RH-Galeriesockel Glasvitrinen \u00dcber Glasvitrinen Stand-\/Schrankvitrinen Hauben-\/Sockelvitrinen Aufsatzvitrinen Wand-\/H\u00e4ngevitrinen Tischvitrinen Theken-\/Sockelvitrinen Schauk\u00e4sten Innen Schauk\u00e4sten au\u00dfen Hustenschutz Beleuchtung Referenzen Impressum \/ Kontakt Impressum Kontaktformular Datenschutz AGB Home Holzvitrinen \u00dcber Holzvitrinen Manufaktur Planung\/Entwurf Eine Vitrine entsteht RH-Haubenvitrinen RH-Haubenvitrinen-STD Schrankvitrinen Standvitrinen Sockelvitrinen Tischvitrinen Wandvitrinen Sammlervitrinen Automodellvitrinen Modellbahnvitrinen Golfballvitrinen RH-Galeriesockel Glasvitrinen \u00dcber Glasvitrinen Stand-\/Schrankvitrinen Hauben-\/Sockelvitrinen Aufsatzvitrinen Wand-\/H\u00e4ngevitrinen Tischvitrinen Theken-\/Sockelvitrinen Schauk\u00e4sten Innen Schauk\u00e4sten au\u00dfen Hustenschutz Beleuchtung Referenzen Impressum \/ Kontakt Impressum Kontaktformular Datenschutz AGB Entw\u00fcrfe, Ideen, Skizzen und mehr&#8230;. Planung und Entwurf An dieser Stelle m\u00f6chten wir Ihnen einige Ideen und Entwurfsskizzen vorstellen,\u00a0die im Rahmen von Kundenauftr\u00e4gen entstanden sind. Galerie Ausstellung Oppenweher Str. 15 32351 Stemwede-Oppenwehe \u00d6ffnung nach Terminabsprache \u00a9 Vitrinen-Hesemann 2023 KontaktdatenPostanschrift:Reinhard HesemannIn der Heide 24 &#8211; D-32369 RahdenTelefon: +49 (0) 57 75 &#8211; 14 51FAX: +49 (0) 57 75 &#8211; 96 73 51Mobil: +49 (0)160 &#8211; 9 33 29 100E-mail: info(at)hesemann.eu<\/p>\n","protected":false},"author":1,"featured_media":0,"parent":233,"menu_order":0,"comment_status":"closed","ping_status":"closed","template":"elementor_header_footer","meta":{"ocean_post_layout":"full-screen","ocean_both_sidebars_style":"","ocean_both_sidebars_content_width":0,"ocean_both_sidebars_sidebars_width":0,"ocean_sidebar":"","ocean_second_sidebar":"","ocean_disable_margins":"enable","ocean_add_body_class":"","ocean_shortcode_before_top_bar":"","ocean_shortcode_after_top_bar":"","ocean_shortcode_before_header":"","ocean_shortcode_after_header":"","ocean_has_shortcode":"","ocean_shortcode_after_title":"","ocean_shortcode_before_footer_widgets":"","ocean_shortcode_after_footer_widgets":"","ocean_shortcode_before_footer_bottom":"","ocean_shortcode_after_footer_bottom":"","ocean_display_top_bar":"off","ocean_display_header":"off","ocean_header_style":"","ocean_center_header_left_menu":"","ocean_custom_header_template":"","ocean_custom_logo":0,"ocean_custom_retina_logo":0,"ocean_custom_logo_max_width":0,"ocean_custom_logo_tablet_max_width":0,"ocean_custom_logo_mobile_max_width":0,"ocean_custom_logo_max_height":0,"ocean_custom_logo_tablet_max_height":0,"ocean_custom_logo_mobile_max_height":0,"ocean_header_custom_menu":"","ocean_menu_typo_font_family":"","ocean_menu_typo_font_subset":"","ocean_menu_typo_font_size":0,"ocean_menu_typo_font_size_tablet":0,"ocean_menu_typo_font_size_mobile":0,"ocean_menu_typo_font_size_unit":"px","ocean_menu_typo_font_weight":"","ocean_menu_typo_font_weight_tablet":"","ocean_menu_typo_font_weight_mobile":"","ocean_menu_typo_transform":"","ocean_menu_typo_transform_tablet":"","ocean_menu_typo_transform_mobile":"","ocean_menu_typo_line_height":0,"ocean_menu_typo_line_height_tablet":0,"ocean_menu_typo_line_height_mobile":0,"ocean_menu_typo_line_height_unit":"","ocean_menu_typo_spacing":0,"ocean_menu_typo_spacing_tablet":0,"ocean_menu_typo_spacing_mobile":0,"ocean_menu_typo_spacing_unit":"","ocean_menu_link_color":"","ocean_menu_link_color_hover":"","ocean_menu_link_color_active":"","ocean_menu_link_background":"","ocean_menu_link_hover_background":"","ocean_menu_link_active_background":"","ocean_menu_social_links_bg":"","ocean_menu_social_hover_links_bg":"","ocean_menu_social_links_color":"","ocean_menu_social_hover_links_color":"","ocean_disable_title":"on","ocean_disable_heading":"default","ocean_post_title":"","ocean_post_subheading":"","ocean_post_title_style":"","ocean_post_title_background_color":"","ocean_post_title_background":0,"ocean_post_title_bg_image_position":"","ocean_post_title_bg_image_attachment":"","ocean_post_title_bg_image_repeat":"","ocean_post_title_bg_image_size":"","ocean_post_title_height":0,"ocean_post_title_bg_overlay":0.5,"ocean_post_title_bg_overlay_color":"","ocean_disable_breadcrumbs":"default","ocean_breadcrumbs_color":"","ocean_breadcrumbs_separator_color":"","ocean_breadcrumbs_links_color":"","ocean_breadcrumbs_links_hover_color":"","ocean_display_footer_widgets":"off","ocean_display_footer_bottom":"off","ocean_custom_footer_template":"","footnotes":""},"class_list":["post-235","page","type-page","status-publish","hentry","entry"],"yoast_head":"<!-- This site is optimized with the Yoast SEO plugin v27.5 - https:\/\/yoast.com\/product\/yoast-seo-wordpress\/ -->\n<title>Planung\/Entwurf - Vitrinen aus Holz -Schauvitrinen<\/title>\n<meta name=\"robots\" content=\"index, follow, max-snippet:-1, max-image-preview:large, max-video-preview:-1\" \/>\n<link rel=\"canonical\" href=\"https:\/\/vitrinen-hesemann.de\/index.php\/manufaktur\/planung-entwurf\/\" \/>\n<meta property=\"og:locale\" content=\"de_DE\" \/>\n<meta property=\"og:type\" content=\"article\" \/>\n<meta property=\"og:title\" content=\"Planung\/Entwurf - Vitrinen aus Holz -Schauvitrinen\" \/>\n<meta property=\"og:description\" content=\"Home Holzvitrinen \u00dcber Holzvitrinen Manufaktur Planung\/Entwurf Eine Vitrine entsteht RH-Haubenvitrinen RH-Haubenvitrinen-STD Schrankvitrinen Standvitrinen Sockelvitrinen Tischvitrinen Wandvitrinen Sammlervitrinen Automodellvitrinen Modellbahnvitrinen Golfballvitrinen RH-Galeriesockel Glasvitrinen \u00dcber Glasvitrinen Stand-\/Schrankvitrinen Hauben-\/Sockelvitrinen Aufsatzvitrinen Wand-\/H\u00e4ngevitrinen Tischvitrinen Theken-\/Sockelvitrinen Schauk\u00e4sten Innen Schauk\u00e4sten au\u00dfen Hustenschutz Beleuchtung Referenzen Impressum \/ Kontakt Impressum Kontaktformular Datenschutz AGB Home Holzvitrinen \u00dcber Holzvitrinen Manufaktur Planung\/Entwurf Eine Vitrine entsteht RH-Haubenvitrinen RH-Haubenvitrinen-STD Schrankvitrinen Standvitrinen Sockelvitrinen Tischvitrinen Wandvitrinen Sammlervitrinen Automodellvitrinen Modellbahnvitrinen Golfballvitrinen RH-Galeriesockel Glasvitrinen \u00dcber Glasvitrinen Stand-\/Schrankvitrinen Hauben-\/Sockelvitrinen Aufsatzvitrinen Wand-\/H\u00e4ngevitrinen Tischvitrinen Theken-\/Sockelvitrinen Schauk\u00e4sten Innen Schauk\u00e4sten au\u00dfen Hustenschutz Beleuchtung Referenzen Impressum \/ Kontakt Impressum Kontaktformular Datenschutz AGB Entw\u00fcrfe, Ideen, Skizzen und mehr&#8230;. Planung und Entwurf An dieser Stelle m\u00f6chten wir Ihnen einige Ideen und Entwurfsskizzen vorstellen,\u00a0die im Rahmen von Kundenauftr\u00e4gen entstanden sind. Galerie Ausstellung Oppenweher Str. 15 32351 Stemwede-Oppenwehe \u00d6ffnung nach Terminabsprache \u00a9 Vitrinen-Hesemann 2023 KontaktdatenPostanschrift:Reinhard HesemannIn der Heide 24 &#8211; D-32369 RahdenTelefon: +49 (0) 57 75 &#8211; 14 51FAX: +49 (0) 57 75 &#8211; 96 73 51Mobil: +49 (0)160 &#8211; 9 33 29 100E-mail: info(at)hesemann.eu\" \/>\n<meta property=\"og:url\" content=\"https:\/\/vitrinen-hesemann.de\/index.php\/manufaktur\/planung-entwurf\/\" \/>\n<meta property=\"og:site_name\" content=\"Vitrinen aus Holz -Schauvitrinen\" \/>\n<meta property=\"article:modified_time\" content=\"2024-03-23T16:28:28+00:00\" \/>\n<meta property=\"og:image\" content=\"https:\/\/interesting-euclid.95-216-9-226.plesk.page\/wp-content\/uploads\/2024\/03\/hesemann-vitrinen-schwarz.png\" \/>\n<meta name=\"twitter:card\" content=\"summary_large_image\" \/>\n<meta name=\"twitter:label1\" content=\"Gesch\u00e4tzte Lesezeit\" \/>\n\t<meta name=\"twitter:data1\" content=\"8\u00a0Minuten\" \/>\n<script type=\"application\/ld+json\" class=\"yoast-schema-graph\">{\"@context\":\"https:\\\/\\\/schema.org\",\"@graph\":[{\"@type\":\"WebPage\",\"@id\":\"https:\\\/\\\/vitrinen-hesemann.de\\\/index.php\\\/manufaktur\\\/planung-entwurf\\\/\",\"url\":\"https:\\\/\\\/vitrinen-hesemann.de\\\/index.php\\\/manufaktur\\\/planung-entwurf\\\/\",\"name\":\"Planung\\\/Entwurf - Vitrinen aus Holz -Schauvitrinen\",\"isPartOf\":{\"@id\":\"https:\\\/\\\/vitrinen-hesemann.de\\\/#website\"},\"primaryImageOfPage\":{\"@id\":\"https:\\\/\\\/vitrinen-hesemann.de\\\/index.php\\\/manufaktur\\\/planung-entwurf\\\/#primaryimage\"},\"image\":{\"@id\":\"https:\\\/\\\/vitrinen-hesemann.de\\\/index.php\\\/manufaktur\\\/planung-entwurf\\\/#primaryimage\"},\"thumbnailUrl\":\"https:\\\/\\\/interesting-euclid.95-216-9-226.plesk.page\\\/wp-content\\\/uploads\\\/2024\\\/03\\\/hesemann-vitrinen-schwarz.png\",\"datePublished\":\"2024-03-09T14:09:46+00:00\",\"dateModified\":\"2024-03-23T16:28:28+00:00\",\"breadcrumb\":{\"@id\":\"https:\\\/\\\/vitrinen-hesemann.de\\\/index.php\\\/manufaktur\\\/planung-entwurf\\\/#breadcrumb\"},\"inLanguage\":\"de\",\"potentialAction\":[{\"@type\":\"ReadAction\",\"target\":[\"https:\\\/\\\/vitrinen-hesemann.de\\\/index.php\\\/manufaktur\\\/planung-entwurf\\\/\"]}]},{\"@type\":\"ImageObject\",\"inLanguage\":\"de\",\"@id\":\"https:\\\/\\\/vitrinen-hesemann.de\\\/index.php\\\/manufaktur\\\/planung-entwurf\\\/#primaryimage\",\"url\":\"https:\\\/\\\/interesting-euclid.95-216-9-226.plesk.page\\\/wp-content\\\/uploads\\\/2024\\\/03\\\/hesemann-vitrinen-schwarz.png\",\"contentUrl\":\"https:\\\/\\\/interesting-euclid.95-216-9-226.plesk.page\\\/wp-content\\\/uploads\\\/2024\\\/03\\\/hesemann-vitrinen-schwarz.png\"},{\"@type\":\"BreadcrumbList\",\"@id\":\"https:\\\/\\\/vitrinen-hesemann.de\\\/index.php\\\/manufaktur\\\/planung-entwurf\\\/#breadcrumb\",\"itemListElement\":[{\"@type\":\"ListItem\",\"position\":1,\"name\":\"Startseite\",\"item\":\"https:\\\/\\\/vitrinen-hesemann.de\\\/\"},{\"@type\":\"ListItem\",\"position\":2,\"name\":\"Manufaktur\",\"item\":\"https:\\\/\\\/vitrinen-hesemann.de\\\/index.php\\\/manufaktur\\\/\"},{\"@type\":\"ListItem\",\"position\":3,\"name\":\"Planung\\\/Entwurf\"}]},{\"@type\":\"WebSite\",\"@id\":\"https:\\\/\\\/vitrinen-hesemann.de\\\/#website\",\"url\":\"https:\\\/\\\/vitrinen-hesemann.de\\\/\",\"name\":\"Vitrinen aus Holz -Schauvitrinen\",\"description\":\"\",\"potentialAction\":[{\"@type\":\"SearchAction\",\"target\":{\"@type\":\"EntryPoint\",\"urlTemplate\":\"https:\\\/\\\/vitrinen-hesemann.de\\\/?s={search_term_string}\"},\"query-input\":{\"@type\":\"PropertyValueSpecification\",\"valueRequired\":true,\"valueName\":\"search_term_string\"}}],\"inLanguage\":\"de\"}]}<\/script>\n<!-- \/ Yoast SEO plugin. -->","yoast_head_json":{"title":"Planung\/Entwurf - Vitrinen aus Holz -Schauvitrinen","robots":{"index":"index","follow":"follow","max-snippet":"max-snippet:-1","max-image-preview":"max-image-preview:large","max-video-preview":"max-video-preview:-1"},"canonical":"https:\/\/vitrinen-hesemann.de\/index.php\/manufaktur\/planung-entwurf\/","og_locale":"de_DE","og_type":"article","og_title":"Planung\/Entwurf - Vitrinen aus Holz -Schauvitrinen","og_description":"Home Holzvitrinen \u00dcber Holzvitrinen Manufaktur Planung\/Entwurf Eine Vitrine entsteht RH-Haubenvitrinen RH-Haubenvitrinen-STD Schrankvitrinen Standvitrinen Sockelvitrinen Tischvitrinen Wandvitrinen Sammlervitrinen Automodellvitrinen Modellbahnvitrinen Golfballvitrinen RH-Galeriesockel Glasvitrinen \u00dcber Glasvitrinen Stand-\/Schrankvitrinen Hauben-\/Sockelvitrinen Aufsatzvitrinen Wand-\/H\u00e4ngevitrinen Tischvitrinen Theken-\/Sockelvitrinen Schauk\u00e4sten Innen Schauk\u00e4sten au\u00dfen Hustenschutz Beleuchtung Referenzen Impressum \/ Kontakt Impressum Kontaktformular Datenschutz AGB Home Holzvitrinen \u00dcber Holzvitrinen Manufaktur Planung\/Entwurf Eine Vitrine entsteht RH-Haubenvitrinen RH-Haubenvitrinen-STD Schrankvitrinen Standvitrinen Sockelvitrinen Tischvitrinen Wandvitrinen Sammlervitrinen Automodellvitrinen Modellbahnvitrinen Golfballvitrinen RH-Galeriesockel Glasvitrinen \u00dcber Glasvitrinen Stand-\/Schrankvitrinen Hauben-\/Sockelvitrinen Aufsatzvitrinen Wand-\/H\u00e4ngevitrinen Tischvitrinen Theken-\/Sockelvitrinen Schauk\u00e4sten Innen Schauk\u00e4sten au\u00dfen Hustenschutz Beleuchtung Referenzen Impressum \/ Kontakt Impressum Kontaktformular Datenschutz AGB Entw\u00fcrfe, Ideen, Skizzen und mehr&#8230;. Planung und Entwurf An dieser Stelle m\u00f6chten wir Ihnen einige Ideen und Entwurfsskizzen vorstellen,\u00a0die im Rahmen von Kundenauftr\u00e4gen entstanden sind. Galerie Ausstellung Oppenweher Str. 15 32351 Stemwede-Oppenwehe \u00d6ffnung nach Terminabsprache \u00a9 Vitrinen-Hesemann 2023 KontaktdatenPostanschrift:Reinhard HesemannIn der Heide 24 &#8211; D-32369 RahdenTelefon: +49 (0) 57 75 &#8211; 14 51FAX: +49 (0) 57 75 &#8211; 96 73 51Mobil: +49 (0)160 &#8211; 9 33 29 100E-mail: info(at)hesemann.eu","og_url":"https:\/\/vitrinen-hesemann.de\/index.php\/manufaktur\/planung-entwurf\/","og_site_name":"Vitrinen aus Holz -Schauvitrinen","article_modified_time":"2024-03-23T16:28:28+00:00","og_image":[{"url":"https:\/\/interesting-euclid.95-216-9-226.plesk.page\/wp-content\/uploads\/2024\/03\/hesemann-vitrinen-schwarz.png","type":"","width":"","height":""}],"twitter_card":"summary_large_image","twitter_misc":{"Gesch\u00e4tzte Lesezeit":"8\u00a0Minuten"},"schema":{"@context":"https:\/\/schema.org","@graph":[{"@type":"WebPage","@id":"https:\/\/vitrinen-hesemann.de\/index.php\/manufaktur\/planung-entwurf\/","url":"https:\/\/vitrinen-hesemann.de\/index.php\/manufaktur\/planung-entwurf\/","name":"Planung\/Entwurf - Vitrinen aus Holz -Schauvitrinen","isPartOf":{"@id":"https:\/\/vitrinen-hesemann.de\/#website"},"primaryImageOfPage":{"@id":"https:\/\/vitrinen-hesemann.de\/index.php\/manufaktur\/planung-entwurf\/#primaryimage"},"image":{"@id":"https:\/\/vitrinen-hesemann.de\/index.php\/manufaktur\/planung-entwurf\/#primaryimage"},"thumbnailUrl":"https:\/\/interesting-euclid.95-216-9-226.plesk.page\/wp-content\/uploads\/2024\/03\/hesemann-vitrinen-schwarz.png","datePublished":"2024-03-09T14:09:46+00:00","dateModified":"2024-03-23T16:28:28+00:00","breadcrumb":{"@id":"https:\/\/vitrinen-hesemann.de\/index.php\/manufaktur\/planung-entwurf\/#breadcrumb"},"inLanguage":"de","potentialAction":[{"@type":"ReadAction","target":["https:\/\/vitrinen-hesemann.de\/index.php\/manufaktur\/planung-entwurf\/"]}]},{"@type":"ImageObject","inLanguage":"de","@id":"https:\/\/vitrinen-hesemann.de\/index.php\/manufaktur\/planung-entwurf\/#primaryimage","url":"https:\/\/interesting-euclid.95-216-9-226.plesk.page\/wp-content\/uploads\/2024\/03\/hesemann-vitrinen-schwarz.png","contentUrl":"https:\/\/interesting-euclid.95-216-9-226.plesk.page\/wp-content\/uploads\/2024\/03\/hesemann-vitrinen-schwarz.png"},{"@type":"BreadcrumbList","@id":"https:\/\/vitrinen-hesemann.de\/index.php\/manufaktur\/planung-entwurf\/#breadcrumb","itemListElement":[{"@type":"ListItem","position":1,"name":"Startseite","item":"https:\/\/vitrinen-hesemann.de\/"},{"@type":"ListItem","position":2,"name":"Manufaktur","item":"https:\/\/vitrinen-hesemann.de\/index.php\/manufaktur\/"},{"@type":"ListItem","position":3,"name":"Planung\/Entwurf"}]},{"@type":"WebSite","@id":"https:\/\/vitrinen-hesemann.de\/#website","url":"https:\/\/vitrinen-hesemann.de\/","name":"Vitrinen aus Holz -Schauvitrinen","description":"","potentialAction":[{"@type":"SearchAction","target":{"@type":"EntryPoint","urlTemplate":"https:\/\/vitrinen-hesemann.de\/?s={search_term_string}"},"query-input":{"@type":"PropertyValueSpecification","valueRequired":true,"valueName":"search_term_string"}}],"inLanguage":"de"}]}},"_links":{"self":[{"href":"https:\/\/vitrinen-hesemann.de\/index.php\/wp-json\/wp\/v2\/pages\/235","targetHints":{"allow":["GET"]}}],"collection":[{"href":"https:\/\/vitrinen-hesemann.de\/index.php\/wp-json\/wp\/v2\/pages"}],"about":[{"href":"https:\/\/vitrinen-hesemann.de\/index.php\/wp-json\/wp\/v2\/types\/page"}],"author":[{"embeddable":true,"href":"https:\/\/vitrinen-hesemann.de\/index.php\/wp-json\/wp\/v2\/users\/1"}],"replies":[{"embeddable":true,"href":"https:\/\/vitrinen-hesemann.de\/index.php\/wp-json\/wp\/v2\/comments?post=235"}],"version-history":[{"count":10,"href":"https:\/\/vitrinen-hesemann.de\/index.php\/wp-json\/wp\/v2\/pages\/235\/revisions"}],"predecessor-version":[{"id":715,"href":"https:\/\/vitrinen-hesemann.de\/index.php\/wp-json\/wp\/v2\/pages\/235\/revisions\/715"}],"up":[{"embeddable":true,"href":"https:\/\/vitrinen-hesemann.de\/index.php\/wp-json\/wp\/v2\/pages\/233"}],"wp:attachment":[{"href":"https:\/\/vitrinen-hesemann.de\/index.php\/wp-json\/wp\/v2\/media?parent=235"}],"curies":[{"name":"wp","href":"https:\/\/api.w.org\/{rel}","templated":true}]}}