{"id":233,"date":"2024-03-09T14:09:12","date_gmt":"2024-03-09T14:09:12","guid":{"rendered":"https:\/\/interesting-euclid.95-216-9-226.plesk.page\/?page_id=233"},"modified":"2024-04-10T22:08:14","modified_gmt":"2024-04-10T22:08:14","slug":"manufaktur","status":"publish","type":"page","link":"https:\/\/vitrinen-hesemann.de\/index.php\/manufaktur\/","title":{"rendered":"Manufaktur"},"content":{"rendered":"\t\t<div data-elementor-type=\"wp-page\" data-elementor-id=\"233\" class=\"elementor elementor-233\">\n\t\t\t\t<div class=\"elementor-element elementor-element-cb111bb e-flex e-con-boxed wpr-particle-no wpr-jarallax-no wpr-parallax-no wpr-sticky-section-no wpr-equal-height-no e-con e-parent\" data-id=\"cb111bb\" data-element_type=\"container\" data-e-type=\"container\">\n\t\t\t\t\t<div class=\"e-con-inner\">\n\t\t<div class=\"elementor-element elementor-element-7f684191 e-con-full e-flex wpr-particle-no wpr-jarallax-no wpr-parallax-no wpr-sticky-section-no wpr-equal-height-no e-con e-child\" data-id=\"7f684191\" data-element_type=\"container\" data-e-type=\"container\">\n\t\t\t\t<div class=\"elementor-element elementor-element-22a8a40d elementor-widget elementor-widget-image\" data-id=\"22a8a40d\" data-element_type=\"widget\" data-e-type=\"widget\" data-widget_type=\"image.default\">\n\t\t\t\t<div class=\"elementor-widget-container\">\n\t\t\t\t\t\t\t\t\t\t\t\t\t\t\t<img fetchpriority=\"high\" decoding=\"async\" width=\"435\" height=\"185\" src=\"https:\/\/vitrinen-hesemann.de\/wp-content\/uploads\/2024\/03\/hesemann-vitrinen-schwarz.png\" class=\"attachment-large size-large wp-image-280\" alt=\"\" srcset=\"https:\/\/vitrinen-hesemann.de\/wp-content\/uploads\/2024\/03\/hesemann-vitrinen-schwarz.png 435w, https:\/\/vitrinen-hesemann.de\/wp-content\/uploads\/2024\/03\/hesemann-vitrinen-schwarz-300x128.png 300w\" sizes=\"(max-width: 435px) 100vw, 435px\" \/>\t\t\t\t\t\t\t\t\t\t\t\t\t\t\t<\/div>\n\t\t\t\t<\/div>\n\t\t\t\t<div class=\"elementor-element elementor-element-3f4a4df0 wpr-pointer-none wpr-sub-menu-fx-slide wpr-sub-icon-chevron-down wpr-mobile-toggle-v2 wpr-main-menu-align-center wpr-main-menu-align--tabletcenter wpr-main-menu-align--mobileleft wpr-nav-menu-bp-mobile wpr-mobile-menu-full-width wpr-mobile-menu-item-align-center wpr-mobile-divider-yes elementor-widget elementor-widget-wpr-nav-menu\" data-id=\"3f4a4df0\" data-element_type=\"widget\" data-e-type=\"widget\" data-settings=\"{&quot;menu_layout&quot;:&quot;horizontal&quot;}\" data-widget_type=\"wpr-nav-menu.default\">\n\t\t\t\t<div class=\"elementor-widget-container\">\n\t\t\t\t\t<nav class=\"wpr-nav-menu-container wpr-nav-menu-horizontal\" data-trigger=\"hover\" data-consider-header=\"\" data-scroll-speed=\"500\"><ul id=\"menu-1-3f4a4df0\" class=\"wpr-nav-menu\"><li class=\"menu-item menu-item-type-post_type menu-item-object-page menu-item-home menu-item-122\"><a href=\"https:\/\/vitrinen-hesemann.de\/\" class=\"wpr-menu-item wpr-pointer-item\">Home<\/a><\/li>\n<li class=\"menu-item menu-item-type-custom menu-item-object-custom menu-item-796\"><a href=\"http:\/\/shop.hesemann.eu\" class=\"wpr-menu-item wpr-pointer-item\">Shop &#038; Mehr Infos<\/a><\/li>\n<li class=\"menu-item menu-item-type-post_type menu-item-object-page menu-item-795\"><a href=\"https:\/\/vitrinen-hesemann.de\/index.php\/referenzen\/\" class=\"wpr-menu-item wpr-pointer-item\">Referenzen<\/a><\/li>\n<li class=\"menu-item menu-item-type-custom menu-item-object-custom menu-item-872\"><a href=\"https:\/\/vitrinen-hesemann.de\/wp-content\/uploads\/2025\/05\/vitrinen_flyerA4_10_2023.pdf\" class=\"wpr-menu-item wpr-pointer-item\">Flyer<\/a><\/li>\n<li class=\"menu-item menu-item-type-post_type menu-item-object-page menu-item-has-children menu-item-157\"><a aria-haspopup=\"true\" aria-expanded=\"false\" href=\"https:\/\/vitrinen-hesemann.de\/index.php\/impressum\/\" class=\"wpr-menu-item wpr-pointer-item\">Impressum \/ Kontakt<i class=\"wpr-sub-icon fas\" aria-hidden=\"true\"><\/i><\/a>\n<ul class=\"sub-menu wpr-sub-menu\">\n\t<li class=\"menu-item menu-item-type-post_type menu-item-object-page menu-item-161\"><a href=\"https:\/\/vitrinen-hesemann.de\/index.php\/impressum\/\" class=\"wpr-sub-menu-item\">Impressum<\/a><\/li>\n\t<li class=\"menu-item menu-item-type-post_type menu-item-object-page menu-item-160\"><a href=\"https:\/\/vitrinen-hesemann.de\/index.php\/impressum\/kontaktformular\/\" class=\"wpr-sub-menu-item\">Kontaktformular<\/a><\/li>\n\t<li class=\"menu-item menu-item-type-post_type menu-item-object-page menu-item-159\"><a href=\"https:\/\/vitrinen-hesemann.de\/index.php\/impressum\/datenschutz\/\" class=\"wpr-sub-menu-item\">Datenschutz<\/a><\/li>\n\t<li class=\"menu-item menu-item-type-post_type menu-item-object-page menu-item-158\"><a href=\"https:\/\/vitrinen-hesemann.de\/index.php\/impressum\/agb\/\" class=\"wpr-sub-menu-item\">AGB<\/a><\/li>\n<\/ul>\n<\/li>\n<\/ul><\/nav><nav class=\"wpr-mobile-nav-menu-container\"><div class=\"wpr-mobile-toggle-wrap\"><div class=\"wpr-mobile-toggle\"><span class=\"wpr-mobile-toggle-line\"><\/span><span class=\"wpr-mobile-toggle-line\"><\/span><span class=\"wpr-mobile-toggle-line\"><\/span><\/div><\/div><ul id=\"mobile-menu-2-3f4a4df0\" class=\"wpr-mobile-nav-menu\"><li class=\"menu-item menu-item-type-post_type menu-item-object-page menu-item-home menu-item-122\"><a href=\"https:\/\/vitrinen-hesemann.de\/\" class=\"wpr-mobile-menu-item\">Home<\/a><\/li>\n<li class=\"menu-item menu-item-type-custom menu-item-object-custom menu-item-796\"><a href=\"http:\/\/shop.hesemann.eu\" class=\"wpr-mobile-menu-item\">Shop &#038; Mehr Infos<\/a><\/li>\n<li class=\"menu-item menu-item-type-post_type menu-item-object-page menu-item-795\"><a href=\"https:\/\/vitrinen-hesemann.de\/index.php\/referenzen\/\" class=\"wpr-mobile-menu-item\">Referenzen<\/a><\/li>\n<li class=\"menu-item menu-item-type-custom menu-item-object-custom menu-item-872\"><a href=\"https:\/\/vitrinen-hesemann.de\/wp-content\/uploads\/2025\/05\/vitrinen_flyerA4_10_2023.pdf\" class=\"wpr-mobile-menu-item\">Flyer<\/a><\/li>\n<li class=\"menu-item menu-item-type-post_type menu-item-object-page menu-item-has-children menu-item-157\"><a href=\"https:\/\/vitrinen-hesemann.de\/index.php\/impressum\/\" class=\"wpr-mobile-menu-item\">Impressum \/ Kontakt<\/a>\n<ul class=\"sub-menu wpr-sub-menu\">\n\t<li class=\"menu-item menu-item-type-post_type menu-item-object-page menu-item-161\"><a href=\"https:\/\/vitrinen-hesemann.de\/index.php\/impressum\/\" class=\"wpr-mobile-sub-menu-item\">Impressum<\/a><\/li>\n\t<li class=\"menu-item menu-item-type-post_type menu-item-object-page menu-item-160\"><a href=\"https:\/\/vitrinen-hesemann.de\/index.php\/impressum\/kontaktformular\/\" class=\"wpr-mobile-sub-menu-item\">Kontaktformular<\/a><\/li>\n\t<li class=\"menu-item menu-item-type-post_type menu-item-object-page menu-item-159\"><a href=\"https:\/\/vitrinen-hesemann.de\/index.php\/impressum\/datenschutz\/\" class=\"wpr-mobile-sub-menu-item\">Datenschutz<\/a><\/li>\n\t<li class=\"menu-item menu-item-type-post_type menu-item-object-page menu-item-158\"><a href=\"https:\/\/vitrinen-hesemann.de\/index.php\/impressum\/agb\/\" class=\"wpr-mobile-sub-menu-item\">AGB<\/a><\/li>\n<\/ul>\n<\/li>\n<\/ul><\/nav>\t\t\t\t<\/div>\n\t\t\t\t<\/div>\n\t\t\t\t<\/div>\n\t\t\t\t\t<\/div>\n\t\t\t\t<\/div>\n\t\t<div class=\"elementor-element elementor-element-4e71c96 e-flex e-con-boxed wpr-particle-no wpr-jarallax-no wpr-parallax-no wpr-sticky-section-no wpr-equal-height-no e-con e-parent\" data-id=\"4e71c96\" data-element_type=\"container\" data-e-type=\"container\">\n\t\t\t\t\t<div class=\"e-con-inner\">\n\t\t\t\t<div class=\"elementor-element elementor-element-b00c429 elementor-widget elementor-widget-heading\" data-id=\"b00c429\" data-element_type=\"widget\" data-e-type=\"widget\" data-widget_type=\"heading.default\">\n\t\t\t\t<div class=\"elementor-widget-container\">\n\t\t\t\t\t<h2 class=\"elementor-heading-title elementor-size-default\">Vom Baum zur exquisiten Vitrine<\/h2>\t\t\t\t<\/div>\n\t\t\t\t<\/div>\n\t\t\t\t\t<\/div>\n\t\t\t\t<\/div>\n\t\t<div class=\"elementor-element elementor-element-dc9042c e-con-full e-flex wpr-particle-no wpr-jarallax-no wpr-parallax-no wpr-sticky-section-no wpr-equal-height-no e-con e-parent\" data-id=\"dc9042c\" data-element_type=\"container\" data-e-type=\"container\">\n\t\t\t\t<div class=\"elementor-element elementor-element-923047a elementor-widget elementor-widget-image\" data-id=\"923047a\" data-element_type=\"widget\" data-e-type=\"widget\" data-widget_type=\"image.default\">\n\t\t\t\t<div class=\"elementor-widget-container\">\n\t\t\t\t\t\t\t\t\t\t\t\t\t\t\t<img decoding=\"async\" width=\"1024\" height=\"384\" src=\"https:\/\/vitrinen-hesemann.de\/wp-content\/uploads\/2024\/03\/wald-holz-natur-1024x384.jpg\" class=\"attachment-large size-large wp-image-620\" alt=\"\" srcset=\"https:\/\/vitrinen-hesemann.de\/wp-content\/uploads\/2024\/03\/wald-holz-natur-1024x384.jpg 1024w, https:\/\/vitrinen-hesemann.de\/wp-content\/uploads\/2024\/03\/wald-holz-natur-300x113.jpg 300w, https:\/\/vitrinen-hesemann.de\/wp-content\/uploads\/2024\/03\/wald-holz-natur-768x288.jpg 768w, https:\/\/vitrinen-hesemann.de\/wp-content\/uploads\/2024\/03\/wald-holz-natur-1536x576.jpg 1536w, https:\/\/vitrinen-hesemann.de\/wp-content\/uploads\/2024\/03\/wald-holz-natur.jpg 1600w\" sizes=\"(max-width: 1024px) 100vw, 1024px\" \/>\t\t\t\t\t\t\t\t\t\t\t\t\t\t\t<\/div>\n\t\t\t\t<\/div>\n\t\t\t\t<\/div>\n\t\t<div class=\"elementor-element elementor-element-41f98d5 e-flex e-con-boxed wpr-particle-no wpr-jarallax-no wpr-parallax-no wpr-sticky-section-no wpr-equal-height-no e-con e-parent\" data-id=\"41f98d5\" data-element_type=\"container\" data-e-type=\"container\">\n\t\t\t\t\t<div class=\"e-con-inner\">\n\t\t\t\t<div class=\"elementor-element elementor-element-7521f5b elementor-widget elementor-widget-spacer\" data-id=\"7521f5b\" data-element_type=\"widget\" data-e-type=\"widget\" data-widget_type=\"spacer.default\">\n\t\t\t\t<div class=\"elementor-widget-container\">\n\t\t\t\t\t\t\t<div class=\"elementor-spacer\">\n\t\t\t<div class=\"elementor-spacer-inner\"><\/div>\n\t\t<\/div>\n\t\t\t\t\t\t<\/div>\n\t\t\t\t<\/div>\n\t\t\t\t<div class=\"elementor-element elementor-element-257be61 elementor-widget elementor-widget-heading\" data-id=\"257be61\" data-element_type=\"widget\" data-e-type=\"widget\" data-widget_type=\"heading.default\">\n\t\t\t\t<div class=\"elementor-widget-container\">\n\t\t\t\t\t<h2 class=\"elementor-heading-title elementor-size-default\">Holz lebt! - Vitrinen aus heimischen Edelh\u00f6lzern<\/h2>\t\t\t\t<\/div>\n\t\t\t\t<\/div>\n\t\t\t\t<div class=\"elementor-element elementor-element-91ba5b3 elementor-widget elementor-widget-text-editor\" data-id=\"91ba5b3\" data-element_type=\"widget\" data-e-type=\"widget\" data-widget_type=\"text-editor.default\">\n\t\t\t\t<div class=\"elementor-widget-container\">\n\t\t\t\t\t\t\t\t\t<div class=\"imTACenter\"><span class=\"fs18lh1-5 ff1\">Filigran und standfest zugleich<\/span><\/div><div class=\"imTACenter\"><span class=\"fs18lh1-5 ff1\">Passend zum Objekt die erlesene Vitrine.<\/span><\/div><div class=\"imTACenter\"><span class=\"fs18lh1-5 ff1\">Keine Massenware, sondern handgefertigte Qualit\u00e4t in unterschiedlichen Ausf\u00fchrungen.<\/span><\/div>\t\t\t\t\t\t\t\t<\/div>\n\t\t\t\t<\/div>\n\t\t\t\t<div class=\"elementor-element elementor-element-a57beb4 elementor-widget elementor-widget-text-editor\" data-id=\"a57beb4\" data-element_type=\"widget\" data-e-type=\"widget\" data-widget_type=\"text-editor.default\">\n\t\t\t\t<div class=\"elementor-widget-container\">\n\t\t\t\t\t\t\t\t\t<div class=\"lh1-5 imTALeft\" data-line-height=\"1.5\"><span class=\"fs18lh1-5 cf1 ff1\"><i>Wenn Sie das Au\u00dfergew\u00f6hnliche m\u00f6gen, hochwertige Edelholz-Vitrinen fernab industrieller Massenware, dann werden Sie an Vitrinen Hesemann nicht vorbeikommen. In unserer Manufaktur entstehen Vitrinen von h\u00f6chster Perfektion und Eleganz. Au\u00dfergew\u00f6hnlich sch\u00f6ne Vitrinen, die jedem Ausstellungsobjekt nicht nur einen exklusiven Rahmen geben, sondern dar\u00fcber hinaus zu seiner Wertsteigerung beitragen. Denn auch das sch\u00f6nste Ausstellungsst\u00fcck verliert schnell an Wert, wenn es schutzlos \u00e4u\u00dferen Einfl\u00fcssen wie Staub, unsachgem\u00e4\u00dfer Ber\u00fchrung etc. ausgesetzt ist.<\/i><\/span><\/div>\t\t\t\t\t\t\t\t<\/div>\n\t\t\t\t<\/div>\n\t\t\t\t<div class=\"elementor-element elementor-element-a23cf2a elementor-widget elementor-widget-spacer\" data-id=\"a23cf2a\" data-element_type=\"widget\" data-e-type=\"widget\" data-widget_type=\"spacer.default\">\n\t\t\t\t<div class=\"elementor-widget-container\">\n\t\t\t\t\t\t\t<div class=\"elementor-spacer\">\n\t\t\t<div class=\"elementor-spacer-inner\"><\/div>\n\t\t<\/div>\n\t\t\t\t\t\t<\/div>\n\t\t\t\t<\/div>\n\t\t<div class=\"elementor-element elementor-element-c8c5d3f e-flex e-con-boxed wpr-particle-no wpr-jarallax-no wpr-parallax-no wpr-sticky-section-no wpr-equal-height-no e-con e-child\" data-id=\"c8c5d3f\" data-element_type=\"container\" data-e-type=\"container\">\n\t\t\t\t\t<div class=\"e-con-inner\">\n\t\t\t\t<div class=\"elementor-element elementor-element-2f84980 elementor-widget__width-initial elementor-widget elementor-widget-text-editor\" data-id=\"2f84980\" data-element_type=\"widget\" data-e-type=\"widget\" data-widget_type=\"text-editor.default\">\n\t\t\t\t<div class=\"elementor-widget-container\">\n\t\t\t\t\t\t\t\t\t<div><span class=\"fs16lh1-5 ff1\"><b>Werkstoff Holz<\/b><\/span><\/div><div><b><span class=\"fs16lh1-5 ff1\">CO2-neutral \u2022 hervoragende \u00d6kobilanz<\/span><br \/><span class=\"fs14lh1-5 ff1\"><br \/><\/span><\/b><\/div><div><span class=\"fs14lh1-5 ff1\">Holz z\u00e4hlt zu den nachhaltigen Rohstoffquellen, da die in Deutschland praktizierte nachhaltige Fortwirtschaft gew\u00e4hrleistet, dass die genutzte Menge nicht die nachgewachsene Menge \u00fcbersteigt.<\/span><\/div><div><span class=\"fs14lh1-5 ff1\"><b>Kohlenstoffspeicher<\/b><\/span><\/div><div><span class=\"fs14lh1-5 ff1\">Holzvitrinen, wie andere Holzprodukte auch, sind \u201eKohlenstoffspeicher\u201c, da sie den bereits im Baum gespeicherten Kohlenstoff \u00fcber ihre gesamte Lebensdauer in sich tragen.<br \/><b>Niedriger Energiebedarf<\/b><\/span><\/div><div><span class=\"fs14lh1-5 ff1\">Die leichte Bearbeitbarkeit und der damit verbundene niedrige Energiebedarf bei der Gewinnung und Verarbeitung spielen ebenfalls eine wichtige Rolle bei der \u00f6kologischen Bewertung. In \u00d6kobilanzen schneiden Holzprodukte hervorragend ab.<\/span><\/div>\t\t\t\t\t\t\t\t<\/div>\n\t\t\t\t<\/div>\n\t\t\t\t<div class=\"elementor-element elementor-element-8d41699 elementor-widget elementor-widget-image\" data-id=\"8d41699\" data-element_type=\"widget\" data-e-type=\"widget\" data-widget_type=\"image.default\">\n\t\t\t\t<div class=\"elementor-widget-container\">\n\t\t\t\t\t\t\t\t\t\t\t\t\t\t\t<img decoding=\"async\" width=\"580\" height=\"450\" src=\"https:\/\/vitrinen-hesemann.de\/wp-content\/uploads\/2024\/03\/holzmaserung.jpg\" class=\"attachment-large size-large wp-image-621\" alt=\"\" srcset=\"https:\/\/vitrinen-hesemann.de\/wp-content\/uploads\/2024\/03\/holzmaserung.jpg 580w, https:\/\/vitrinen-hesemann.de\/wp-content\/uploads\/2024\/03\/holzmaserung-300x233.jpg 300w\" sizes=\"(max-width: 580px) 100vw, 580px\" \/>\t\t\t\t\t\t\t\t\t\t\t\t\t\t\t<\/div>\n\t\t\t\t<\/div>\n\t\t\t\t\t<\/div>\n\t\t\t\t<\/div>\n\t\t\t\t<div class=\"elementor-element elementor-element-4b49d99 elementor-widget elementor-widget-spacer\" data-id=\"4b49d99\" data-element_type=\"widget\" data-e-type=\"widget\" data-widget_type=\"spacer.default\">\n\t\t\t\t<div class=\"elementor-widget-container\">\n\t\t\t\t\t\t\t<div class=\"elementor-spacer\">\n\t\t\t<div class=\"elementor-spacer-inner\"><\/div>\n\t\t<\/div>\n\t\t\t\t\t\t<\/div>\n\t\t\t\t<\/div>\n\t\t\t\t<div class=\"elementor-element elementor-element-10c6489 elementor-widget elementor-widget-heading\" data-id=\"10c6489\" data-element_type=\"widget\" data-e-type=\"widget\" data-widget_type=\"heading.default\">\n\t\t\t\t<div class=\"elementor-widget-container\">\n\t\t\t\t\t<h2 class=\"elementor-heading-title elementor-size-default\">Handgefertigt nach Wunsch und Ma\u00df<\/h2>\t\t\t\t<\/div>\n\t\t\t\t<\/div>\n\t\t\t\t<div class=\"elementor-element elementor-element-641d72a elementor-widget elementor-widget-text-editor\" data-id=\"641d72a\" data-element_type=\"widget\" data-e-type=\"widget\" data-widget_type=\"text-editor.default\">\n\t\t\t\t<div class=\"elementor-widget-container\">\n\t\t\t\t\t\t\t\t\t<div class=\"imTACenter\"><i><span class=\"fs16lh1-5 cf1 ff1\">Zur Verarbeitung der Edelholzvitrinen kommen vollmassive einheimische Edelh\u00f6lzer, wie z. B. Apfel, Ahorn, Kirsche und Nussbaum.<\/span><\/i><\/div><div class=\"imTACenter\"><i><span class=\"fs16lh1-5 cf1 ff1\">Eine eigens entwickelte Fertigungstechnik erlaubt, unabh\u00e4ngig von der Vitrinengr\u00f6\u00dfe, ein filigranes Design, bei absoluter Standfestigkeit<\/span><\/i><\/div>\t\t\t\t\t\t\t\t<\/div>\n\t\t\t\t<\/div>\n\t\t\t\t<div class=\"elementor-element elementor-element-dbc16b8 elementor-widget elementor-widget-spacer\" data-id=\"dbc16b8\" data-element_type=\"widget\" data-e-type=\"widget\" data-widget_type=\"spacer.default\">\n\t\t\t\t<div class=\"elementor-widget-container\">\n\t\t\t\t\t\t\t<div class=\"elementor-spacer\">\n\t\t\t<div class=\"elementor-spacer-inner\"><\/div>\n\t\t<\/div>\n\t\t\t\t\t\t<\/div>\n\t\t\t\t<\/div>\n\t\t\t\t\t<\/div>\n\t\t\t\t<\/div>\n\t\t<div class=\"elementor-element elementor-element-12ec8b7 e-flex e-con-boxed wpr-particle-no wpr-jarallax-no wpr-parallax-no wpr-sticky-section-no wpr-equal-height-no e-con e-parent\" data-id=\"12ec8b7\" data-element_type=\"container\" data-e-type=\"container\" data-settings=\"{&quot;background_background&quot;:&quot;classic&quot;}\">\n\t\t\t\t\t<div class=\"e-con-inner\">\n\t\t<div class=\"elementor-element elementor-element-2895615 e-flex e-con-boxed wpr-particle-no wpr-jarallax-no wpr-parallax-no wpr-sticky-section-no wpr-equal-height-no e-con e-child\" data-id=\"2895615\" data-element_type=\"container\" data-e-type=\"container\">\n\t\t\t\t\t<div class=\"e-con-inner\">\n\t\t<div class=\"elementor-element elementor-element-fd2a5db e-flex e-con-boxed wpr-particle-no wpr-jarallax-no wpr-parallax-no wpr-sticky-section-no wpr-equal-height-no e-con e-child\" data-id=\"fd2a5db\" data-element_type=\"container\" data-e-type=\"container\" data-settings=\"{&quot;background_background&quot;:&quot;classic&quot;}\">\n\t\t\t\t\t<div class=\"e-con-inner\">\n\t\t\t\t<div class=\"elementor-element elementor-element-b984cba elementor-widget elementor-widget-image\" data-id=\"b984cba\" data-element_type=\"widget\" data-e-type=\"widget\" data-widget_type=\"image.default\">\n\t\t\t\t<div class=\"elementor-widget-container\">\n\t\t\t\t\t\t\t\t\t\t\t\t\t\t\t<img loading=\"lazy\" decoding=\"async\" width=\"570\" height=\"380\" src=\"https:\/\/vitrinen-hesemann.de\/wp-content\/uploads\/2024\/03\/eiche-solitaer.jpg\" class=\"attachment-large size-large wp-image-627\" alt=\"\" srcset=\"https:\/\/vitrinen-hesemann.de\/wp-content\/uploads\/2024\/03\/eiche-solitaer.jpg 570w, https:\/\/vitrinen-hesemann.de\/wp-content\/uploads\/2024\/03\/eiche-solitaer-300x200.jpg 300w\" sizes=\"(max-width: 570px) 100vw, 570px\" \/>\t\t\t\t\t\t\t\t\t\t\t\t\t\t\t<\/div>\n\t\t\t\t<\/div>\n\t\t\t\t<div class=\"elementor-element elementor-element-aed3986 elementor-widget elementor-widget-text-editor\" data-id=\"aed3986\" data-element_type=\"widget\" data-e-type=\"widget\" data-widget_type=\"text-editor.default\">\n\t\t\t\t<div class=\"elementor-widget-container\">\n\t\t\t\t\t\t\t\t\t<p>Das Holz heimischer Edelh\u00f6lzer bildet den Grundstock zum Bau unvergleichlich sch\u00f6ner Vitrinen.<\/p>\t\t\t\t\t\t\t\t<\/div>\n\t\t\t\t<\/div>\n\t\t\t\t\t<\/div>\n\t\t\t\t<\/div>\n\t\t<div class=\"elementor-element elementor-element-b7e4a8b e-flex e-con-boxed wpr-particle-no wpr-jarallax-no wpr-parallax-no wpr-sticky-section-no wpr-equal-height-no e-con e-child\" data-id=\"b7e4a8b\" data-element_type=\"container\" data-e-type=\"container\" data-settings=\"{&quot;background_background&quot;:&quot;classic&quot;}\">\n\t\t\t\t\t<div class=\"e-con-inner\">\n\t\t\t\t<div class=\"elementor-element elementor-element-f2d9578 elementor-widget elementor-widget-image\" data-id=\"f2d9578\" data-element_type=\"widget\" data-e-type=\"widget\" data-widget_type=\"image.default\">\n\t\t\t\t<div class=\"elementor-widget-container\">\n\t\t\t\t\t\t\t\t\t\t\t\t\t\t\t<img loading=\"lazy\" decoding=\"async\" width=\"569\" height=\"379\" src=\"https:\/\/vitrinen-hesemann.de\/wp-content\/uploads\/2024\/03\/bretter_gestapelt.jpg\" class=\"attachment-large size-large wp-image-628\" alt=\"\" srcset=\"https:\/\/vitrinen-hesemann.de\/wp-content\/uploads\/2024\/03\/bretter_gestapelt.jpg 569w, https:\/\/vitrinen-hesemann.de\/wp-content\/uploads\/2024\/03\/bretter_gestapelt-300x200.jpg 300w\" sizes=\"(max-width: 569px) 100vw, 569px\" \/>\t\t\t\t\t\t\t\t\t\t\t\t\t\t\t<\/div>\n\t\t\t\t<\/div>\n\t\t\t\t<div class=\"elementor-element elementor-element-edeb035 elementor-widget elementor-widget-text-editor\" data-id=\"edeb035\" data-element_type=\"widget\" data-e-type=\"widget\" data-widget_type=\"text-editor.default\">\n\t\t\t\t<div class=\"elementor-widget-container\">\n\t\t\t\t\t\t\t\t\t<p>Das geschlagene Holz, zu Brettern verarbeitet, muss auf Stapel gelegt gut ablagern.<\/p>\t\t\t\t\t\t\t\t<\/div>\n\t\t\t\t<\/div>\n\t\t\t\t\t<\/div>\n\t\t\t\t<\/div>\n\t\t\t\t\t<\/div>\n\t\t\t\t<\/div>\n\t\t<div class=\"elementor-element elementor-element-0e0e5a0 e-flex e-con-boxed wpr-particle-no wpr-jarallax-no wpr-parallax-no wpr-sticky-section-no wpr-equal-height-no e-con e-child\" data-id=\"0e0e5a0\" data-element_type=\"container\" data-e-type=\"container\">\n\t\t\t\t\t<div class=\"e-con-inner\">\n\t\t<div class=\"elementor-element elementor-element-738d9f6 e-flex e-con-boxed wpr-particle-no wpr-jarallax-no wpr-parallax-no wpr-sticky-section-no wpr-equal-height-no e-con e-child\" data-id=\"738d9f6\" data-element_type=\"container\" data-e-type=\"container\" data-settings=\"{&quot;background_background&quot;:&quot;classic&quot;}\">\n\t\t\t\t\t<div class=\"e-con-inner\">\n\t\t\t\t<div class=\"elementor-element elementor-element-72a6d41 elementor-widget elementor-widget-image\" data-id=\"72a6d41\" data-element_type=\"widget\" data-e-type=\"widget\" data-widget_type=\"image.default\">\n\t\t\t\t<div class=\"elementor-widget-container\">\n\t\t\t\t\t\t\t\t\t\t\t\t\t\t\t<img loading=\"lazy\" decoding=\"async\" width=\"569\" height=\"379\" src=\"https:\/\/vitrinen-hesemann.de\/wp-content\/uploads\/2024\/03\/verarbeitung.jpg\" class=\"attachment-large size-large wp-image-629\" alt=\"\" srcset=\"https:\/\/vitrinen-hesemann.de\/wp-content\/uploads\/2024\/03\/verarbeitung.jpg 569w, https:\/\/vitrinen-hesemann.de\/wp-content\/uploads\/2024\/03\/verarbeitung-300x200.jpg 300w\" sizes=\"(max-width: 569px) 100vw, 569px\" \/>\t\t\t\t\t\t\t\t\t\t\t\t\t\t\t<\/div>\n\t\t\t\t<\/div>\n\t\t\t\t<div class=\"elementor-element elementor-element-4882889 elementor-widget elementor-widget-text-editor\" data-id=\"4882889\" data-element_type=\"widget\" data-e-type=\"widget\" data-widget_type=\"text-editor.default\">\n\t\t\t\t<div class=\"elementor-widget-container\">\n\t\t\t\t\t\t\t\t\t<p>Wenn die Zeit gekommen ist und das abgelagerte Holz h\u00e4lt der kritischen Pr\u00fcfung stand, beginnt die eigentliche Arbeit.<\/p>\t\t\t\t\t\t\t\t<\/div>\n\t\t\t\t<\/div>\n\t\t\t\t\t<\/div>\n\t\t\t\t<\/div>\n\t\t<div class=\"elementor-element elementor-element-b7645f1 e-flex e-con-boxed wpr-particle-no wpr-jarallax-no wpr-parallax-no wpr-sticky-section-no wpr-equal-height-no e-con e-child\" data-id=\"b7645f1\" data-element_type=\"container\" data-e-type=\"container\" data-settings=\"{&quot;background_background&quot;:&quot;classic&quot;}\">\n\t\t\t\t\t<div class=\"e-con-inner\">\n\t\t\t\t<div class=\"elementor-element elementor-element-346aab9 elementor-widget elementor-widget-image\" data-id=\"346aab9\" data-element_type=\"widget\" data-e-type=\"widget\" data-widget_type=\"image.default\">\n\t\t\t\t<div class=\"elementor-widget-container\">\n\t\t\t\t\t\t\t\t\t\t\t\t\t\t\t<img loading=\"lazy\" decoding=\"async\" width=\"569\" height=\"379\" src=\"https:\/\/vitrinen-hesemann.de\/wp-content\/uploads\/2024\/03\/kirsche-holz.jpg\" class=\"attachment-large size-large wp-image-630\" alt=\"\" srcset=\"https:\/\/vitrinen-hesemann.de\/wp-content\/uploads\/2024\/03\/kirsche-holz.jpg 569w, https:\/\/vitrinen-hesemann.de\/wp-content\/uploads\/2024\/03\/kirsche-holz-300x200.jpg 300w\" sizes=\"(max-width: 569px) 100vw, 569px\" \/>\t\t\t\t\t\t\t\t\t\t\t\t\t\t\t<\/div>\n\t\t\t\t<\/div>\n\t\t\t\t<div class=\"elementor-element elementor-element-e97efcd elementor-widget elementor-widget-text-editor\" data-id=\"e97efcd\" data-element_type=\"widget\" data-e-type=\"widget\" data-widget_type=\"text-editor.default\">\n\t\t\t\t<div class=\"elementor-widget-container\">\n\t\t\t\t\t\t\t\t\t<p>Durch s\u00e4gen, hobeln und schleifen entstehen die H\u00f6lzer f\u00fcr den Bau einer wundersch\u00f6nen Schauvitrine.<\/p>\t\t\t\t\t\t\t\t<\/div>\n\t\t\t\t<\/div>\n\t\t\t\t\t<\/div>\n\t\t\t\t<\/div>\n\t\t\t\t\t<\/div>\n\t\t\t\t<\/div>\n\t\t\t\t\t<\/div>\n\t\t\t\t<\/div>\n\t\t<div class=\"elementor-element elementor-element-710b0e3 e-flex e-con-boxed wpr-particle-no wpr-jarallax-no wpr-parallax-no wpr-sticky-section-no wpr-equal-height-no e-con e-parent\" data-id=\"710b0e3\" data-element_type=\"container\" data-e-type=\"container\">\n\t\t\t\t\t<div class=\"e-con-inner\">\n\t\t\t\t<div class=\"elementor-element elementor-element-574a8d6 elementor-widget elementor-widget-heading\" data-id=\"574a8d6\" data-element_type=\"widget\" data-e-type=\"widget\" data-widget_type=\"heading.default\">\n\t\t\t\t<div class=\"elementor-widget-container\">\n\t\t\t\t\t<h2 class=\"elementor-heading-title elementor-size-default\">Von h\u00f6chster Perfektion und Eleganz<\/h2>\t\t\t\t<\/div>\n\t\t\t\t<\/div>\n\t\t\t\t\t<\/div>\n\t\t\t\t<\/div>\n\t\t<div class=\"elementor-element elementor-element-52321d3 e-flex e-con-boxed wpr-particle-no wpr-jarallax-no wpr-parallax-no wpr-sticky-section-no wpr-equal-height-no e-con e-parent\" data-id=\"52321d3\" data-element_type=\"container\" data-e-type=\"container\" data-settings=\"{&quot;background_background&quot;:&quot;classic&quot;}\">\n\t\t\t\t\t<div class=\"e-con-inner\">\n\t\t\t\t<div class=\"elementor-element elementor-element-1a1e2d5 elementor-widget elementor-widget-image\" data-id=\"1a1e2d5\" data-element_type=\"widget\" data-e-type=\"widget\" data-widget_type=\"image.default\">\n\t\t\t\t<div class=\"elementor-widget-container\">\n\t\t\t\t\t\t\t\t\t\t\t\t\t\t\t<img loading=\"lazy\" decoding=\"async\" width=\"400\" height=\"438\" src=\"https:\/\/vitrinen-hesemann.de\/wp-content\/uploads\/2024\/03\/tischvitrine.png\" class=\"attachment-large size-large wp-image-634\" alt=\"\" srcset=\"https:\/\/vitrinen-hesemann.de\/wp-content\/uploads\/2024\/03\/tischvitrine.png 400w, https:\/\/vitrinen-hesemann.de\/wp-content\/uploads\/2024\/03\/tischvitrine-274x300.png 274w\" sizes=\"(max-width: 400px) 100vw, 400px\" \/>\t\t\t\t\t\t\t\t\t\t\t\t\t\t\t<\/div>\n\t\t\t\t<\/div>\n\t\t<div class=\"elementor-element elementor-element-0afc004 e-flex e-con-boxed wpr-particle-no wpr-jarallax-no wpr-parallax-no wpr-sticky-section-no wpr-equal-height-no e-con e-child\" data-id=\"0afc004\" data-element_type=\"container\" data-e-type=\"container\">\n\t\t\t\t\t<div class=\"e-con-inner\">\n\t\t\t\t<div class=\"elementor-element elementor-element-7065703 elementor-widget elementor-widget-text-editor\" data-id=\"7065703\" data-element_type=\"widget\" data-e-type=\"widget\" data-widget_type=\"text-editor.default\">\n\t\t\t\t<div class=\"elementor-widget-container\">\n\t\t\t\t\t\t\t\t\t<div><span class=\"fs18lh1-5 ff1\">Qualit\u00e4tsvitrinen von Reinhard Hesemann\u00a0<\/span><span class=\"fs18lh1-5 ff1\">zeichnen sich durch folgende Eigenschaften aus:<\/span><\/div><div><span class=\"fs18lh1-5 ff1\">\u2022 Ausgesuchte\u00a0<\/span><span class=\"fs18lh1-5 ff1\"><b>Qualit\u00e4t<\/b><\/span><span class=\"fs18lh1-5 ff1\">\u00a0des Holzes,\u00a0<\/span><span class=\"fs18lh1-5 ff1\">d.h.\u00a0<\/span><span class=\"fs18lh1-5 ff1\"><b>keine<\/b><\/span><span class=\"fs18lh1-5 ff1\">\u00a0Verwendung von\u00a0<\/span><span class=\"fs18lh1-5 ff1\"><b>geringwertigen<\/b><\/span><span class=\"fs18lh1-5 ff1\">\u00a0Holzelementen!<\/span><\/div><div><span class=\"fs18lh1-5 ff1\">\u2022 Handwerkliche\u00a0<\/span><span class=\"fs18lh1-5 ff1\"><b>perfekte<\/b><\/span><span class=\"fs18lh1-5 ff1\">\u00a0Verarbeitung !<\/span><\/div><div><span class=\"fs18lh1-5 ff1\">\u2022 Hohe Verarbeitungsqualit\u00e4t,\u00a0<\/span><span class=\"fs18lh1-5 ff1\">auch bei nicht unmittelbar sichtbaren Teilen!<\/span><\/div>\t\t\t\t\t\t\t\t<\/div>\n\t\t\t\t<\/div>\n\t\t\t\t\t<\/div>\n\t\t\t\t<\/div>\n\t\t\t\t\t<\/div>\n\t\t\t\t<\/div>\n\t\t<div class=\"elementor-element elementor-element-7f57b123 e-con-full e-flex wpr-particle-no wpr-jarallax-no wpr-parallax-no wpr-sticky-section-no wpr-equal-height-no e-con e-parent\" data-id=\"7f57b123\" data-element_type=\"container\" data-e-type=\"container\" data-settings=\"{&quot;background_background&quot;:&quot;classic&quot;}\">\n\t\t<div class=\"elementor-element elementor-element-2e69cfcd e-flex e-con-boxed wpr-particle-no wpr-jarallax-no wpr-parallax-no wpr-sticky-section-no wpr-equal-height-no e-con e-child\" data-id=\"2e69cfcd\" data-element_type=\"container\" data-e-type=\"container\">\n\t\t\t\t\t<div class=\"e-con-inner\">\n\t\t\t\t<div class=\"elementor-element elementor-element-7d56fdd0 elementor-widget__width-initial elementor-widget elementor-widget-image\" data-id=\"7d56fdd0\" data-element_type=\"widget\" data-e-type=\"widget\" data-widget_type=\"image.default\">\n\t\t\t\t<div class=\"elementor-widget-container\">\n\t\t\t\t\t\t\t\t\t\t\t\t\t\t\t<img loading=\"lazy\" decoding=\"async\" width=\"118\" height=\"151\" src=\"https:\/\/vitrinen-hesemann.de\/wp-content\/uploads\/2024\/03\/logo_vitrinen.png\" class=\"attachment-large size-large wp-image-278\" alt=\"\" \/>\t\t\t\t\t\t\t\t\t\t\t\t\t\t\t<\/div>\n\t\t\t\t<\/div>\n\t\t\t\t<div class=\"elementor-element elementor-element-328456b2 elementor-widget elementor-widget-text-editor\" data-id=\"328456b2\" data-element_type=\"widget\" data-e-type=\"widget\" data-widget_type=\"text-editor.default\">\n\t\t\t\t<div class=\"elementor-widget-container\">\n\t\t\t\t\t\t\t\t\t<span style=\"font-size: large;\">Galerie Ausstellung<\/span><br>\nOppenweher Str. 15<br>\n32351 Stemwede-Oppenwehe<br>\n\u00d6ffnung nach Terminabsprache\t\t\t\t\t\t\t\t<\/div>\n\t\t\t\t<\/div>\n\t\t\t\t<div class=\"elementor-element elementor-element-2a5fc799 elementor-widget elementor-widget-spacer\" data-id=\"2a5fc799\" data-element_type=\"widget\" data-e-type=\"widget\" data-widget_type=\"spacer.default\">\n\t\t\t\t<div class=\"elementor-widget-container\">\n\t\t\t\t\t\t\t<div class=\"elementor-spacer\">\n\t\t\t<div class=\"elementor-spacer-inner\"><\/div>\n\t\t<\/div>\n\t\t\t\t\t\t<\/div>\n\t\t\t\t<\/div>\n\t\t\t\t<div class=\"elementor-element elementor-element-5714efe0 elementor-widget elementor-widget-text-editor\" data-id=\"5714efe0\" data-element_type=\"widget\" data-e-type=\"widget\" data-widget_type=\"text-editor.default\">\n\t\t\t\t<div class=\"elementor-widget-container\">\n\t\t\t\t\t\t\t\t\t<p>\u00a9 Vitrinen-Hesemann 2023<\/p>\t\t\t\t\t\t\t\t<\/div>\n\t\t\t\t<\/div>\n\t\t\t\t<div class=\"elementor-element elementor-element-f98570d elementor-widget elementor-widget-spacer\" data-id=\"f98570d\" data-element_type=\"widget\" data-e-type=\"widget\" data-widget_type=\"spacer.default\">\n\t\t\t\t<div class=\"elementor-widget-container\">\n\t\t\t\t\t\t\t<div class=\"elementor-spacer\">\n\t\t\t<div class=\"elementor-spacer-inner\"><\/div>\n\t\t<\/div>\n\t\t\t\t\t\t<\/div>\n\t\t\t\t<\/div>\n\t\t\t\t<div class=\"elementor-element elementor-element-20db6222 elementor-widget__width-initial elementor-widget elementor-widget-text-editor\" data-id=\"20db6222\" data-element_type=\"widget\" data-e-type=\"widget\" data-widget_type=\"text-editor.default\">\n\t\t\t\t<div class=\"elementor-widget-container\">\n\t\t\t\t\t\t\t\t\t<p><span style=\"font-size: large;\">Kontaktdaten<\/span><br \/><strong>Postanschrift:<\/strong><br \/>Reinhard Hesemann<br \/>In der Heide 24 &#8211; D-32369 Rahden<br \/><strong>Telefon:<\/strong> +49 (0) 57 75 &#8211; 14 51<br \/><strong>FAX:<\/strong> +49 (0) 57 75 &#8211; 96 73 51<br \/><strong>Mobil:<\/strong> +49 (0)160 &#8211; 9 33 29 100<br \/><strong>E-mail:<\/strong> info(at)hesemann.eu<\/p>\t\t\t\t\t\t\t\t<\/div>\n\t\t\t\t<\/div>\n\t\t\t\t<div class=\"elementor-element elementor-element-645feffa elementor-widget__width-initial elementor-widget elementor-widget-image\" data-id=\"645feffa\" data-element_type=\"widget\" data-e-type=\"widget\" data-widget_type=\"image.default\">\n\t\t\t\t<div class=\"elementor-widget-container\">\n\t\t\t\t\t\t\t\t\t\t\t\t\t\t\t<img loading=\"lazy\" decoding=\"async\" width=\"118\" height=\"151\" src=\"https:\/\/vitrinen-hesemann.de\/wp-content\/uploads\/2024\/03\/logo-wohnenunddesign.png\" class=\"attachment-large size-large wp-image-279\" alt=\"\" \/>\t\t\t\t\t\t\t\t\t\t\t\t\t\t\t<\/div>\n\t\t\t\t<\/div>\n\t\t\t\t\t<\/div>\n\t\t\t\t<\/div>\n\t\t\t\t<\/div>\n\t\t\t\t<\/div>\n\t\t","protected":false},"excerpt":{"rendered":"<p>Home Holzvitrinen \u00dcber Holzvitrinen Manufaktur Planung\/Entwurf Eine Vitrine entsteht RH-Haubenvitrinen RH-Haubenvitrinen-STD Schrankvitrinen Standvitrinen Sockelvitrinen Tischvitrinen Wandvitrinen Sammlervitrinen Automodellvitrinen Modellbahnvitrinen Golfballvitrinen RH-Galeriesockel Glasvitrinen \u00dcber Glasvitrinen Stand-\/Schrankvitrinen Hauben-\/Sockelvitrinen Aufsatzvitrinen Wand-\/H\u00e4ngevitrinen Tischvitrinen Theken-\/Sockelvitrinen Schauk\u00e4sten Innen Schauk\u00e4sten au\u00dfen Hustenschutz Beleuchtung Referenzen Impressum \/ Kontakt Impressum Kontaktformular Datenschutz AGB Home Holzvitrinen \u00dcber Holzvitrinen Manufaktur Planung\/Entwurf Eine Vitrine entsteht RH-Haubenvitrinen RH-Haubenvitrinen-STD Schrankvitrinen Standvitrinen Sockelvitrinen Tischvitrinen Wandvitrinen Sammlervitrinen Automodellvitrinen Modellbahnvitrinen Golfballvitrinen RH-Galeriesockel Glasvitrinen \u00dcber Glasvitrinen Stand-\/Schrankvitrinen Hauben-\/Sockelvitrinen Aufsatzvitrinen Wand-\/H\u00e4ngevitrinen Tischvitrinen Theken-\/Sockelvitrinen Schauk\u00e4sten Innen Schauk\u00e4sten au\u00dfen Hustenschutz Beleuchtung Referenzen Impressum \/ Kontakt Impressum Kontaktformular Datenschutz AGB Vom Baum zur exquisiten Vitrine Holz lebt! &#8211; Vitrinen aus heimischen Edelh\u00f6lzern Filigran und standfest zugleichPassend zum Objekt die erlesene Vitrine.Keine Massenware, sondern handgefertigte Qualit\u00e4t in unterschiedlichen Ausf\u00fchrungen.Wenn Sie das Au\u00dfergew\u00f6hnliche m\u00f6gen, hochwertige Edelholz-Vitrinen fernab industrieller Massenware, dann werden Sie an Vitrinen Hesemann nicht vorbeikommen. In unserer Manufaktur entstehen Vitrinen von h\u00f6chster Perfektion und Eleganz. Au\u00dfergew\u00f6hnlich sch\u00f6ne Vitrinen, die jedem Ausstellungsobjekt nicht nur einen exklusiven Rahmen geben, sondern dar\u00fcber hinaus zu seiner Wertsteigerung beitragen. Denn auch das sch\u00f6nste Ausstellungsst\u00fcck verliert schnell an Wert, wenn es schutzlos \u00e4u\u00dferen Einfl\u00fcssen wie Staub, unsachgem\u00e4\u00dfer Ber\u00fchrung etc. ausgesetzt ist. Werkstoff HolzCO2-neutral \u2022 hervoragende \u00d6kobilanz Holz z\u00e4hlt zu den nachhaltigen Rohstoffquellen, da die in Deutschland praktizierte nachhaltige Fortwirtschaft gew\u00e4hrleistet, dass die genutzte Menge nicht die nachgewachsene Menge \u00fcbersteigt.KohlenstoffspeicherHolzvitrinen, wie andere Holzprodukte auch, sind \u201eKohlenstoffspeicher\u201c, da sie den bereits im Baum gespeicherten Kohlenstoff \u00fcber ihre gesamte Lebensdauer in sich tragen.Niedriger EnergiebedarfDie leichte Bearbeitbarkeit und der damit verbundene niedrige Energiebedarf bei der Gewinnung und Verarbeitung spielen ebenfalls eine wichtige Rolle bei der \u00f6kologischen Bewertung. In \u00d6kobilanzen schneiden Holzprodukte hervorragend ab. Handgefertigt nach Wunsch und Ma\u00df Zur Verarbeitung der Edelholzvitrinen kommen vollmassive einheimische Edelh\u00f6lzer, wie z. B. Apfel, Ahorn, Kirsche und Nussbaum.Eine eigens entwickelte Fertigungstechnik erlaubt, unabh\u00e4ngig von der Vitrinengr\u00f6\u00dfe, ein filigranes Design, bei absoluter Standfestigkeit Das Holz heimischer Edelh\u00f6lzer bildet den Grundstock zum Bau unvergleichlich sch\u00f6ner Vitrinen. Das geschlagene Holz, zu Brettern verarbeitet, muss auf Stapel gelegt gut ablagern. Wenn die Zeit gekommen ist und das abgelagerte Holz h\u00e4lt der kritischen Pr\u00fcfung stand, beginnt die eigentliche Arbeit. Durch s\u00e4gen, hobeln und schleifen entstehen die H\u00f6lzer f\u00fcr den Bau einer wundersch\u00f6nen Schauvitrine. Von h\u00f6chster Perfektion und Eleganz Qualit\u00e4tsvitrinen von Reinhard Hesemann\u00a0zeichnen sich durch folgende Eigenschaften aus:\u2022 Ausgesuchte\u00a0Qualit\u00e4t\u00a0des Holzes,\u00a0d.h.\u00a0keine\u00a0Verwendung von\u00a0geringwertigen\u00a0Holzelementen!\u2022 Handwerkliche\u00a0perfekte\u00a0Verarbeitung !\u2022 Hohe Verarbeitungsqualit\u00e4t,\u00a0auch bei nicht unmittelbar sichtbaren Teilen! Galerie Ausstellung Oppenweher Str. 15 32351 Stemwede-Oppenwehe \u00d6ffnung nach Terminabsprache \u00a9 Vitrinen-Hesemann 2023 KontaktdatenPostanschrift:Reinhard HesemannIn der Heide 24 &#8211; D-32369 RahdenTelefon: +49 (0) 57 75 &#8211; 14 51FAX: +49 (0) 57 75 &#8211; 96 73 51Mobil: +49 (0)160 &#8211; 9 33 29 100E-mail: info(at)hesemann.eu<\/p>\n","protected":false},"author":1,"featured_media":0,"parent":0,"menu_order":0,"comment_status":"closed","ping_status":"closed","template":"elementor_header_footer","meta":{"ocean_post_layout":"full-screen","ocean_both_sidebars_style":"","ocean_both_sidebars_content_width":0,"ocean_both_sidebars_sidebars_width":0,"ocean_sidebar":"","ocean_second_sidebar":"","ocean_disable_margins":"enable","ocean_add_body_class":"","ocean_shortcode_before_top_bar":"","ocean_shortcode_after_top_bar":"","ocean_shortcode_before_header":"","ocean_shortcode_after_header":"","ocean_has_shortcode":"","ocean_shortcode_after_title":"","ocean_shortcode_before_footer_widgets":"","ocean_shortcode_after_footer_widgets":"","ocean_shortcode_before_footer_bottom":"","ocean_shortcode_after_footer_bottom":"","ocean_display_top_bar":"off","ocean_display_header":"off","ocean_header_style":"","ocean_center_header_left_menu":"","ocean_custom_header_template":"","ocean_custom_logo":0,"ocean_custom_retina_logo":0,"ocean_custom_logo_max_width":0,"ocean_custom_logo_tablet_max_width":0,"ocean_custom_logo_mobile_max_width":0,"ocean_custom_logo_max_height":0,"ocean_custom_logo_tablet_max_height":0,"ocean_custom_logo_mobile_max_height":0,"ocean_header_custom_menu":"","ocean_menu_typo_font_family":"","ocean_menu_typo_font_subset":"","ocean_menu_typo_font_size":0,"ocean_menu_typo_font_size_tablet":0,"ocean_menu_typo_font_size_mobile":0,"ocean_menu_typo_font_size_unit":"px","ocean_menu_typo_font_weight":"","ocean_menu_typo_font_weight_tablet":"","ocean_menu_typo_font_weight_mobile":"","ocean_menu_typo_transform":"","ocean_menu_typo_transform_tablet":"","ocean_menu_typo_transform_mobile":"","ocean_menu_typo_line_height":0,"ocean_menu_typo_line_height_tablet":0,"ocean_menu_typo_line_height_mobile":0,"ocean_menu_typo_line_height_unit":"","ocean_menu_typo_spacing":0,"ocean_menu_typo_spacing_tablet":0,"ocean_menu_typo_spacing_mobile":0,"ocean_menu_typo_spacing_unit":"","ocean_menu_link_color":"","ocean_menu_link_color_hover":"","ocean_menu_link_color_active":"","ocean_menu_link_background":"","ocean_menu_link_hover_background":"","ocean_menu_link_active_background":"","ocean_menu_social_links_bg":"","ocean_menu_social_hover_links_bg":"","ocean_menu_social_links_color":"","ocean_menu_social_hover_links_color":"","ocean_disable_title":"on","ocean_disable_heading":"default","ocean_post_title":"","ocean_post_subheading":"","ocean_post_title_style":"","ocean_post_title_background_color":"","ocean_post_title_background":0,"ocean_post_title_bg_image_position":"","ocean_post_title_bg_image_attachment":"","ocean_post_title_bg_image_repeat":"","ocean_post_title_bg_image_size":"","ocean_post_title_height":0,"ocean_post_title_bg_overlay":0.5,"ocean_post_title_bg_overlay_color":"","ocean_disable_breadcrumbs":"default","ocean_breadcrumbs_color":"","ocean_breadcrumbs_separator_color":"","ocean_breadcrumbs_links_color":"","ocean_breadcrumbs_links_hover_color":"","ocean_display_footer_widgets":"off","ocean_display_footer_bottom":"off","ocean_custom_footer_template":"","footnotes":""},"class_list":["post-233","page","type-page","status-publish","hentry","entry"],"yoast_head":"<!-- This site is optimized with the Yoast SEO plugin v27.5 - https:\/\/yoast.com\/product\/yoast-seo-wordpress\/ -->\n<title>Manufaktur - Vitrinen aus Holz -Schauvitrinen<\/title>\n<meta name=\"robots\" content=\"index, follow, max-snippet:-1, max-image-preview:large, max-video-preview:-1\" \/>\n<link rel=\"canonical\" href=\"https:\/\/vitrinen-hesemann.de\/index.php\/manufaktur\/\" \/>\n<meta property=\"og:locale\" content=\"de_DE\" \/>\n<meta property=\"og:type\" content=\"article\" \/>\n<meta property=\"og:title\" content=\"Manufaktur - Vitrinen aus Holz -Schauvitrinen\" \/>\n<meta property=\"og:description\" content=\"Home Holzvitrinen \u00dcber Holzvitrinen Manufaktur Planung\/Entwurf Eine Vitrine entsteht RH-Haubenvitrinen RH-Haubenvitrinen-STD Schrankvitrinen Standvitrinen Sockelvitrinen Tischvitrinen Wandvitrinen Sammlervitrinen Automodellvitrinen Modellbahnvitrinen Golfballvitrinen RH-Galeriesockel Glasvitrinen \u00dcber Glasvitrinen Stand-\/Schrankvitrinen Hauben-\/Sockelvitrinen Aufsatzvitrinen Wand-\/H\u00e4ngevitrinen Tischvitrinen Theken-\/Sockelvitrinen Schauk\u00e4sten Innen Schauk\u00e4sten au\u00dfen Hustenschutz Beleuchtung Referenzen Impressum \/ Kontakt Impressum Kontaktformular Datenschutz AGB Home Holzvitrinen \u00dcber Holzvitrinen Manufaktur Planung\/Entwurf Eine Vitrine entsteht RH-Haubenvitrinen RH-Haubenvitrinen-STD Schrankvitrinen Standvitrinen Sockelvitrinen Tischvitrinen Wandvitrinen Sammlervitrinen Automodellvitrinen Modellbahnvitrinen Golfballvitrinen RH-Galeriesockel Glasvitrinen \u00dcber Glasvitrinen Stand-\/Schrankvitrinen Hauben-\/Sockelvitrinen Aufsatzvitrinen Wand-\/H\u00e4ngevitrinen Tischvitrinen Theken-\/Sockelvitrinen Schauk\u00e4sten Innen Schauk\u00e4sten au\u00dfen Hustenschutz Beleuchtung Referenzen Impressum \/ Kontakt Impressum Kontaktformular Datenschutz AGB Vom Baum zur exquisiten Vitrine Holz lebt! &#8211; Vitrinen aus heimischen Edelh\u00f6lzern Filigran und standfest zugleichPassend zum Objekt die erlesene Vitrine.Keine Massenware, sondern handgefertigte Qualit\u00e4t in unterschiedlichen Ausf\u00fchrungen.Wenn Sie das Au\u00dfergew\u00f6hnliche m\u00f6gen, hochwertige Edelholz-Vitrinen fernab industrieller Massenware, dann werden Sie an Vitrinen Hesemann nicht vorbeikommen. In unserer Manufaktur entstehen Vitrinen von h\u00f6chster Perfektion und Eleganz. Au\u00dfergew\u00f6hnlich sch\u00f6ne Vitrinen, die jedem Ausstellungsobjekt nicht nur einen exklusiven Rahmen geben, sondern dar\u00fcber hinaus zu seiner Wertsteigerung beitragen. Denn auch das sch\u00f6nste Ausstellungsst\u00fcck verliert schnell an Wert, wenn es schutzlos \u00e4u\u00dferen Einfl\u00fcssen wie Staub, unsachgem\u00e4\u00dfer Ber\u00fchrung etc. ausgesetzt ist. Werkstoff HolzCO2-neutral \u2022 hervoragende \u00d6kobilanz Holz z\u00e4hlt zu den nachhaltigen Rohstoffquellen, da die in Deutschland praktizierte nachhaltige Fortwirtschaft gew\u00e4hrleistet, dass die genutzte Menge nicht die nachgewachsene Menge \u00fcbersteigt.KohlenstoffspeicherHolzvitrinen, wie andere Holzprodukte auch, sind \u201eKohlenstoffspeicher\u201c, da sie den bereits im Baum gespeicherten Kohlenstoff \u00fcber ihre gesamte Lebensdauer in sich tragen.Niedriger EnergiebedarfDie leichte Bearbeitbarkeit und der damit verbundene niedrige Energiebedarf bei der Gewinnung und Verarbeitung spielen ebenfalls eine wichtige Rolle bei der \u00f6kologischen Bewertung. In \u00d6kobilanzen schneiden Holzprodukte hervorragend ab. Handgefertigt nach Wunsch und Ma\u00df Zur Verarbeitung der Edelholzvitrinen kommen vollmassive einheimische Edelh\u00f6lzer, wie z. B. Apfel, Ahorn, Kirsche und Nussbaum.Eine eigens entwickelte Fertigungstechnik erlaubt, unabh\u00e4ngig von der Vitrinengr\u00f6\u00dfe, ein filigranes Design, bei absoluter Standfestigkeit Das Holz heimischer Edelh\u00f6lzer bildet den Grundstock zum Bau unvergleichlich sch\u00f6ner Vitrinen. Das geschlagene Holz, zu Brettern verarbeitet, muss auf Stapel gelegt gut ablagern. Wenn die Zeit gekommen ist und das abgelagerte Holz h\u00e4lt der kritischen Pr\u00fcfung stand, beginnt die eigentliche Arbeit. Durch s\u00e4gen, hobeln und schleifen entstehen die H\u00f6lzer f\u00fcr den Bau einer wundersch\u00f6nen Schauvitrine. Von h\u00f6chster Perfektion und Eleganz Qualit\u00e4tsvitrinen von Reinhard Hesemann\u00a0zeichnen sich durch folgende Eigenschaften aus:\u2022 Ausgesuchte\u00a0Qualit\u00e4t\u00a0des Holzes,\u00a0d.h.\u00a0keine\u00a0Verwendung von\u00a0geringwertigen\u00a0Holzelementen!\u2022 Handwerkliche\u00a0perfekte\u00a0Verarbeitung !\u2022 Hohe Verarbeitungsqualit\u00e4t,\u00a0auch bei nicht unmittelbar sichtbaren Teilen! Galerie Ausstellung Oppenweher Str. 15 32351 Stemwede-Oppenwehe \u00d6ffnung nach Terminabsprache \u00a9 Vitrinen-Hesemann 2023 KontaktdatenPostanschrift:Reinhard HesemannIn der Heide 24 &#8211; D-32369 RahdenTelefon: +49 (0) 57 75 &#8211; 14 51FAX: +49 (0) 57 75 &#8211; 96 73 51Mobil: +49 (0)160 &#8211; 9 33 29 100E-mail: info(at)hesemann.eu\" \/>\n<meta property=\"og:url\" content=\"https:\/\/vitrinen-hesemann.de\/index.php\/manufaktur\/\" \/>\n<meta property=\"og:site_name\" content=\"Vitrinen aus Holz -Schauvitrinen\" \/>\n<meta property=\"article:modified_time\" content=\"2024-04-10T22:08:14+00:00\" \/>\n<meta property=\"og:image\" content=\"https:\/\/vitrinen-hesemann.de\/wp-content\/uploads\/2024\/03\/hesemann-vitrinen-schwarz.png\" \/>\n<meta name=\"twitter:card\" content=\"summary_large_image\" \/>\n<meta name=\"twitter:label1\" content=\"Gesch\u00e4tzte Lesezeit\" \/>\n\t<meta name=\"twitter:data1\" content=\"5\u00a0Minuten\" \/>\n<script type=\"application\/ld+json\" class=\"yoast-schema-graph\">{\"@context\":\"https:\\\/\\\/schema.org\",\"@graph\":[{\"@type\":\"WebPage\",\"@id\":\"https:\\\/\\\/vitrinen-hesemann.de\\\/index.php\\\/manufaktur\\\/\",\"url\":\"https:\\\/\\\/vitrinen-hesemann.de\\\/index.php\\\/manufaktur\\\/\",\"name\":\"Manufaktur - Vitrinen aus Holz -Schauvitrinen\",\"isPartOf\":{\"@id\":\"https:\\\/\\\/vitrinen-hesemann.de\\\/#website\"},\"primaryImageOfPage\":{\"@id\":\"https:\\\/\\\/vitrinen-hesemann.de\\\/index.php\\\/manufaktur\\\/#primaryimage\"},\"image\":{\"@id\":\"https:\\\/\\\/vitrinen-hesemann.de\\\/index.php\\\/manufaktur\\\/#primaryimage\"},\"thumbnailUrl\":\"https:\\\/\\\/vitrinen-hesemann.de\\\/wp-content\\\/uploads\\\/2024\\\/03\\\/hesemann-vitrinen-schwarz.png\",\"datePublished\":\"2024-03-09T14:09:12+00:00\",\"dateModified\":\"2024-04-10T22:08:14+00:00\",\"breadcrumb\":{\"@id\":\"https:\\\/\\\/vitrinen-hesemann.de\\\/index.php\\\/manufaktur\\\/#breadcrumb\"},\"inLanguage\":\"de\",\"potentialAction\":[{\"@type\":\"ReadAction\",\"target\":[\"https:\\\/\\\/vitrinen-hesemann.de\\\/index.php\\\/manufaktur\\\/\"]}]},{\"@type\":\"ImageObject\",\"inLanguage\":\"de\",\"@id\":\"https:\\\/\\\/vitrinen-hesemann.de\\\/index.php\\\/manufaktur\\\/#primaryimage\",\"url\":\"https:\\\/\\\/vitrinen-hesemann.de\\\/wp-content\\\/uploads\\\/2024\\\/03\\\/hesemann-vitrinen-schwarz.png\",\"contentUrl\":\"https:\\\/\\\/vitrinen-hesemann.de\\\/wp-content\\\/uploads\\\/2024\\\/03\\\/hesemann-vitrinen-schwarz.png\",\"width\":435,\"height\":185},{\"@type\":\"BreadcrumbList\",\"@id\":\"https:\\\/\\\/vitrinen-hesemann.de\\\/index.php\\\/manufaktur\\\/#breadcrumb\",\"itemListElement\":[{\"@type\":\"ListItem\",\"position\":1,\"name\":\"Startseite\",\"item\":\"https:\\\/\\\/vitrinen-hesemann.de\\\/\"},{\"@type\":\"ListItem\",\"position\":2,\"name\":\"Manufaktur\"}]},{\"@type\":\"WebSite\",\"@id\":\"https:\\\/\\\/vitrinen-hesemann.de\\\/#website\",\"url\":\"https:\\\/\\\/vitrinen-hesemann.de\\\/\",\"name\":\"Vitrinen aus Holz -Schauvitrinen\",\"description\":\"\",\"potentialAction\":[{\"@type\":\"SearchAction\",\"target\":{\"@type\":\"EntryPoint\",\"urlTemplate\":\"https:\\\/\\\/vitrinen-hesemann.de\\\/?s={search_term_string}\"},\"query-input\":{\"@type\":\"PropertyValueSpecification\",\"valueRequired\":true,\"valueName\":\"search_term_string\"}}],\"inLanguage\":\"de\"}]}<\/script>\n<!-- \/ Yoast SEO plugin. -->","yoast_head_json":{"title":"Manufaktur - Vitrinen aus Holz -Schauvitrinen","robots":{"index":"index","follow":"follow","max-snippet":"max-snippet:-1","max-image-preview":"max-image-preview:large","max-video-preview":"max-video-preview:-1"},"canonical":"https:\/\/vitrinen-hesemann.de\/index.php\/manufaktur\/","og_locale":"de_DE","og_type":"article","og_title":"Manufaktur - Vitrinen aus Holz -Schauvitrinen","og_description":"Home Holzvitrinen \u00dcber Holzvitrinen Manufaktur Planung\/Entwurf Eine Vitrine entsteht RH-Haubenvitrinen RH-Haubenvitrinen-STD Schrankvitrinen Standvitrinen Sockelvitrinen Tischvitrinen Wandvitrinen Sammlervitrinen Automodellvitrinen Modellbahnvitrinen Golfballvitrinen RH-Galeriesockel Glasvitrinen \u00dcber Glasvitrinen Stand-\/Schrankvitrinen Hauben-\/Sockelvitrinen Aufsatzvitrinen Wand-\/H\u00e4ngevitrinen Tischvitrinen Theken-\/Sockelvitrinen Schauk\u00e4sten Innen Schauk\u00e4sten au\u00dfen Hustenschutz Beleuchtung Referenzen Impressum \/ Kontakt Impressum Kontaktformular Datenschutz AGB Home Holzvitrinen \u00dcber Holzvitrinen Manufaktur Planung\/Entwurf Eine Vitrine entsteht RH-Haubenvitrinen RH-Haubenvitrinen-STD Schrankvitrinen Standvitrinen Sockelvitrinen Tischvitrinen Wandvitrinen Sammlervitrinen Automodellvitrinen Modellbahnvitrinen Golfballvitrinen RH-Galeriesockel Glasvitrinen \u00dcber Glasvitrinen Stand-\/Schrankvitrinen Hauben-\/Sockelvitrinen Aufsatzvitrinen Wand-\/H\u00e4ngevitrinen Tischvitrinen Theken-\/Sockelvitrinen Schauk\u00e4sten Innen Schauk\u00e4sten au\u00dfen Hustenschutz Beleuchtung Referenzen Impressum \/ Kontakt Impressum Kontaktformular Datenschutz AGB Vom Baum zur exquisiten Vitrine Holz lebt! &#8211; Vitrinen aus heimischen Edelh\u00f6lzern Filigran und standfest zugleichPassend zum Objekt die erlesene Vitrine.Keine Massenware, sondern handgefertigte Qualit\u00e4t in unterschiedlichen Ausf\u00fchrungen.Wenn Sie das Au\u00dfergew\u00f6hnliche m\u00f6gen, hochwertige Edelholz-Vitrinen fernab industrieller Massenware, dann werden Sie an Vitrinen Hesemann nicht vorbeikommen. In unserer Manufaktur entstehen Vitrinen von h\u00f6chster Perfektion und Eleganz. Au\u00dfergew\u00f6hnlich sch\u00f6ne Vitrinen, die jedem Ausstellungsobjekt nicht nur einen exklusiven Rahmen geben, sondern dar\u00fcber hinaus zu seiner Wertsteigerung beitragen. Denn auch das sch\u00f6nste Ausstellungsst\u00fcck verliert schnell an Wert, wenn es schutzlos \u00e4u\u00dferen Einfl\u00fcssen wie Staub, unsachgem\u00e4\u00dfer Ber\u00fchrung etc. ausgesetzt ist. Werkstoff HolzCO2-neutral \u2022 hervoragende \u00d6kobilanz Holz z\u00e4hlt zu den nachhaltigen Rohstoffquellen, da die in Deutschland praktizierte nachhaltige Fortwirtschaft gew\u00e4hrleistet, dass die genutzte Menge nicht die nachgewachsene Menge \u00fcbersteigt.KohlenstoffspeicherHolzvitrinen, wie andere Holzprodukte auch, sind \u201eKohlenstoffspeicher\u201c, da sie den bereits im Baum gespeicherten Kohlenstoff \u00fcber ihre gesamte Lebensdauer in sich tragen.Niedriger EnergiebedarfDie leichte Bearbeitbarkeit und der damit verbundene niedrige Energiebedarf bei der Gewinnung und Verarbeitung spielen ebenfalls eine wichtige Rolle bei der \u00f6kologischen Bewertung. In \u00d6kobilanzen schneiden Holzprodukte hervorragend ab. Handgefertigt nach Wunsch und Ma\u00df Zur Verarbeitung der Edelholzvitrinen kommen vollmassive einheimische Edelh\u00f6lzer, wie z. B. Apfel, Ahorn, Kirsche und Nussbaum.Eine eigens entwickelte Fertigungstechnik erlaubt, unabh\u00e4ngig von der Vitrinengr\u00f6\u00dfe, ein filigranes Design, bei absoluter Standfestigkeit Das Holz heimischer Edelh\u00f6lzer bildet den Grundstock zum Bau unvergleichlich sch\u00f6ner Vitrinen. Das geschlagene Holz, zu Brettern verarbeitet, muss auf Stapel gelegt gut ablagern. Wenn die Zeit gekommen ist und das abgelagerte Holz h\u00e4lt der kritischen Pr\u00fcfung stand, beginnt die eigentliche Arbeit. Durch s\u00e4gen, hobeln und schleifen entstehen die H\u00f6lzer f\u00fcr den Bau einer wundersch\u00f6nen Schauvitrine. Von h\u00f6chster Perfektion und Eleganz Qualit\u00e4tsvitrinen von Reinhard Hesemann\u00a0zeichnen sich durch folgende Eigenschaften aus:\u2022 Ausgesuchte\u00a0Qualit\u00e4t\u00a0des Holzes,\u00a0d.h.\u00a0keine\u00a0Verwendung von\u00a0geringwertigen\u00a0Holzelementen!\u2022 Handwerkliche\u00a0perfekte\u00a0Verarbeitung !\u2022 Hohe Verarbeitungsqualit\u00e4t,\u00a0auch bei nicht unmittelbar sichtbaren Teilen! Galerie Ausstellung Oppenweher Str. 15 32351 Stemwede-Oppenwehe \u00d6ffnung nach Terminabsprache \u00a9 Vitrinen-Hesemann 2023 KontaktdatenPostanschrift:Reinhard HesemannIn der Heide 24 &#8211; D-32369 RahdenTelefon: +49 (0) 57 75 &#8211; 14 51FAX: +49 (0) 57 75 &#8211; 96 73 51Mobil: +49 (0)160 &#8211; 9 33 29 100E-mail: info(at)hesemann.eu","og_url":"https:\/\/vitrinen-hesemann.de\/index.php\/manufaktur\/","og_site_name":"Vitrinen aus Holz -Schauvitrinen","article_modified_time":"2024-04-10T22:08:14+00:00","og_image":[{"url":"https:\/\/vitrinen-hesemann.de\/wp-content\/uploads\/2024\/03\/hesemann-vitrinen-schwarz.png","type":"","width":"","height":""}],"twitter_card":"summary_large_image","twitter_misc":{"Gesch\u00e4tzte Lesezeit":"5\u00a0Minuten"},"schema":{"@context":"https:\/\/schema.org","@graph":[{"@type":"WebPage","@id":"https:\/\/vitrinen-hesemann.de\/index.php\/manufaktur\/","url":"https:\/\/vitrinen-hesemann.de\/index.php\/manufaktur\/","name":"Manufaktur - Vitrinen aus Holz -Schauvitrinen","isPartOf":{"@id":"https:\/\/vitrinen-hesemann.de\/#website"},"primaryImageOfPage":{"@id":"https:\/\/vitrinen-hesemann.de\/index.php\/manufaktur\/#primaryimage"},"image":{"@id":"https:\/\/vitrinen-hesemann.de\/index.php\/manufaktur\/#primaryimage"},"thumbnailUrl":"https:\/\/vitrinen-hesemann.de\/wp-content\/uploads\/2024\/03\/hesemann-vitrinen-schwarz.png","datePublished":"2024-03-09T14:09:12+00:00","dateModified":"2024-04-10T22:08:14+00:00","breadcrumb":{"@id":"https:\/\/vitrinen-hesemann.de\/index.php\/manufaktur\/#breadcrumb"},"inLanguage":"de","potentialAction":[{"@type":"ReadAction","target":["https:\/\/vitrinen-hesemann.de\/index.php\/manufaktur\/"]}]},{"@type":"ImageObject","inLanguage":"de","@id":"https:\/\/vitrinen-hesemann.de\/index.php\/manufaktur\/#primaryimage","url":"https:\/\/vitrinen-hesemann.de\/wp-content\/uploads\/2024\/03\/hesemann-vitrinen-schwarz.png","contentUrl":"https:\/\/vitrinen-hesemann.de\/wp-content\/uploads\/2024\/03\/hesemann-vitrinen-schwarz.png","width":435,"height":185},{"@type":"BreadcrumbList","@id":"https:\/\/vitrinen-hesemann.de\/index.php\/manufaktur\/#breadcrumb","itemListElement":[{"@type":"ListItem","position":1,"name":"Startseite","item":"https:\/\/vitrinen-hesemann.de\/"},{"@type":"ListItem","position":2,"name":"Manufaktur"}]},{"@type":"WebSite","@id":"https:\/\/vitrinen-hesemann.de\/#website","url":"https:\/\/vitrinen-hesemann.de\/","name":"Vitrinen aus Holz -Schauvitrinen","description":"","potentialAction":[{"@type":"SearchAction","target":{"@type":"EntryPoint","urlTemplate":"https:\/\/vitrinen-hesemann.de\/?s={search_term_string}"},"query-input":{"@type":"PropertyValueSpecification","valueRequired":true,"valueName":"search_term_string"}}],"inLanguage":"de"}]}},"_links":{"self":[{"href":"https:\/\/vitrinen-hesemann.de\/index.php\/wp-json\/wp\/v2\/pages\/233","targetHints":{"allow":["GET"]}}],"collection":[{"href":"https:\/\/vitrinen-hesemann.de\/index.php\/wp-json\/wp\/v2\/pages"}],"about":[{"href":"https:\/\/vitrinen-hesemann.de\/index.php\/wp-json\/wp\/v2\/types\/page"}],"author":[{"embeddable":true,"href":"https:\/\/vitrinen-hesemann.de\/index.php\/wp-json\/wp\/v2\/users\/1"}],"replies":[{"embeddable":true,"href":"https:\/\/vitrinen-hesemann.de\/index.php\/wp-json\/wp\/v2\/comments?post=233"}],"version-history":[{"count":19,"href":"https:\/\/vitrinen-hesemann.de\/index.php\/wp-json\/wp\/v2\/pages\/233\/revisions"}],"predecessor-version":[{"id":745,"href":"https:\/\/vitrinen-hesemann.de\/index.php\/wp-json\/wp\/v2\/pages\/233\/revisions\/745"}],"wp:attachment":[{"href":"https:\/\/vitrinen-hesemann.de\/index.php\/wp-json\/wp\/v2\/media?parent=233"}],"curies":[{"name":"wp","href":"https:\/\/api.w.org\/{rel}","templated":true}]}}